{"id":8162,"date":"2021-05-10T10:17:41","date_gmt":"2021-05-10T08:17:41","guid":{"rendered":"http:\/\/lesplaisirsdantan.turismok.com\/chambres-avec-jacuzzi-aoste\/junior-suite\/"},"modified":"2024-10-28T16:57:32","modified_gmt":"2024-10-28T15:57:32","slug":"appartements-de-deux-pieces-avec-mezzanine","status":"publish","type":"page","link":"https:\/\/appartamentivacanzevda.com\/fr\/appartements-de-vacances\/appartements-de-deux-pieces-avec-mezzanine\/","title":{"rendered":"Appartements de deux pi\u00e8ces avec mezzanine"},"content":{"rendered":"\t\t<div data-elementor-type=\"wp-page\" data-elementor-id=\"8162\" class=\"elementor elementor-8162 elementor-1721\">\n\t\t\t\t\t\t<section class=\"elementor-section elementor-top-section elementor-element elementor-element-43d18aee elementor-section-stretched elementor-section-content-middle elementor-section-boxed elementor-section-height-default elementor-section-height-default\" data-id=\"43d18aee\" data-element_type=\"section\" data-e-type=\"section\" data-settings=\"{&quot;stretch_section&quot;:&quot;section-stretched&quot;,&quot;background_background&quot;:&quot;classic&quot;}\">\n\t\t\t\t\t\t\t<div class=\"elementor-background-overlay\"><\/div>\n\t\t\t\t\t\t\t<div class=\"elementor-container elementor-column-gap-default\">\n\t\t\t\t\t<div class=\"elementor-column elementor-col-100 elementor-top-column elementor-element elementor-element-496bffd\" data-id=\"496bffd\" data-element_type=\"column\" data-e-type=\"column\">\n\t\t\t<div class=\"elementor-widget-wrap elementor-element-populated\">\n\t\t\t\t\t\t<div class=\"elementor-element elementor-element-f2d0cbe elementor-widget elementor-widget-heading\" data-id=\"f2d0cbe\" data-element_type=\"widget\" data-e-type=\"widget\" data-widget_type=\"heading.default\">\n\t\t\t\t<div class=\"elementor-widget-container\">\n\t\t\t\t\t<h1 class=\"elementor-heading-title elementor-size-default\">APPARTEMENTS DEUX-PI\u00c8CES<\/h1>\t\t\t\t<\/div>\n\t\t\t\t<\/div>\n\t\t\t\t<div class=\"elementor-element elementor-element-fdcc488 elementor-widget elementor-widget-heading\" data-id=\"fdcc488\" data-element_type=\"widget\" data-e-type=\"widget\" data-widget_type=\"heading.default\">\n\t\t\t\t<div class=\"elementor-widget-container\">\n\t\t\t\t\t<h1 class=\"elementor-heading-title elementor-size-default\">Avec mezzanine<\/h1>\t\t\t\t<\/div>\n\t\t\t\t<\/div>\n\t\t\t\t\t<\/div>\n\t\t<\/div>\n\t\t\t\t\t<\/div>\n\t\t<\/section>\n\t\t\t\t<section class=\"elementor-section elementor-top-section elementor-element elementor-element-7a4ceb0 elementor-section-content-middle elementor-section-stretched elementor-section-full_width elementor-section-height-default elementor-section-height-default\" data-id=\"7a4ceb0\" data-element_type=\"section\" data-e-type=\"section\" data-settings=\"{&quot;stretch_section&quot;:&quot;section-stretched&quot;,&quot;background_background&quot;:&quot;classic&quot;}\">\n\t\t\t\t\t\t\t<div class=\"elementor-background-overlay\"><\/div>\n\t\t\t\t\t\t\t<div class=\"elementor-container elementor-column-gap-default\">\n\t\t\t\t\t<div class=\"elementor-column elementor-col-50 elementor-top-column elementor-element elementor-element-cd17482 elementor-invisible\" data-id=\"cd17482\" data-element_type=\"column\" data-e-type=\"column\" data-settings=\"{&quot;animation&quot;:&quot;fadeInLeft&quot;,&quot;background_background&quot;:&quot;classic&quot;}\">\n\t\t\t<div class=\"elementor-widget-wrap elementor-element-populated\">\n\t\t\t\t\t\t<div class=\"elementor-element elementor-element-cb02b1f elementor-widget elementor-widget-heading\" data-id=\"cb02b1f\" data-element_type=\"widget\" data-e-type=\"widget\" data-widget_type=\"heading.default\">\n\t\t\t\t<div class=\"elementor-widget-container\">\n\t\t\t\t\t<h1 class=\"elementor-heading-title elementor-size-default\">DESCRIPTION<\/h1>\t\t\t\t<\/div>\n\t\t\t\t<\/div>\n\t\t\t\t<div class=\"elementor-element elementor-element-d2b2f9a elementor-widget elementor-widget-heading\" data-id=\"d2b2f9a\" data-element_type=\"widget\" data-e-type=\"widget\" data-widget_type=\"heading.default\">\n\t\t\t\t<div class=\"elementor-widget-container\">\n\t\t\t\t\t<p class=\"elementor-heading-title elementor-size-default\"><b>Accueillants et lumineux<\/b>, nos <b>appartements de deux pi\u00e8ces avec mezzanine<\/b> sont <b>parfaits pour les couples, les familles ou les petits groupes<\/b> \u00e0 la recherche de confort et de tranquillit\u00e9.<br><br>Avec des grandes fen\u00eatres et une <b>vue \u00e0 couper le souffle sur les montagnes environnantes<\/b>, ces appartements offrent tous les services n\u00e9cessaires pour un s\u00e9jour relaxant, y compris une cuisine enti\u00e8rement \u00e9quip\u00e9e et une salle de bain priv\u00e9e avec douche. <br>Meubl\u00e9s dans un <b>style vald\u00f4tain<\/b> authentique, avec des mat\u00e9riaux locaux et du mobilier en bois, ils cr\u00e9ent une <b>atmosph\u00e8re chaleureuse et typique de la tradition alpine<\/b>.<\/p>\t\t\t\t<\/div>\n\t\t\t\t<\/div>\n\t\t\t\t<div class=\"elementor-element elementor-element-87149d3 elementor-widget elementor-widget-heading\" data-id=\"87149d3\" data-element_type=\"widget\" data-e-type=\"widget\" data-widget_type=\"heading.default\">\n\t\t\t\t<div class=\"elementor-widget-container\">\n\t\t\t\t\t<h3 class=\"elementor-heading-title elementor-size-default\">Highlights<\/h3>\t\t\t\t<\/div>\n\t\t\t\t<\/div>\n\t\t\t\t<div class=\"elementor-element elementor-element-0985deb elementor-align-center elementor-icon-list--layout-traditional elementor-list-item-link-full_width elementor-widget elementor-widget-icon-list\" data-id=\"0985deb\" data-element_type=\"widget\" data-e-type=\"widget\" data-widget_type=\"icon-list.default\">\n\t\t\t\t<div class=\"elementor-widget-container\">\n\t\t\t\t\t\t\t<ul class=\"elementor-icon-list-items\">\n\t\t\t\t\t\t\t<li class=\"elementor-icon-list-item\">\n\t\t\t\t\t\t\t\t\t\t\t<span class=\"elementor-icon-list-icon\">\n\t\t\t\t\t\t\t<svg aria-hidden=\"true\" class=\"e-font-icon-svg e-fas-bed\" viewBox=\"0 0 640 512\" xmlns=\"http:\/\/www.w3.org\/2000\/svg\"><path d=\"M176 256c44.11 0 80-35.89 80-80s-35.89-80-80-80-80 35.89-80 80 35.89 80 80 80zm352-128H304c-8.84 0-16 7.16-16 16v144H64V80c0-8.84-7.16-16-16-16H16C7.16 64 0 71.16 0 80v352c0 8.84 7.16 16 16 16h32c8.84 0 16-7.16 16-16v-48h512v48c0 8.84 7.16 16 16 16h32c8.84 0 16-7.16 16-16V240c0-61.86-50.14-112-112-112z\"><\/path><\/svg>\t\t\t\t\t\t<\/span>\n\t\t\t\t\t\t\t\t\t\t<span class=\"elementor-icon-list-text\">Jusqu'\u00e0 7 personnes<\/span>\n\t\t\t\t\t\t\t\t\t<\/li>\n\t\t\t\t\t\t\t\t<li class=\"elementor-icon-list-item\">\n\t\t\t\t\t\t\t\t\t\t\t<span class=\"elementor-icon-list-icon\">\n\t\t\t\t\t\t\t<svg aria-hidden=\"true\" class=\"e-font-icon-svg e-fas-home\" viewBox=\"0 0 576 512\" xmlns=\"http:\/\/www.w3.org\/2000\/svg\"><path d=\"M280.37 148.26L96 300.11V464a16 16 0 0 0 16 16l112.06-.29a16 16 0 0 0 15.92-16V368a16 16 0 0 1 16-16h64a16 16 0 0 1 16 16v95.64a16 16 0 0 0 16 16.05L464 480a16 16 0 0 0 16-16V300L295.67 148.26a12.19 12.19 0 0 0-15.3 0zM571.6 251.47L488 182.56V44.05a12 12 0 0 0-12-12h-56a12 12 0 0 0-12 12v72.61L318.47 43a48 48 0 0 0-61 0L4.34 251.47a12 12 0 0 0-1.6 16.9l25.5 31A12 12 0 0 0 45.15 301l235.22-193.74a12.19 12.19 0 0 1 15.3 0L530.9 301a12 12 0 0 0 16.9-1.6l25.5-31a12 12 0 0 0-1.7-16.93z\"><\/path><\/svg>\t\t\t\t\t\t<\/span>\n\t\t\t\t\t\t\t\t\t\t<span class=\"elementor-icon-list-text\">Mezzanine<\/span>\n\t\t\t\t\t\t\t\t\t<\/li>\n\t\t\t\t\t\t<\/ul>\n\t\t\t\t\t\t<\/div>\n\t\t\t\t<\/div>\n\t\t\t\t\t<\/div>\n\t\t<\/div>\n\t\t\t\t<div class=\"elementor-column elementor-col-50 elementor-top-column elementor-element elementor-element-d6ede8e elementor-invisible\" data-id=\"d6ede8e\" data-element_type=\"column\" data-e-type=\"column\" data-settings=\"{&quot;animation&quot;:&quot;fadeInRight&quot;}\">\n\t\t\t<div class=\"elementor-widget-wrap elementor-element-populated\">\n\t\t\t\t\t\t<div class=\"elementor-element elementor-element-e038e35 elementor-arrows-position-inside elementor-widget elementor-widget-image-carousel\" data-id=\"e038e35\" data-element_type=\"widget\" data-e-type=\"widget\" data-settings=\"{&quot;slides_to_show&quot;:&quot;1&quot;,&quot;navigation&quot;:&quot;arrows&quot;,&quot;autoplay&quot;:&quot;yes&quot;,&quot;pause_on_hover&quot;:&quot;yes&quot;,&quot;pause_on_interaction&quot;:&quot;yes&quot;,&quot;autoplay_speed&quot;:5000,&quot;infinite&quot;:&quot;yes&quot;,&quot;effect&quot;:&quot;slide&quot;,&quot;speed&quot;:500}\" data-widget_type=\"image-carousel.default\">\n\t\t\t\t<div class=\"elementor-widget-container\">\n\t\t\t\t\t\t\t<div class=\"elementor-image-carousel-wrapper swiper\" role=\"region\" aria-roledescription=\"carousel\" aria-label=\"Carrousel d\u2019images\" dir=\"ltr\">\n\t\t\t<div class=\"elementor-image-carousel swiper-wrapper\" aria-live=\"off\">\n\t\t\t\t\t\t\t\t<div class=\"swiper-slide\" role=\"group\" aria-roledescription=\"slide\" aria-label=\"1 sur 11\"><a data-elementor-open-lightbox=\"yes\" data-elementor-lightbox-slideshow=\"e038e35\" data-elementor-lightbox-title=\"casa-vacanzavalledaosta\" data-elementor-lightbox-description=\"appartamenti vacanza valle d&#039;aosta\" data-e-action-hash=\"#elementor-action%3Aaction%3Dlightbox%26settings%3DeyJpZCI6OTAwNSwidXJsIjoiaHR0cHM6XC9cL2FwcGFydGFtZW50aXZhY2FuemV2ZGEuY29tXC93cC1jb250ZW50XC91cGxvYWRzXC8yMDI0XC8wN1wvY2FzYS12YWNhbnphdmFsbGVkYW9zdGEuanBnIiwic2xpZGVzaG93IjoiZTAzOGUzNSJ9\" href=\"https:\/\/appartamentivacanzevda.com\/wp-content\/uploads\/2024\/07\/casa-vacanzavalledaosta.jpg\"><figure class=\"swiper-slide-inner\"><img decoding=\"async\" class=\"swiper-slide-image\" src=\"https:\/\/appartamentivacanzevda.com\/wp-content\/uploads\/2024\/07\/casa-vacanzavalledaosta-1024x683.jpg\" alt=\"appartamenti vacanza valle d&#039;aosta\" \/><\/figure><\/a><\/div><div class=\"swiper-slide\" role=\"group\" aria-roledescription=\"slide\" aria-label=\"2 sur 11\"><a data-elementor-open-lightbox=\"yes\" data-elementor-lightbox-slideshow=\"e038e35\" data-elementor-lightbox-title=\"casa-vacanza-valledaosta\" data-elementor-lightbox-description=\"appartamenti vacanza valle d&#039;aosta\" data-e-action-hash=\"#elementor-action%3Aaction%3Dlightbox%26settings%3DeyJpZCI6OTAwOCwidXJsIjoiaHR0cHM6XC9cL2FwcGFydGFtZW50aXZhY2FuemV2ZGEuY29tXC93cC1jb250ZW50XC91cGxvYWRzXC8yMDI0XC8wN1wvY2FzYS12YWNhbnphLXZhbGxlZGFvc3RhLmpwZyIsInNsaWRlc2hvdyI6ImUwMzhlMzUifQ%3D%3D\" href=\"https:\/\/appartamentivacanzevda.com\/wp-content\/uploads\/2024\/07\/casa-vacanza-valledaosta.jpg\"><figure class=\"swiper-slide-inner\"><img decoding=\"async\" class=\"swiper-slide-image\" src=\"https:\/\/appartamentivacanzevda.com\/wp-content\/uploads\/2024\/07\/casa-vacanza-valledaosta-1024x683.jpg\" alt=\"appartamenti vacanza valle d&#039;aosta\" \/><\/figure><\/a><\/div><div class=\"swiper-slide\" role=\"group\" aria-roledescription=\"slide\" aria-label=\"3 sur 11\"><a data-elementor-open-lightbox=\"yes\" data-elementor-lightbox-slideshow=\"e038e35\" data-elementor-lightbox-title=\"casa-vacanza-valle-d-aosta\" data-elementor-lightbox-description=\"appartamenti vacanza valle d&#039;aosta\" data-e-action-hash=\"#elementor-action%3Aaction%3Dlightbox%26settings%3DeyJpZCI6OTAxNCwidXJsIjoiaHR0cHM6XC9cL2FwcGFydGFtZW50aXZhY2FuemV2ZGEuY29tXC93cC1jb250ZW50XC91cGxvYWRzXC8yMDI0XC8wN1wvY2FzYS12YWNhbnphLXZhbGxlLWQtYW9zdGEuanBnIiwic2xpZGVzaG93IjoiZTAzOGUzNSJ9\" href=\"https:\/\/appartamentivacanzevda.com\/wp-content\/uploads\/2024\/07\/casa-vacanza-valle-d-aosta.jpg\"><figure class=\"swiper-slide-inner\"><img decoding=\"async\" class=\"swiper-slide-image\" src=\"https:\/\/appartamentivacanzevda.com\/wp-content\/uploads\/2024\/07\/casa-vacanza-valle-d-aosta-1024x683.jpg\" alt=\"appartamenti vacanza valle d&#039;aosta\" \/><\/figure><\/a><\/div><div class=\"swiper-slide\" role=\"group\" aria-roledescription=\"slide\" aria-label=\"4 sur 11\"><a data-elementor-open-lightbox=\"yes\" data-elementor-lightbox-slideshow=\"e038e35\" data-elementor-lightbox-title=\"casa-vacanza-valle-d-aosta-1\" data-elementor-lightbox-description=\"appartamenti vacanza valle d&#039;aosta\" data-e-action-hash=\"#elementor-action%3Aaction%3Dlightbox%26settings%3DeyJpZCI6OTAxNywidXJsIjoiaHR0cHM6XC9cL2FwcGFydGFtZW50aXZhY2FuemV2ZGEuY29tXC93cC1jb250ZW50XC91cGxvYWRzXC8yMDI0XC8wN1wvY2FzYS12YWNhbnphLXZhbGxlLWQtYW9zdGEtMS5qcGciLCJzbGlkZXNob3ciOiJlMDM4ZTM1In0%3D\" href=\"https:\/\/appartamentivacanzevda.com\/wp-content\/uploads\/2024\/07\/casa-vacanza-valle-d-aosta-1.jpg\"><figure class=\"swiper-slide-inner\"><img decoding=\"async\" class=\"swiper-slide-image\" src=\"https:\/\/appartamentivacanzevda.com\/wp-content\/uploads\/2024\/07\/casa-vacanza-valle-d-aosta-1-1024x683.jpg\" alt=\"appartamenti vacanza valle d&#039;aosta\" \/><\/figure><\/a><\/div><div class=\"swiper-slide\" role=\"group\" aria-roledescription=\"slide\" aria-label=\"5 sur 11\"><a data-elementor-open-lightbox=\"yes\" data-elementor-lightbox-slideshow=\"e038e35\" data-elementor-lightbox-title=\"casa-vacanza-valle-d-aosta-2\" data-elementor-lightbox-description=\"appartamenti vacanza valle d&#039;aosta\" data-e-action-hash=\"#elementor-action%3Aaction%3Dlightbox%26settings%3DeyJpZCI6OTAyMCwidXJsIjoiaHR0cHM6XC9cL2FwcGFydGFtZW50aXZhY2FuemV2ZGEuY29tXC93cC1jb250ZW50XC91cGxvYWRzXC8yMDI0XC8wN1wvY2FzYS12YWNhbnphLXZhbGxlLWQtYW9zdGEtMi5qcGciLCJzbGlkZXNob3ciOiJlMDM4ZTM1In0%3D\" href=\"https:\/\/appartamentivacanzevda.com\/wp-content\/uploads\/2024\/07\/casa-vacanza-valle-d-aosta-2.jpg\"><figure class=\"swiper-slide-inner\"><img decoding=\"async\" class=\"swiper-slide-image\" src=\"https:\/\/appartamentivacanzevda.com\/wp-content\/uploads\/2024\/07\/casa-vacanza-valle-d-aosta-2-1024x683.jpg\" alt=\"appartamenti vacanza valle d&#039;aosta\" \/><\/figure><\/a><\/div><div class=\"swiper-slide\" role=\"group\" aria-roledescription=\"slide\" aria-label=\"6 sur 11\"><a data-elementor-open-lightbox=\"yes\" data-elementor-lightbox-slideshow=\"e038e35\" data-elementor-lightbox-title=\"casa-vacanza-valle-daosta\" data-elementor-lightbox-description=\"appartamenti vacanza valle d&#039;aosta\" data-e-action-hash=\"#elementor-action%3Aaction%3Dlightbox%26settings%3DeyJpZCI6OTAxMSwidXJsIjoiaHR0cHM6XC9cL2FwcGFydGFtZW50aXZhY2FuemV2ZGEuY29tXC93cC1jb250ZW50XC91cGxvYWRzXC8yMDI0XC8wN1wvY2FzYS12YWNhbnphLXZhbGxlLWRhb3N0YS5qcGciLCJzbGlkZXNob3ciOiJlMDM4ZTM1In0%3D\" href=\"https:\/\/appartamentivacanzevda.com\/wp-content\/uploads\/2024\/07\/casa-vacanza-valle-daosta.jpg\"><figure class=\"swiper-slide-inner\"><img decoding=\"async\" class=\"swiper-slide-image\" src=\"https:\/\/appartamentivacanzevda.com\/wp-content\/uploads\/2024\/07\/casa-vacanza-valle-daosta-1024x683.jpg\" alt=\"appartamenti vacanza valle d&#039;aosta\" \/><\/figure><\/a><\/div><div class=\"swiper-slide\" role=\"group\" aria-roledescription=\"slide\" aria-label=\"7 sur 11\"><a data-elementor-open-lightbox=\"yes\" data-elementor-lightbox-slideshow=\"e038e35\" data-elementor-lightbox-title=\"appartamenti vacanza valle d&#039;aosta 1\" data-elementor-lightbox-description=\"appartamenti vacanza valle d&#039;aosta\" data-e-action-hash=\"#elementor-action%3Aaction%3Dlightbox%26settings%3DeyJpZCI6OTIxNSwidXJsIjoiaHR0cHM6XC9cL2FwcGFydGFtZW50aXZhY2FuemV2ZGEuY29tXC93cC1jb250ZW50XC91cGxvYWRzXC8yMDI0XC8wOFwvYXBwYXJ0YW1lbnRpLXZhY2FuemEtdmFsbGUtZGFvc3RhLTEtMS5qcGciLCJzbGlkZXNob3ciOiJlMDM4ZTM1In0%3D\" href=\"https:\/\/appartamentivacanzevda.com\/wp-content\/uploads\/2024\/08\/appartamenti-vacanza-valle-daosta-1-1.jpg\"><figure class=\"swiper-slide-inner\"><img decoding=\"async\" class=\"swiper-slide-image\" src=\"https:\/\/appartamentivacanzevda.com\/wp-content\/uploads\/2024\/08\/appartamenti-vacanza-valle-daosta-1-1-1024x683.jpg\" alt=\"appartamenti vacanza valle d&#039;aosta\" \/><\/figure><\/a><\/div><div class=\"swiper-slide\" role=\"group\" aria-roledescription=\"slide\" aria-label=\"8 sur 11\"><a data-elementor-open-lightbox=\"yes\" data-elementor-lightbox-slideshow=\"e038e35\" data-elementor-lightbox-title=\"appartamenti vacanza valle d&#039;aosta 2\" data-elementor-lightbox-description=\"appartamenti vacanza valle d&#039;aosta\" data-e-action-hash=\"#elementor-action%3Aaction%3Dlightbox%26settings%3DeyJpZCI6OTIxOCwidXJsIjoiaHR0cHM6XC9cL2FwcGFydGFtZW50aXZhY2FuemV2ZGEuY29tXC93cC1jb250ZW50XC91cGxvYWRzXC8yMDI0XC8wOFwvYXBwYXJ0YW1lbnRpLXZhY2FuemEtdmFsbGUtZGFvc3RhLTItMS5qcGciLCJzbGlkZXNob3ciOiJlMDM4ZTM1In0%3D\" href=\"https:\/\/appartamentivacanzevda.com\/wp-content\/uploads\/2024\/08\/appartamenti-vacanza-valle-daosta-2-1.jpg\"><figure class=\"swiper-slide-inner\"><img decoding=\"async\" class=\"swiper-slide-image\" src=\"https:\/\/appartamentivacanzevda.com\/wp-content\/uploads\/2024\/08\/appartamenti-vacanza-valle-daosta-2-1-1024x683.jpg\" alt=\"appartamenti vacanza valle d&#039;aosta\" \/><\/figure><\/a><\/div><div class=\"swiper-slide\" role=\"group\" aria-roledescription=\"slide\" aria-label=\"9 sur 11\"><a data-elementor-open-lightbox=\"yes\" data-elementor-lightbox-slideshow=\"e038e35\" data-elementor-lightbox-title=\"appartamenti vacanza valle d&#039;aosta 3\" data-elementor-lightbox-description=\"appartamenti vacanza valle d&#039;aosta\" data-e-action-hash=\"#elementor-action%3Aaction%3Dlightbox%26settings%3DeyJpZCI6OTIyMSwidXJsIjoiaHR0cHM6XC9cL2FwcGFydGFtZW50aXZhY2FuemV2ZGEuY29tXC93cC1jb250ZW50XC91cGxvYWRzXC8yMDI0XC8wOFwvYXBwYXJ0YW1lbnRpLXZhY2FuemEtdmFsbGUtZGFvc3RhLTMtMS5qcGciLCJzbGlkZXNob3ciOiJlMDM4ZTM1In0%3D\" href=\"https:\/\/appartamentivacanzevda.com\/wp-content\/uploads\/2024\/08\/appartamenti-vacanza-valle-daosta-3-1.jpg\"><figure class=\"swiper-slide-inner\"><img decoding=\"async\" class=\"swiper-slide-image\" src=\"https:\/\/appartamentivacanzevda.com\/wp-content\/uploads\/2024\/08\/appartamenti-vacanza-valle-daosta-3-1-1024x683.jpg\" alt=\"appartamenti vacanza valle d&#039;aosta\" \/><\/figure><\/a><\/div><div class=\"swiper-slide\" role=\"group\" aria-roledescription=\"slide\" aria-label=\"10 sur 11\"><a data-elementor-open-lightbox=\"yes\" data-elementor-lightbox-slideshow=\"e038e35\" data-elementor-lightbox-title=\"appartamenti vacanza valle d&#039;aosta 5\" data-elementor-lightbox-description=\"appartamenti vacanza valle d&#039;aosta\" data-e-action-hash=\"#elementor-action%3Aaction%3Dlightbox%26settings%3DeyJpZCI6OTIyNywidXJsIjoiaHR0cHM6XC9cL2FwcGFydGFtZW50aXZhY2FuemV2ZGEuY29tXC93cC1jb250ZW50XC91cGxvYWRzXC8yMDI0XC8wOFwvYXBwYXJ0YW1lbnRpLXZhY2FuemEtdmFsbGUtZGFvc3RhLTUtMS5qcGciLCJzbGlkZXNob3ciOiJlMDM4ZTM1In0%3D\" href=\"https:\/\/appartamentivacanzevda.com\/wp-content\/uploads\/2024\/08\/appartamenti-vacanza-valle-daosta-5-1.jpg\"><figure class=\"swiper-slide-inner\"><img decoding=\"async\" class=\"swiper-slide-image\" src=\"https:\/\/appartamentivacanzevda.com\/wp-content\/uploads\/2024\/08\/appartamenti-vacanza-valle-daosta-5-1-1024x683.jpg\" alt=\"appartamenti vacanza valle d&#039;aosta\" \/><\/figure><\/a><\/div><div class=\"swiper-slide\" role=\"group\" aria-roledescription=\"slide\" aria-label=\"11 sur 11\"><a data-elementor-open-lightbox=\"yes\" data-elementor-lightbox-slideshow=\"e038e35\" data-elementor-lightbox-title=\"appartamenti vacanza valle d&#039;aosta 4\" data-elementor-lightbox-description=\"appartamenti vacanza valle d&#039;aosta\" data-e-action-hash=\"#elementor-action%3Aaction%3Dlightbox%26settings%3DeyJpZCI6OTIyNCwidXJsIjoiaHR0cHM6XC9cL2FwcGFydGFtZW50aXZhY2FuemV2ZGEuY29tXC93cC1jb250ZW50XC91cGxvYWRzXC8yMDI0XC8wOFwvYXBwYXJ0YW1lbnRpLXZhY2FuemEtdmFsbGUtZGFvc3RhLTQtMS5qcGciLCJzbGlkZXNob3ciOiJlMDM4ZTM1In0%3D\" href=\"https:\/\/appartamentivacanzevda.com\/wp-content\/uploads\/2024\/08\/appartamenti-vacanza-valle-daosta-4-1.jpg\"><figure class=\"swiper-slide-inner\"><img decoding=\"async\" class=\"swiper-slide-image\" src=\"https:\/\/appartamentivacanzevda.com\/wp-content\/uploads\/2024\/08\/appartamenti-vacanza-valle-daosta-4-1-1024x683.jpg\" alt=\"appartamenti vacanza valle d&#039;aosta\" \/><\/figure><\/a><\/div>\t\t\t<\/div>\n\t\t\t\t\t\t\t\t\t\t\t\t<div class=\"elementor-swiper-button elementor-swiper-button-prev\" role=\"button\" tabindex=\"0\">\n\t\t\t\t\t\t<svg aria-hidden=\"true\" class=\"e-font-icon-svg e-eicon-chevron-left\" viewBox=\"0 0 1000 1000\" xmlns=\"http:\/\/www.w3.org\/2000\/svg\"><path d=\"M646 125C629 125 613 133 604 142L308 442C296 454 292 471 292 487 292 504 296 521 308 533L604 854C617 867 629 875 646 875 663 875 679 871 692 858 704 846 713 829 713 812 713 796 708 779 692 767L438 487 692 225C700 217 708 204 708 187 708 171 704 154 692 142 675 129 663 125 646 125Z\"><\/path><\/svg>\t\t\t\t\t<\/div>\n\t\t\t\t\t<div class=\"elementor-swiper-button elementor-swiper-button-next\" role=\"button\" tabindex=\"0\">\n\t\t\t\t\t\t<svg aria-hidden=\"true\" class=\"e-font-icon-svg e-eicon-chevron-right\" viewBox=\"0 0 1000 1000\" xmlns=\"http:\/\/www.w3.org\/2000\/svg\"><path d=\"M696 533C708 521 713 504 713 487 713 471 708 454 696 446L400 146C388 133 375 125 354 125 338 125 325 129 313 142 300 154 292 171 292 187 292 204 296 221 308 233L563 492 304 771C292 783 288 800 288 817 288 833 296 850 308 863 321 871 338 875 354 875 371 875 388 867 400 854L696 533Z\"><\/path><\/svg>\t\t\t\t\t<\/div>\n\t\t\t\t\n\t\t\t\t\t\t\t\t\t<\/div>\n\t\t\t\t\t\t<\/div>\n\t\t\t\t<\/div>\n\t\t\t\t\t<\/div>\n\t\t<\/div>\n\t\t\t\t\t<\/div>\n\t\t<\/section>\n\t\t\t\t<section class=\"elementor-section elementor-top-section elementor-element elementor-element-e03493f elementor-section-stretched elementor-section-content-middle elementor-section-full_width elementor-reverse-tablet elementor-reverse-mobile elementor-section-height-default elementor-section-height-default\" data-id=\"e03493f\" data-element_type=\"section\" data-e-type=\"section\" data-settings=\"{&quot;stretch_section&quot;:&quot;section-stretched&quot;,&quot;background_background&quot;:&quot;classic&quot;}\">\n\t\t\t\t\t\t\t<div class=\"elementor-background-overlay\"><\/div>\n\t\t\t\t\t\t\t<div class=\"elementor-container elementor-column-gap-default\">\n\t\t\t\t\t<div class=\"elementor-column elementor-col-50 elementor-top-column elementor-element elementor-element-3f76106 elementor-invisible\" data-id=\"3f76106\" data-element_type=\"column\" data-e-type=\"column\" data-settings=\"{&quot;animation&quot;:&quot;fadeInLeft&quot;}\">\n\t\t\t<div class=\"elementor-widget-wrap elementor-element-populated\">\n\t\t\t\t\t\t<div class=\"elementor-element elementor-element-fae6c56 elementor-widget elementor-widget-image\" data-id=\"fae6c56\" data-element_type=\"widget\" data-e-type=\"widget\" data-widget_type=\"image.default\">\n\t\t\t\t<div class=\"elementor-widget-container\">\n\t\t\t\t\t\t\t\t\t\t\t\t\t\t\t<img decoding=\"async\" src=\"https:\/\/appartamentivacanzevda.com\/wp-content\/uploads\/elementor\/thumbs\/casa-vacanza-valle-d-aosta-3-qrte8oxla7e6b4rfccqmnhyn2qbpf1zdb2i67zppa8.jpg\" title=\"casa-vacanza-valle-d-aosta-3\" alt=\"appartamenti vacanza valle d&#039;aosta\" loading=\"lazy\" \/>\t\t\t\t\t\t\t\t\t\t\t\t\t\t\t<\/div>\n\t\t\t\t<\/div>\n\t\t\t\t\t<\/div>\n\t\t<\/div>\n\t\t\t\t<div class=\"elementor-column elementor-col-50 elementor-top-column elementor-element elementor-element-596e97b elementor-invisible\" data-id=\"596e97b\" data-element_type=\"column\" data-e-type=\"column\" data-settings=\"{&quot;animation&quot;:&quot;fadeInRight&quot;}\">\n\t\t\t<div class=\"elementor-widget-wrap elementor-element-populated\">\n\t\t\t\t\t\t<div class=\"elementor-element elementor-element-881a9d5 elementor-widget elementor-widget-heading\" data-id=\"881a9d5\" data-element_type=\"widget\" data-e-type=\"widget\" data-widget_type=\"heading.default\">\n\t\t\t\t<div class=\"elementor-widget-container\">\n\t\t\t\t\t<h1 class=\"elementor-heading-title elementor-size-default\">3 RAISONS<\/h1>\t\t\t\t<\/div>\n\t\t\t\t<\/div>\n\t\t\t\t<div class=\"elementor-element elementor-element-5816b51 elementor-widget elementor-widget-heading\" data-id=\"5816b51\" data-element_type=\"widget\" data-e-type=\"widget\" data-widget_type=\"heading.default\">\n\t\t\t\t<div class=\"elementor-widget-container\">\n\t\t\t\t\t<h1 class=\"elementor-heading-title elementor-size-default\">De r\u00e9server<\/h1>\t\t\t\t<\/div>\n\t\t\t\t<\/div>\n\t\t\t\t<div class=\"elementor-element elementor-element-a245eae elementor-widget elementor-widget-heading\" data-id=\"a245eae\" data-element_type=\"widget\" data-e-type=\"widget\" data-widget_type=\"heading.default\">\n\t\t\t\t<div class=\"elementor-widget-container\">\n\t\t\t\t\t<p class=\"elementor-heading-title elementor-size-default\">R\u00e9servez sur notre site internet et d\u00e9couvrez 3 raisons de le faire maintenant...<\/p>\t\t\t\t<\/div>\n\t\t\t\t<\/div>\n\t\t\t\t<div class=\"elementor-element elementor-element-ecd218c e-n-tabs-mobile elementor-widget elementor-widget-n-tabs\" data-id=\"ecd218c\" data-element_type=\"widget\" data-e-type=\"widget\" data-settings=\"{&quot;horizontal_scroll&quot;:&quot;disable&quot;}\" data-widget_type=\"nested-tabs.default\">\n\t\t\t\t<div class=\"elementor-widget-container\">\n\t\t\t\t\t\t\t<div class=\"e-n-tabs\" data-widget-number=\"248324492\" aria-label=\"Onglets. Ouvrez des \u00e9l\u00e9ments avec Entrer ou Espace, fermez-les avec Echape et naviguez \u00e0 l&#039;aide des touches fl\u00e9ch\u00e9es.\">\n\t\t\t<div class=\"e-n-tabs-heading\" role=\"tablist\">\n\t\t\t\t\t<button id=\"e-n-tab-title-2483244921\" data-tab-title-id=\"e-n-tab-title-2483244921\" class=\"e-n-tab-title\" aria-selected=\"true\" data-tab-index=\"1\" role=\"tab\" tabindex=\"0\" aria-controls=\"e-n-tab-content-2483244921\" style=\"--n-tabs-title-order: 1;\">\n\t\t\t\t\t\t<span class=\"e-n-tab-title-text\">\n\t\t\t\tMeilleur tarif\t\t\t<\/span>\n\t\t<\/button>\n\t\t\t\t<button id=\"e-n-tab-title-2483244922\" data-tab-title-id=\"e-n-tab-title-2483244922\" class=\"e-n-tab-title\" aria-selected=\"false\" data-tab-index=\"2\" role=\"tab\" tabindex=\"-1\" aria-controls=\"e-n-tab-content-2483244922\" style=\"--n-tabs-title-order: 2;\">\n\t\t\t\t\t\t<span class=\"e-n-tab-title-text\">\n\t\t\t\tContact direct\t\t\t<\/span>\n\t\t<\/button>\n\t\t\t\t<button id=\"e-n-tab-title-2483244923\" data-tab-title-id=\"e-n-tab-title-2483244923\" class=\"e-n-tab-title\" aria-selected=\"false\" data-tab-index=\"3\" role=\"tab\" tabindex=\"-1\" aria-controls=\"e-n-tab-content-2483244923\" style=\"--n-tabs-title-order: 3;\">\n\t\t\t\t\t\t<span class=\"e-n-tab-title-text\">\n\t\t\t\tOffres sp\u00e9ciales\t\t\t<\/span>\n\t\t<\/button>\n\t\t\t\t\t<\/div>\n\t\t\t<div class=\"e-n-tabs-content\">\n\t\t\t\t<div id=\"e-n-tab-content-2483244921\" role=\"tabpanel\" aria-labelledby=\"e-n-tab-title-2483244921\" data-tab-index=\"1\" style=\"--n-tabs-title-order: 1;\" class=\"e-active elementor-element elementor-element-603ce12 e-con-full e-flex e-con e-child\" data-id=\"603ce12\" data-element_type=\"container\" data-e-type=\"container\">\n\t\t\t\t<div class=\"elementor-element elementor-element-62ad95d elementor-widget elementor-widget-heading\" data-id=\"62ad95d\" data-element_type=\"widget\" data-e-type=\"widget\" data-widget_type=\"heading.default\">\n\t\t\t\t<div class=\"elementor-widget-container\">\n\t\t\t\t\t<p class=\"elementor-heading-title elementor-size-default\">En r\u00e9servant sur notre site internet, vous b\u00e9n\u00e9ficierez des meilleurs tarifs et conditions de vente<\/p>\t\t\t\t<\/div>\n\t\t\t\t<\/div>\n\t\t\t\t<\/div>\n\t\t<div id=\"e-n-tab-content-2483244922\" role=\"tabpanel\" aria-labelledby=\"e-n-tab-title-2483244922\" data-tab-index=\"2\" style=\"--n-tabs-title-order: 2;\" class=\" elementor-element elementor-element-9ef4953 e-con-full e-flex e-con e-child\" data-id=\"9ef4953\" data-element_type=\"container\" data-e-type=\"container\">\n\t\t\t\t<div class=\"elementor-element elementor-element-51f81d5 elementor-widget elementor-widget-heading\" data-id=\"51f81d5\" data-element_type=\"widget\" data-e-type=\"widget\" data-widget_type=\"heading.default\">\n\t\t\t\t<div class=\"elementor-widget-container\">\n\t\t\t\t\t<p class=\"elementor-heading-title elementor-size-default\">En nous contactant directement votre r\u00e9servation sera g\u00e9r\u00e9e par nous, sans aucun interm\u00e9diaire<\/p>\t\t\t\t<\/div>\n\t\t\t\t<\/div>\n\t\t\t\t<\/div>\n\t\t<div id=\"e-n-tab-content-2483244923\" role=\"tabpanel\" aria-labelledby=\"e-n-tab-title-2483244923\" data-tab-index=\"3\" style=\"--n-tabs-title-order: 3;\" class=\" elementor-element elementor-element-42a1931 e-con-full e-flex e-con e-child\" data-id=\"42a1931\" data-element_type=\"container\" data-e-type=\"container\">\n\t\t\t\t<div class=\"elementor-element elementor-element-fdcad5d elementor-widget elementor-widget-heading\" data-id=\"fdcad5d\" data-element_type=\"widget\" data-e-type=\"widget\" data-widget_type=\"heading.default\">\n\t\t\t\t<div class=\"elementor-widget-container\">\n\t\t\t\t\t<p class=\"elementor-heading-title elementor-size-default\">Seulement sur notre site internet, vous trouverez des offres sp\u00e9ciales et des forfaits de s\u00e9jour d\u00e9di\u00e9s<\/p>\t\t\t\t<\/div>\n\t\t\t\t<\/div>\n\t\t\t\t<\/div>\n\t\t\t\t\t<\/div>\n\t\t<\/div>\n\t\t\t\t\t\t<\/div>\n\t\t\t\t<\/div>\n\t\t\t\t\t<\/div>\n\t\t<\/div>\n\t\t\t\t\t<\/div>\n\t\t<\/section>\n\t\t\t\t<section class=\"elementor-section elementor-top-section elementor-element elementor-element-fd8afdf elementor-section-stretched elementor-section-boxed elementor-section-height-default elementor-section-height-default\" data-id=\"fd8afdf\" data-element_type=\"section\" data-e-type=\"section\" data-settings=\"{&quot;stretch_section&quot;:&quot;section-stretched&quot;,&quot;background_background&quot;:&quot;classic&quot;}\">\n\t\t\t\t\t\t\t<div class=\"elementor-background-overlay\"><\/div>\n\t\t\t\t\t\t\t<div class=\"elementor-container elementor-column-gap-default\">\n\t\t\t\t\t<div class=\"elementor-column elementor-col-100 elementor-top-column elementor-element elementor-element-635f973\" data-id=\"635f973\" data-element_type=\"column\" data-e-type=\"column\">\n\t\t\t<div class=\"elementor-widget-wrap elementor-element-populated\">\n\t\t\t\t\t\t<section class=\"elementor-section elementor-inner-section elementor-element elementor-element-310f135 elementor-section-boxed elementor-section-height-default elementor-section-height-default\" data-id=\"310f135\" data-element_type=\"section\" data-e-type=\"section\">\n\t\t\t\t\t\t<div class=\"elementor-container elementor-column-gap-default\">\n\t\t\t\t\t<div class=\"elementor-column elementor-col-100 elementor-inner-column elementor-element elementor-element-9ead099\" data-id=\"9ead099\" data-element_type=\"column\" data-e-type=\"column\">\n\t\t\t<div class=\"elementor-widget-wrap elementor-element-populated\">\n\t\t\t\t\t\t<div class=\"elementor-element elementor-element-a95d320 elementor-widget elementor-widget-heading\" data-id=\"a95d320\" data-element_type=\"widget\" data-e-type=\"widget\" data-widget_type=\"heading.default\">\n\t\t\t\t<div class=\"elementor-widget-container\">\n\t\t\t\t\t<h1 class=\"elementor-heading-title elementor-size-default\">QU'ATTENDEZ-VOUS ?<\/h1>\t\t\t\t<\/div>\n\t\t\t\t<\/div>\n\t\t\t\t<div class=\"elementor-element elementor-element-09154c7 elementor-widget elementor-widget-heading\" data-id=\"09154c7\" data-element_type=\"widget\" data-e-type=\"widget\" data-widget_type=\"heading.default\">\n\t\t\t\t<div class=\"elementor-widget-container\">\n\t\t\t\t\t<h1 class=\"elementor-heading-title elementor-size-default\">R\u00e9servez maintenant !<\/h1>\t\t\t\t<\/div>\n\t\t\t\t<\/div>\n\t\t\t\t\t<\/div>\n\t\t<\/div>\n\t\t\t\t\t<\/div>\n\t\t<\/section>\n\t\t\t\t<section class=\"elementor-section elementor-inner-section elementor-element elementor-element-0336414 elementor-section-full_width elementor-section-height-default elementor-section-height-default\" data-id=\"0336414\" data-element_type=\"section\" data-e-type=\"section\">\n\t\t\t\t\t\t<div class=\"elementor-container elementor-column-gap-default\">\n\t\t\t\t\t<div class=\"elementor-column elementor-col-33 elementor-inner-column elementor-element elementor-element-d92a107\" data-id=\"d92a107\" data-element_type=\"column\" data-e-type=\"column\">\n\t\t\t<div class=\"elementor-widget-wrap elementor-element-populated\">\n\t\t\t\t\t\t<div class=\"elementor-element elementor-element-93c2dfc elementor-widget elementor-widget-image\" data-id=\"93c2dfc\" data-element_type=\"widget\" data-e-type=\"widget\" data-widget_type=\"image.default\">\n\t\t\t\t<div class=\"elementor-widget-container\">\n\t\t\t\t\t\t\t\t\t\t\t\t\t\t\t\t<a href=\"tel:3475202558\">\n\t\t\t\t\t\t\t<img decoding=\"async\" width=\"128\" height=\"128\" src=\"https:\/\/appartamentivacanzevda.com\/wp-content\/uploads\/2024\/07\/appartamenti-vacanze-valledaosta.png\" class=\"attachment-large size-large wp-image-8911\" alt=\"appartamenti vacanze valle d&#039;aosta\" \/>\t\t\t\t\t\t\t\t<\/a>\n\t\t\t\t\t\t\t\t\t\t\t\t\t\t\t<\/div>\n\t\t\t\t<\/div>\n\t\t\t\t<div class=\"elementor-element elementor-element-6e50284 elementor-widget elementor-widget-heading\" data-id=\"6e50284\" data-element_type=\"widget\" data-e-type=\"widget\" data-widget_type=\"heading.default\">\n\t\t\t\t<div class=\"elementor-widget-container\">\n\t\t\t\t\t<h2 class=\"elementor-heading-title elementor-size-default\">Appelez-nous<\/h2>\t\t\t\t<\/div>\n\t\t\t\t<\/div>\n\t\t\t\t\t<\/div>\n\t\t<\/div>\n\t\t\t\t<div class=\"elementor-column elementor-col-33 elementor-inner-column elementor-element elementor-element-ded7604\" data-id=\"ded7604\" data-element_type=\"column\" data-e-type=\"column\">\n\t\t\t<div class=\"elementor-widget-wrap elementor-element-populated\">\n\t\t\t\t\t\t<div class=\"elementor-element elementor-element-2872093 elementor-widget elementor-widget-image\" data-id=\"2872093\" data-element_type=\"widget\" data-e-type=\"widget\" data-widget_type=\"image.default\">\n\t\t\t\t<div class=\"elementor-widget-container\">\n\t\t\t\t\t\t\t\t\t\t\t\t\t\t\t\t<a href=\"https:\/\/dacien.beddy.io\/?lang=fr\">\n\t\t\t\t\t\t\t<img decoding=\"async\" width=\"128\" height=\"128\" src=\"https:\/\/appartamentivacanzevda.com\/wp-content\/uploads\/2024\/07\/appartamenti-vacanze-valle-daosta-1.png\" class=\"attachment-large size-large wp-image-8914\" alt=\"appartamenti vacanze valle d&#039;aosta\" \/>\t\t\t\t\t\t\t\t<\/a>\n\t\t\t\t\t\t\t\t\t\t\t\t\t\t\t<\/div>\n\t\t\t\t<\/div>\n\t\t\t\t<div class=\"elementor-element elementor-element-a33128a elementor-widget elementor-widget-heading\" data-id=\"a33128a\" data-element_type=\"widget\" data-e-type=\"widget\" data-widget_type=\"heading.default\">\n\t\t\t\t<div class=\"elementor-widget-container\">\n\t\t\t\t\t<h2 class=\"elementor-heading-title elementor-size-default\">V\u00e9rifiez la disponibilit\u00e9<\/h2>\t\t\t\t<\/div>\n\t\t\t\t<\/div>\n\t\t\t\t\t<\/div>\n\t\t<\/div>\n\t\t\t\t<div class=\"elementor-column elementor-col-33 elementor-inner-column elementor-element elementor-element-98d7a62\" data-id=\"98d7a62\" data-element_type=\"column\" data-e-type=\"column\">\n\t\t\t<div class=\"elementor-widget-wrap elementor-element-populated\">\n\t\t\t\t\t\t<div class=\"elementor-element elementor-element-82b8897 elementor-widget elementor-widget-image\" data-id=\"82b8897\" data-element_type=\"widget\" data-e-type=\"widget\" data-widget_type=\"image.default\">\n\t\t\t\t<div class=\"elementor-widget-container\">\n\t\t\t\t\t\t\t\t\t\t\t\t\t\t\t\t<a href=\"mailto:welcome@appartamentivacanzevda.com\">\n\t\t\t\t\t\t\t<img decoding=\"async\" width=\"128\" height=\"128\" src=\"https:\/\/appartamentivacanzevda.com\/wp-content\/uploads\/2024\/07\/appartamenti-vacanze-valle-d-aosta.png\" class=\"attachment-large size-large wp-image-8917\" alt=\"appartamenti vacanze valle d&#039;aosta\" \/>\t\t\t\t\t\t\t\t<\/a>\n\t\t\t\t\t\t\t\t\t\t\t\t\t\t\t<\/div>\n\t\t\t\t<\/div>\n\t\t\t\t<div class=\"elementor-element elementor-element-f6edfbd elementor-widget elementor-widget-heading\" data-id=\"f6edfbd\" data-element_type=\"widget\" data-e-type=\"widget\" data-widget_type=\"heading.default\">\n\t\t\t\t<div class=\"elementor-widget-container\">\n\t\t\t\t\t<h2 class=\"elementor-heading-title elementor-size-default\">\u00c9crivez-nous<\/h2>\t\t\t\t<\/div>\n\t\t\t\t<\/div>\n\t\t\t\t\t<\/div>\n\t\t<\/div>\n\t\t\t\t\t<\/div>\n\t\t<\/section>\n\t\t\t\t\t<\/div>\n\t\t<\/div>\n\t\t\t\t\t<\/div>\n\t\t<\/section>\n\t\t\t\t<\/div>\n\t\t","protected":false},"excerpt":{"rendered":"<p>APPARTEMENTS DEUX-PI\u00c8CES Avec mezzanine DESCRIPTION Accueillants et lumineux, nos appartements de deux pi\u00e8ces avec mezzanine sont parfaits pour les couples, les familles ou les petits groupes \u00e0 la recherche de confort et de tranquillit\u00e9. Avec des grandes fen\u00eatres et une vue \u00e0 couper le souffle sur les montagnes environnantes, ces appartements offrent tous les services [&hellip;]<\/p>\n","protected":false},"author":1,"featured_media":0,"parent":9968,"menu_order":0,"comment_status":"closed","ping_status":"closed","template":"","meta":{"footnotes":""},"class_list":["post-8162","page","type-page","status-publish","hentry"],"yoast_head":"<!-- This site is optimized with the Yoast SEO plugin v27.5 - https:\/\/yoast.com\/product\/yoast-seo-wordpress\/ -->\n<title>Chambres standard - Les plaisirs d&#039;antan<\/title>\n<meta name=\"robots\" content=\"index, follow, max-snippet:-1, max-image-preview:large, max-video-preview:-1\" \/>\n<link rel=\"canonical\" href=\"https:\/\/appartamentivacanzevda.com\/appartamenti-vacanza\/bilocali-vacanze-valledaosta\/\" \/>\n<meta property=\"og:locale\" content=\"fr_FR\" \/>\n<meta property=\"og:type\" content=\"article\" \/>\n<meta property=\"og:title\" content=\"Chambres standard - Les plaisirs d&#039;antan\" \/>\n<meta property=\"og:description\" content=\"APPARTEMENTS DEUX-PI\u00c8CES Avec mezzanine DESCRIPTION Accueillants et lumineux, nos appartements de deux pi\u00e8ces avec mezzanine sont parfaits pour les couples, les familles ou les petits groupes \u00e0 la recherche de confort et de tranquillit\u00e9. Avec des grandes fen\u00eatres et une vue \u00e0 couper le souffle sur les montagnes environnantes, ces appartements offrent tous les services [&hellip;]\" \/>\n<meta property=\"og:url\" content=\"https:\/\/appartamentivacanzevda.com\/appartamenti-vacanza\/bilocali-vacanze-valledaosta\/\" \/>\n<meta property=\"og:site_name\" content=\"Appartamenti vacanza Valle d&#039;Aosta - Da Cien Appartamenti Vacanza Valle d&#039;Aosta\" \/>\n<meta property=\"article:modified_time\" content=\"2024-10-28T15:57:32+00:00\" \/>\n<meta property=\"og:image\" content=\"https:\/\/appartamentivacanzevda.com\/wp-content\/uploads\/2024\/07\/casa-vacanzavalledaosta-1024x683.jpg\" \/>\n<meta name=\"twitter:card\" content=\"summary_large_image\" \/>\n<meta name=\"twitter:label1\" content=\"Dur\u00e9e de lecture estim\u00e9e\" \/>\n\t<meta name=\"twitter:data1\" content=\"5 minutes\" \/>\n<script type=\"application\/ld+json\" class=\"yoast-schema-graph\">{\"@context\":\"https:\\\/\\\/schema.org\",\"@graph\":[{\"@type\":\"WebPage\",\"@id\":\"https:\\\/\\\/appartamentivacanzevda.com\\\/appartamenti-vacanza\\\/bilocali-vacanze-valledaosta\\\/\",\"url\":\"https:\\\/\\\/appartamentivacanzevda.com\\\/appartamenti-vacanza\\\/bilocali-vacanze-valledaosta\\\/\",\"name\":\"Chambres standard - Les plaisirs d'antan\",\"isPartOf\":{\"@id\":\"https:\\\/\\\/appartamentivacanzevda.com\\\/#website\"},\"primaryImageOfPage\":{\"@id\":\"https:\\\/\\\/appartamentivacanzevda.com\\\/appartamenti-vacanza\\\/bilocali-vacanze-valledaosta\\\/#primaryimage\"},\"image\":{\"@id\":\"https:\\\/\\\/appartamentivacanzevda.com\\\/appartamenti-vacanza\\\/bilocali-vacanze-valledaosta\\\/#primaryimage\"},\"thumbnailUrl\":\"https:\\\/\\\/appartamentivacanzevda.com\\\/wp-content\\\/uploads\\\/2024\\\/07\\\/casa-vacanzavalledaosta-1024x683.jpg\",\"datePublished\":\"2021-05-10T08:17:41+00:00\",\"dateModified\":\"2024-10-28T15:57:32+00:00\",\"breadcrumb\":{\"@id\":\"https:\\\/\\\/appartamentivacanzevda.com\\\/appartamenti-vacanza\\\/bilocali-vacanze-valledaosta\\\/#breadcrumb\"},\"inLanguage\":\"fr-FR\",\"potentialAction\":[{\"@type\":\"ReadAction\",\"target\":[\"https:\\\/\\\/appartamentivacanzevda.com\\\/appartamenti-vacanza\\\/bilocali-vacanze-valledaosta\\\/\"]}]},{\"@type\":\"ImageObject\",\"inLanguage\":\"fr-FR\",\"@id\":\"https:\\\/\\\/appartamentivacanzevda.com\\\/appartamenti-vacanza\\\/bilocali-vacanze-valledaosta\\\/#primaryimage\",\"url\":\"https:\\\/\\\/appartamentivacanzevda.com\\\/wp-content\\\/uploads\\\/2024\\\/07\\\/casa-vacanzavalledaosta-1024x683.jpg\",\"contentUrl\":\"https:\\\/\\\/appartamentivacanzevda.com\\\/wp-content\\\/uploads\\\/2024\\\/07\\\/casa-vacanzavalledaosta-1024x683.jpg\"},{\"@type\":\"BreadcrumbList\",\"@id\":\"https:\\\/\\\/appartamentivacanzevda.com\\\/appartamenti-vacanza\\\/bilocali-vacanze-valledaosta\\\/#breadcrumb\",\"itemListElement\":[{\"@type\":\"ListItem\",\"position\":1,\"name\":\"Accueil\",\"item\":\"https:\\\/\\\/appartamentivacanzevda.com\\\/\"},{\"@type\":\"ListItem\",\"position\":2,\"name\":\"Appartements de vacances\",\"item\":\"https:\\\/\\\/appartamentivacanzevda.com\\\/appartamenti-vacanza\\\/\"},{\"@type\":\"ListItem\",\"position\":3,\"name\":\"Appartements de deux pi\u00e8ces avec mezzanine\"}]},{\"@type\":\"WebSite\",\"@id\":\"https:\\\/\\\/appartamentivacanzevda.com\\\/#website\",\"url\":\"https:\\\/\\\/appartamentivacanzevda.com\\\/\",\"name\":\"Appartamenti vacanza Valle d&#039;Aosta - Da Cien Appartamenti Vacanza Valle d&#039;Aosta\",\"description\":\"Appartamenti vacanza Valle d&#039;Aosta - Da Cien Appartamenti Vacanza Valle d&#039;Aosta\",\"potentialAction\":[{\"@type\":\"SearchAction\",\"target\":{\"@type\":\"EntryPoint\",\"urlTemplate\":\"https:\\\/\\\/appartamentivacanzevda.com\\\/?s={search_term_string}\"},\"query-input\":{\"@type\":\"PropertyValueSpecification\",\"valueRequired\":true,\"valueName\":\"search_term_string\"}}],\"inLanguage\":\"fr-FR\"}]}<\/script>\n<!-- \/ Yoast SEO plugin. -->","yoast_head_json":{"title":"Chambres standard - Les plaisirs d'antan","robots":{"index":"index","follow":"follow","max-snippet":"max-snippet:-1","max-image-preview":"max-image-preview:large","max-video-preview":"max-video-preview:-1"},"canonical":"https:\/\/appartamentivacanzevda.com\/appartamenti-vacanza\/bilocali-vacanze-valledaosta\/","og_locale":"fr_FR","og_type":"article","og_title":"Chambres standard - Les plaisirs d'antan","og_description":"APPARTEMENTS DEUX-PI\u00c8CES Avec mezzanine DESCRIPTION Accueillants et lumineux, nos appartements de deux pi\u00e8ces avec mezzanine sont parfaits pour les couples, les familles ou les petits groupes \u00e0 la recherche de confort et de tranquillit\u00e9. Avec des grandes fen\u00eatres et une vue \u00e0 couper le souffle sur les montagnes environnantes, ces appartements offrent tous les services [&hellip;]","og_url":"https:\/\/appartamentivacanzevda.com\/appartamenti-vacanza\/bilocali-vacanze-valledaosta\/","og_site_name":"Appartamenti vacanza Valle d&#039;Aosta - Da Cien Appartamenti Vacanza Valle d&#039;Aosta","article_modified_time":"2024-10-28T15:57:32+00:00","og_image":[{"url":"https:\/\/appartamentivacanzevda.com\/wp-content\/uploads\/2024\/07\/casa-vacanzavalledaosta-1024x683.jpg","type":"","width":"","height":""}],"twitter_card":"summary_large_image","twitter_misc":{"Dur\u00e9e de lecture estim\u00e9e":"5 minutes"},"schema":{"@context":"https:\/\/schema.org","@graph":[{"@type":"WebPage","@id":"https:\/\/appartamentivacanzevda.com\/appartamenti-vacanza\/bilocali-vacanze-valledaosta\/","url":"https:\/\/appartamentivacanzevda.com\/appartamenti-vacanza\/bilocali-vacanze-valledaosta\/","name":"Chambres standard - Les plaisirs d'antan","isPartOf":{"@id":"https:\/\/appartamentivacanzevda.com\/#website"},"primaryImageOfPage":{"@id":"https:\/\/appartamentivacanzevda.com\/appartamenti-vacanza\/bilocali-vacanze-valledaosta\/#primaryimage"},"image":{"@id":"https:\/\/appartamentivacanzevda.com\/appartamenti-vacanza\/bilocali-vacanze-valledaosta\/#primaryimage"},"thumbnailUrl":"https:\/\/appartamentivacanzevda.com\/wp-content\/uploads\/2024\/07\/casa-vacanzavalledaosta-1024x683.jpg","datePublished":"2021-05-10T08:17:41+00:00","dateModified":"2024-10-28T15:57:32+00:00","breadcrumb":{"@id":"https:\/\/appartamentivacanzevda.com\/appartamenti-vacanza\/bilocali-vacanze-valledaosta\/#breadcrumb"},"inLanguage":"fr-FR","potentialAction":[{"@type":"ReadAction","target":["https:\/\/appartamentivacanzevda.com\/appartamenti-vacanza\/bilocali-vacanze-valledaosta\/"]}]},{"@type":"ImageObject","inLanguage":"fr-FR","@id":"https:\/\/appartamentivacanzevda.com\/appartamenti-vacanza\/bilocali-vacanze-valledaosta\/#primaryimage","url":"https:\/\/appartamentivacanzevda.com\/wp-content\/uploads\/2024\/07\/casa-vacanzavalledaosta-1024x683.jpg","contentUrl":"https:\/\/appartamentivacanzevda.com\/wp-content\/uploads\/2024\/07\/casa-vacanzavalledaosta-1024x683.jpg"},{"@type":"BreadcrumbList","@id":"https:\/\/appartamentivacanzevda.com\/appartamenti-vacanza\/bilocali-vacanze-valledaosta\/#breadcrumb","itemListElement":[{"@type":"ListItem","position":1,"name":"Accueil","item":"https:\/\/appartamentivacanzevda.com\/"},{"@type":"ListItem","position":2,"name":"Appartements de vacances","item":"https:\/\/appartamentivacanzevda.com\/appartamenti-vacanza\/"},{"@type":"ListItem","position":3,"name":"Appartements de deux pi\u00e8ces avec mezzanine"}]},{"@type":"WebSite","@id":"https:\/\/appartamentivacanzevda.com\/#website","url":"https:\/\/appartamentivacanzevda.com\/","name":"Appartamenti vacanza Valle d&#039;Aosta - Da Cien Appartamenti Vacanza Valle d&#039;Aosta","description":"Appartamenti vacanza Valle d&#039;Aosta - Da Cien Appartamenti Vacanza Valle d&#039;Aosta","potentialAction":[{"@type":"SearchAction","target":{"@type":"EntryPoint","urlTemplate":"https:\/\/appartamentivacanzevda.com\/?s={search_term_string}"},"query-input":{"@type":"PropertyValueSpecification","valueRequired":true,"valueName":"search_term_string"}}],"inLanguage":"fr-FR"}]}},"_links":{"self":[{"href":"https:\/\/appartamentivacanzevda.com\/fr\/wp-json\/wp\/v2\/pages\/8162","targetHints":{"allow":["GET"]}}],"collection":[{"href":"https:\/\/appartamentivacanzevda.com\/fr\/wp-json\/wp\/v2\/pages"}],"about":[{"href":"https:\/\/appartamentivacanzevda.com\/fr\/wp-json\/wp\/v2\/types\/page"}],"author":[{"embeddable":true,"href":"https:\/\/appartamentivacanzevda.com\/fr\/wp-json\/wp\/v2\/users\/1"}],"replies":[{"embeddable":true,"href":"https:\/\/appartamentivacanzevda.com\/fr\/wp-json\/wp\/v2\/comments?post=8162"}],"version-history":[{"count":29,"href":"https:\/\/appartamentivacanzevda.com\/fr\/wp-json\/wp\/v2\/pages\/8162\/revisions"}],"predecessor-version":[{"id":10160,"href":"https:\/\/appartamentivacanzevda.com\/fr\/wp-json\/wp\/v2\/pages\/8162\/revisions\/10160"}],"up":[{"embeddable":true,"href":"https:\/\/appartamentivacanzevda.com\/fr\/wp-json\/wp\/v2\/pages\/9968"}],"wp:attachment":[{"href":"https:\/\/appartamentivacanzevda.com\/fr\/wp-json\/wp\/v2\/media?parent=8162"}],"curies":[{"name":"wp","href":"https:\/\/api.w.org\/{rel}","templated":true}]}}