{"id":8172,"date":"2021-03-30T10:59:05","date_gmt":"2021-03-30T08:59:05","guid":{"rendered":"http:\/\/lesplaisirsdantan.turismok.com\/galerie\/"},"modified":"2024-12-11T14:16:29","modified_gmt":"2024-12-11T13:16:29","slug":"galerie","status":"publish","type":"page","link":"https:\/\/appartamentivacanzevda.com\/fr\/galerie\/","title":{"rendered":"Gallery"},"content":{"rendered":"\t\t<div data-elementor-type=\"wp-page\" data-elementor-id=\"8172\" class=\"elementor elementor-8172 elementor-534\">\n\t\t\t\t\t\t<section class=\"elementor-section elementor-top-section elementor-element elementor-element-427781ed elementor-section-stretched elementor-section-content-middle elementor-section-boxed elementor-section-height-default elementor-section-height-default\" data-id=\"427781ed\" data-element_type=\"section\" data-e-type=\"section\" data-settings=\"{&quot;stretch_section&quot;:&quot;section-stretched&quot;,&quot;background_background&quot;:&quot;classic&quot;}\">\n\t\t\t\t\t\t\t<div class=\"elementor-background-overlay\"><\/div>\n\t\t\t\t\t\t\t<div class=\"elementor-container elementor-column-gap-default\">\n\t\t\t\t\t<div class=\"elementor-column elementor-col-100 elementor-top-column elementor-element elementor-element-90a944f\" data-id=\"90a944f\" data-element_type=\"column\" data-e-type=\"column\">\n\t\t\t<div class=\"elementor-widget-wrap elementor-element-populated\">\n\t\t\t\t\t\t<div class=\"elementor-element elementor-element-3906f4d elementor-widget elementor-widget-heading\" data-id=\"3906f4d\" data-element_type=\"widget\" data-e-type=\"widget\" data-widget_type=\"heading.default\">\n\t\t\t\t<div class=\"elementor-widget-container\">\n\t\t\t\t\t<h1 class=\"elementor-heading-title elementor-size-default\">QUELQUES<\/h1>\t\t\t\t<\/div>\n\t\t\t\t<\/div>\n\t\t\t\t<div class=\"elementor-element elementor-element-295a7f0 elementor-widget elementor-widget-heading\" data-id=\"295a7f0\" data-element_type=\"widget\" data-e-type=\"widget\" data-widget_type=\"heading.default\">\n\t\t\t\t<div class=\"elementor-widget-container\">\n\t\t\t\t\t<h1 class=\"elementor-heading-title elementor-size-default\">photos<\/h1>\t\t\t\t<\/div>\n\t\t\t\t<\/div>\n\t\t\t\t\t<\/div>\n\t\t<\/div>\n\t\t\t\t\t<\/div>\n\t\t<\/section>\n\t\t\t\t<section class=\"elementor-section elementor-top-section elementor-element elementor-element-735d3c8b elementor-section-stretched elementor-section-boxed elementor-section-height-default elementor-section-height-default\" data-id=\"735d3c8b\" data-element_type=\"section\" data-e-type=\"section\" data-settings=\"{&quot;stretch_section&quot;:&quot;section-stretched&quot;,&quot;background_background&quot;:&quot;classic&quot;}\">\n\t\t\t\t\t\t\t<div class=\"elementor-background-overlay\"><\/div>\n\t\t\t\t\t\t\t<div class=\"elementor-container elementor-column-gap-default\">\n\t\t\t\t\t<div class=\"elementor-column elementor-col-100 elementor-top-column elementor-element elementor-element-7e79e266\" data-id=\"7e79e266\" data-element_type=\"column\" data-e-type=\"column\">\n\t\t\t<div class=\"elementor-widget-wrap elementor-element-populated\">\n\t\t\t\t\t\t<div class=\"elementor-element elementor-element-d6ec070 elementor-widget elementor-widget-text-editor\" data-id=\"d6ec070\" data-element_type=\"widget\" data-e-type=\"widget\" data-widget_type=\"text-editor.default\">\n\t\t\t\t<div class=\"elementor-widget-container\">\n\t\t\t\t\t\t\t\t\t<p>\t\t<!-- printing filters start-->\n\t\t\t\t<div class=\"row\">\n\t\t\t<div class=\"my-1 ufg-filters\">\n\t\t\t\t<div class='ufg-parent-filters'><div class='col-md-12 my-2'><button id='1evel1-all' class='ufg-all-filter-button ufg-parent-filters ufg-all-filter btn btn-sm btn-danger all mb-3 mr-2' onclick='return filter(this.id, this.value)' value='all'> Toutes les photos (44)<\/button><button id='1evel1-studio-deluxe-rouge-0' class='ufg-parent-filter-button ufg-parent-filters btn btn-sm btn-primary  mb-3 mr-2 studio-deluxe-rouge-0' onclick='return filter(this.id, this.value)' value='studio-deluxe-rouge-0'> Studio Deluxe Rouge<\/button><button id='1evel1-studio-deluxe-violet-1' class='ufg-parent-filter-button ufg-parent-filters btn btn-sm btn-primary  mb-3 mr-2 studio-deluxe-violet-1' onclick='return filter(this.id, this.value)' value='studio-deluxe-violet-1'> Studio Deluxe Violet<\/button><button id='1evel1-studio-plus-orange-2' class='ufg-parent-filter-button ufg-parent-filters btn btn-sm btn-primary  mb-3 mr-2 studio-plus-orange-2' onclick='return filter(this.id, this.value)' value='studio-plus-orange-2'> Studio Plus Orange<\/button><button id='1evel1-appartements-de-deux-pi\u00e8ces-avec-mezzanine-bleu-3' class='ufg-parent-filter-button ufg-parent-filters btn btn-sm btn-primary  mb-3 mr-2 appartements-de-deux-pi\u00e8ces-avec-mezzanine-bleu-3' onclick='return filter(this.id, this.value)' value='appartements-de-deux-pi\u00e8ces-avec-mezzanine-bleu-3'> Appartements de deux pi\u00e8ces avec mezzanine Bleu<\/button><button id='1evel1-appartements-de-deux-pi\u00e8ces-avec-mezzanine-jaune-4' class='ufg-parent-filter-button ufg-parent-filters btn btn-sm btn-primary  mb-3 mr-2 appartements-de-deux-pi\u00e8ces-avec-mezzanine-jaune-4' onclick='return filter(this.id, this.value)' value='appartements-de-deux-pi\u00e8ces-avec-mezzanine-jaune-4'> Appartements de deux pi\u00e8ces avec mezzanine Jaune<\/button><\/div><\/div>\t\t\t<\/div>\n\t\t<\/div>\n\t\t\t\t<!-- printing filters end-->\n\n\t\t<input id=\"ufg_current_clicked_filter_id\" name=\"ufg_current_clicked_filter_id\" value=\"\" class=\"d-none\" placeholder=\"Current Filter\">\n\t\t<input id=\"ufg_current_clicked_filter_level\" name=\"ufg_current_clicked_filter_level\" value=\"\" class=\"d-none\" placeholder=\"Current Level\">\n\t\t<input id=\"ufg_last_clicked_filter_id\" name=\"ufg_last_clicked_filter_id\" value=\"\" class=\"d-none\" placeholder=\"Last Filter\">\n\t\t<input id=\"ufg_last_clicked_filter_level\" name=\"ufg_last_clicked_filter_level\" value=\"\" class=\"d-none\" placeholder=\"Last Level\">\n\t\t<input id=\"ufg_current_clicked_parent_filter_id\" name=\"ufg_current_clicked_parent_filter_id\" value=\"\" class=\"d-none\" placeholder=\"Current Parent Filter\">\n\t\t<input id=\"ufg_last_clicked_filter_parent_id\" name=\"ufg_last_clicked_filter_parent_id\" value=\"\" class=\"d-none\" placeholder=\"Last Parent Filter\">\n\t\t\n\t\t<!-- printing gallery start-->\n\t\t<div class=\"row ufg-gallery\">\t\t\t<div id=\"ufg-thumbnail\" class=\"col-6 col-sm-6 col-md-6 col-lg-3 mb-4 studio-deluxe-violet-1\">\n\t\t\t\t<div class=\"ufg-thumbnail-border\">\n\t\t\t\t\t\t\t\t\t\t\t<img decoding=\"async\" src=\"https:\/\/appartamentivacanzevda.com\/wp-content\/uploads\/2024\/08\/appartamenti-vacanza-nella-valle-daosta-2-1024x683.jpg\" class=\"ufg-thumbnail-img img-fluid mx-auto d-block\" alt=\"appartamenti vacanza nella valle d&#039;aosta\">\n\t\t\t\t\t\t\t\t\t\t<div class=\"ufg-image-content\">\n\t\t\t\t\t\t\t\t\t\t\t<\/div>\n\t\t\t\t<\/div>\n\t\t\t<\/div>\n\t\t\t\t\t\t<div id=\"ufg-thumbnail\" class=\"col-6 col-sm-6 col-md-6 col-lg-3 mb-4 studio-deluxe-violet-1\">\n\t\t\t\t<div class=\"ufg-thumbnail-border\">\n\t\t\t\t\t\t\t\t\t\t\t<img decoding=\"async\" src=\"https:\/\/appartamentivacanzevda.com\/wp-content\/uploads\/2024\/08\/appartamenti-vacanza-valle-daosta-7-1-1024x683.jpg\" class=\"ufg-thumbnail-img img-fluid mx-auto d-block\" alt=\"appartamenti vacanza nella valle d&#039;aosta\">\n\t\t\t\t\t\t\t\t\t\t<div class=\"ufg-image-content\">\n\t\t\t\t\t\t\t\t\t\t\t<\/div>\n\t\t\t\t<\/div>\n\t\t\t<\/div>\n\t\t\t\t\t\t<div id=\"ufg-thumbnail\" class=\"col-6 col-sm-6 col-md-6 col-lg-3 mb-4 studio-deluxe-violet-1\">\n\t\t\t\t<div class=\"ufg-thumbnail-border\">\n\t\t\t\t\t\t\t\t\t\t\t<img decoding=\"async\" src=\"https:\/\/appartamentivacanzevda.com\/wp-content\/uploads\/2024\/08\/appartamenti-vacanza-valle-daosta-8-1024x683.jpg\" class=\"ufg-thumbnail-img img-fluid mx-auto d-block\" alt=\"appartamenti vacanza nella valle d&#039;aosta\">\n\t\t\t\t\t\t\t\t\t\t<div class=\"ufg-image-content\">\n\t\t\t\t\t\t\t\t\t\t\t<\/div>\n\t\t\t\t<\/div>\n\t\t\t<\/div>\n\t\t\t\t\t\t<div id=\"ufg-thumbnail\" class=\"col-6 col-sm-6 col-md-6 col-lg-3 mb-4 studio-deluxe-violet-1\">\n\t\t\t\t<div class=\"ufg-thumbnail-border\">\n\t\t\t\t\t\t\t\t\t\t\t<img decoding=\"async\" src=\"https:\/\/appartamentivacanzevda.com\/wp-content\/uploads\/2024\/08\/appartamenti-vacanza-nella-valle-daosta-1-1024x683.jpg\" class=\"ufg-thumbnail-img img-fluid mx-auto d-block\" alt=\"appartamenti vacanza nella valle d&#039;aosta\">\n\t\t\t\t\t\t\t\t\t\t<div class=\"ufg-image-content\">\n\t\t\t\t\t\t\t\t\t\t\t<\/div>\n\t\t\t\t<\/div>\n\t\t\t<\/div>\n\t\t\t\t\t\t<div id=\"ufg-thumbnail\" class=\"col-6 col-sm-6 col-md-6 col-lg-3 mb-4 studio-deluxe-violet-1\">\n\t\t\t\t<div class=\"ufg-thumbnail-border\">\n\t\t\t\t\t\t\t\t\t\t\t<img decoding=\"async\" src=\"https:\/\/appartamentivacanzevda.com\/wp-content\/uploads\/2024\/12\/appartamenti-vacanze-valle-daosta-1.jpg\" class=\"ufg-thumbnail-img img-fluid mx-auto d-block\" alt=\"ppartamenti vacanze valle d\u2019aosta\">\n\t\t\t\t\t\t\t\t\t\t<div class=\"ufg-image-content\">\n\t\t\t\t\t\t\t\t\t\t\t<\/div>\n\t\t\t\t<\/div>\n\t\t\t<\/div>\n\t\t\t\t\t\t<div id=\"ufg-thumbnail\" class=\"col-6 col-sm-6 col-md-6 col-lg-3 mb-4 studio-deluxe-violet-1\">\n\t\t\t\t<div class=\"ufg-thumbnail-border\">\n\t\t\t\t\t\t\t\t\t\t\t<img decoding=\"async\" src=\"https:\/\/appartamentivacanzevda.com\/wp-content\/uploads\/2024\/08\/appartamenti-vacanza-valle-daosta-6u-1024x683.jpg\" class=\"ufg-thumbnail-img img-fluid mx-auto d-block\" alt=\"appartamenti vacanza nella valle d&#039;aosta\">\n\t\t\t\t\t\t\t\t\t\t<div class=\"ufg-image-content\">\n\t\t\t\t\t\t\t\t\t\t\t<\/div>\n\t\t\t\t<\/div>\n\t\t\t<\/div>\n\t\t\t\t\t\t<div id=\"ufg-thumbnail\" class=\"col-6 col-sm-6 col-md-6 col-lg-3 mb-4 studio-deluxe-violet-1\">\n\t\t\t\t<div class=\"ufg-thumbnail-border\">\n\t\t\t\t\t\t\t\t\t\t\t<img decoding=\"async\" src=\"https:\/\/appartamentivacanzevda.com\/wp-content\/uploads\/2024\/08\/appartamenti-vacanza-valle-daosta-5-2-1024x683.jpg\" class=\"ufg-thumbnail-img img-fluid mx-auto d-block\" alt=\"appartamenti vacanza nella valle d&#039;aosta\">\n\t\t\t\t\t\t\t\t\t\t<div class=\"ufg-image-content\">\n\t\t\t\t\t\t\t\t\t\t\t<\/div>\n\t\t\t\t<\/div>\n\t\t\t<\/div>\n\t\t\t\t\t\t<div id=\"ufg-thumbnail\" class=\"col-6 col-sm-6 col-md-6 col-lg-3 mb-4 studio-deluxe-violet-1\">\n\t\t\t\t<div class=\"ufg-thumbnail-border\">\n\t\t\t\t\t\t\t\t\t\t\t<img decoding=\"async\" src=\"https:\/\/appartamentivacanzevda.com\/wp-content\/uploads\/2024\/08\/appartamenti-vacanza-valle-daosta-3-2-1024x683.jpg\" class=\"ufg-thumbnail-img img-fluid mx-auto d-block\" alt=\"appartamenti vacanza nella valle d&#039;aosta\">\n\t\t\t\t\t\t\t\t\t\t<div class=\"ufg-image-content\">\n\t\t\t\t\t\t\t\t\t\t\t<\/div>\n\t\t\t\t<\/div>\n\t\t\t<\/div>\n\t\t\t\t\t\t<div id=\"ufg-thumbnail\" class=\"col-6 col-sm-6 col-md-6 col-lg-3 mb-4 studio-deluxe-violet-1\">\n\t\t\t\t<div class=\"ufg-thumbnail-border\">\n\t\t\t\t\t\t\t\t\t\t\t<img decoding=\"async\" src=\"https:\/\/appartamentivacanzevda.com\/wp-content\/uploads\/2024\/08\/appartamenti-vacanza-valle-daosta-4-2-1024x683.jpg\" class=\"ufg-thumbnail-img img-fluid mx-auto d-block\" alt=\"appartamenti vacanza nella valle d&#039;aosta\">\n\t\t\t\t\t\t\t\t\t\t<div class=\"ufg-image-content\">\n\t\t\t\t\t\t\t\t\t\t\t<\/div>\n\t\t\t\t<\/div>\n\t\t\t<\/div>\n\t\t\t\t\t\t<div id=\"ufg-thumbnail\" class=\"col-6 col-sm-6 col-md-6 col-lg-3 mb-4 studio-deluxe-violet-1\">\n\t\t\t\t<div class=\"ufg-thumbnail-border\">\n\t\t\t\t\t\t\t\t\t\t\t<img decoding=\"async\" src=\"https:\/\/appartamentivacanzevda.com\/wp-content\/uploads\/2024\/08\/appartamenti-vacanza-valle-daosta-2-2-1024x683.jpg\" class=\"ufg-thumbnail-img img-fluid mx-auto d-block\" alt=\"appartamenti vacanza nella valle d&#039;aosta\">\n\t\t\t\t\t\t\t\t\t\t<div class=\"ufg-image-content\">\n\t\t\t\t\t\t\t\t\t\t\t<\/div>\n\t\t\t\t<\/div>\n\t\t\t<\/div>\n\t\t\t\t\t\t<div id=\"ufg-thumbnail\" class=\"col-6 col-sm-6 col-md-6 col-lg-3 mb-4 studio-deluxe-violet-1\">\n\t\t\t\t<div class=\"ufg-thumbnail-border\">\n\t\t\t\t\t\t\t\t\t\t\t<img decoding=\"async\" src=\"https:\/\/appartamentivacanzevda.com\/wp-content\/uploads\/2024\/08\/appartamenti-vacanza-valle-daosta-1-2-1024x683.jpg\" class=\"ufg-thumbnail-img img-fluid mx-auto d-block\" alt=\"appartamenti vacanza nella valle d&#039;aosta\">\n\t\t\t\t\t\t\t\t\t\t<div class=\"ufg-image-content\">\n\t\t\t\t\t\t\t\t\t\t\t<\/div>\n\t\t\t\t<\/div>\n\t\t\t<\/div>\n\t\t\t\t\t\t<div id=\"ufg-thumbnail\" class=\"col-6 col-sm-6 col-md-6 col-lg-3 mb-4 studio-deluxe-violet-1\">\n\t\t\t\t<div class=\"ufg-thumbnail-border\">\n\t\t\t\t\t\t\t\t\t\t\t<img decoding=\"async\" src=\"https:\/\/appartamentivacanzevda.com\/wp-content\/uploads\/2024\/12\/appartamenti-vacanze-valle-daosta-3.jpg\" class=\"ufg-thumbnail-img img-fluid mx-auto d-block\" alt=\"ppartamenti vacanze valle d\u2019aosta\">\n\t\t\t\t\t\t\t\t\t\t<div class=\"ufg-image-content\">\n\t\t\t\t\t\t\t\t\t\t\t<\/div>\n\t\t\t\t<\/div>\n\t\t\t<\/div>\n\t\t\t\t\t\t<div id=\"ufg-thumbnail\" class=\"col-6 col-sm-6 col-md-6 col-lg-3 mb-4 studio-deluxe-rouge-0 studio-deluxe-violet-1\">\n\t\t\t\t<div class=\"ufg-thumbnail-border\">\n\t\t\t\t\t\t\t\t\t\t\t<img decoding=\"async\" src=\"https:\/\/appartamentivacanzevda.com\/wp-content\/uploads\/2024\/12\/appartamenti-vacanze-valle-daosta-2.jpg\" class=\"ufg-thumbnail-img img-fluid mx-auto d-block\" alt=\"ppartamenti vacanze valle d\u2019aosta\">\n\t\t\t\t\t\t\t\t\t\t<div class=\"ufg-image-content\">\n\t\t\t\t\t\t\t\t\t\t\t<\/div>\n\t\t\t\t<\/div>\n\t\t\t<\/div>\n\t\t\t\t\t\t<div id=\"ufg-thumbnail\" class=\"col-6 col-sm-6 col-md-6 col-lg-3 mb-4 studio-plus-orange-2\">\n\t\t\t\t<div class=\"ufg-thumbnail-border\">\n\t\t\t\t\t\t\t\t\t\t\t<img decoding=\"async\" src=\"https:\/\/appartamentivacanzevda.com\/wp-content\/uploads\/2024\/08\/appartamenti-vacanza-nella-valle-daosta-12-1024x683.jpg\" class=\"ufg-thumbnail-img img-fluid mx-auto d-block\" alt=\"appartamenti vacanza nella valle d&#039;aosta\">\n\t\t\t\t\t\t\t\t\t\t<div class=\"ufg-image-content\">\n\t\t\t\t\t\t\t\t\t\t\t<\/div>\n\t\t\t\t<\/div>\n\t\t\t<\/div>\n\t\t\t\t\t\t<div id=\"ufg-thumbnail\" class=\"col-6 col-sm-6 col-md-6 col-lg-3 mb-4 studio-plus-orange-2\">\n\t\t\t\t<div class=\"ufg-thumbnail-border\">\n\t\t\t\t\t\t\t\t\t\t\t<img decoding=\"async\" src=\"https:\/\/appartamentivacanzevda.com\/wp-content\/uploads\/2024\/08\/appartamenti-vacanza-nella-valle-daosta-13-1024x683.jpg\" class=\"ufg-thumbnail-img img-fluid mx-auto d-block\" alt=\"appartamenti vacanza nella valle d&#039;aosta\">\n\t\t\t\t\t\t\t\t\t\t<div class=\"ufg-image-content\">\n\t\t\t\t\t\t\t\t\t\t\t<\/div>\n\t\t\t\t<\/div>\n\t\t\t<\/div>\n\t\t\t\t\t\t<div id=\"ufg-thumbnail\" class=\"col-6 col-sm-6 col-md-6 col-lg-3 mb-4 studio-plus-orange-2\">\n\t\t\t\t<div class=\"ufg-thumbnail-border\">\n\t\t\t\t\t\t\t\t\t\t\t<img decoding=\"async\" src=\"https:\/\/appartamentivacanzevda.com\/wp-content\/uploads\/2024\/08\/appartamenti-vacanza-valle-daosta-10-1024x683.jpg\" class=\"ufg-thumbnail-img img-fluid mx-auto d-block\" alt=\"appartamenti vacanza nella valle d&#039;aosta\">\n\t\t\t\t\t\t\t\t\t\t<div class=\"ufg-image-content\">\n\t\t\t\t\t\t\t\t\t\t\t<\/div>\n\t\t\t\t<\/div>\n\t\t\t<\/div>\n\t\t\t\t\t\t<div id=\"ufg-thumbnail\" class=\"col-6 col-sm-6 col-md-6 col-lg-3 mb-4 studio-plus-orange-2\">\n\t\t\t\t<div class=\"ufg-thumbnail-border\">\n\t\t\t\t\t\t\t\t\t\t\t<img decoding=\"async\" src=\"https:\/\/appartamentivacanzevda.com\/wp-content\/uploads\/2024\/08\/appartamenti-vacanza-nella-valle-daosta-11-1024x683.jpg\" class=\"ufg-thumbnail-img img-fluid mx-auto d-block\" alt=\"appartamenti vacanza nella valle d&#039;aosta\">\n\t\t\t\t\t\t\t\t\t\t<div class=\"ufg-image-content\">\n\t\t\t\t\t\t\t\t\t\t\t<\/div>\n\t\t\t\t<\/div>\n\t\t\t<\/div>\n\t\t\t\t\t\t<div id=\"ufg-thumbnail\" class=\"col-6 col-sm-6 col-md-6 col-lg-3 mb-4 studio-plus-orange-2\">\n\t\t\t\t<div class=\"ufg-thumbnail-border\">\n\t\t\t\t\t\t\t\t\t\t\t<img decoding=\"async\" src=\"https:\/\/appartamentivacanzevda.com\/wp-content\/uploads\/2024\/08\/appartamenti-vacanza-valle-daosta-9-1024x683.jpg\" class=\"ufg-thumbnail-img img-fluid mx-auto d-block\" alt=\"appartamenti vacanza nella valle d&#039;aosta\">\n\t\t\t\t\t\t\t\t\t\t<div class=\"ufg-image-content\">\n\t\t\t\t\t\t\t\t\t\t\t<\/div>\n\t\t\t\t<\/div>\n\t\t\t<\/div>\n\t\t\t\t\t\t<div id=\"ufg-thumbnail\" class=\"col-6 col-sm-6 col-md-6 col-lg-3 mb-4 studio-deluxe-violet-1\">\n\t\t\t\t<div class=\"ufg-thumbnail-border\">\n\t\t\t\t\t\t\t\t\t\t\t<img decoding=\"async\" src=\"https:\/\/appartamentivacanzevda.com\/wp-content\/uploads\/2024\/08\/appartamenti-vacanza-valle-daosta-100-1024x683.jpg\" class=\"ufg-thumbnail-img img-fluid mx-auto d-block\" alt=\"appartamenti vacanza nella valle d&#039;aosta\">\n\t\t\t\t\t\t\t\t\t\t<div class=\"ufg-image-content\">\n\t\t\t\t\t\t\t\t\t\t\t<\/div>\n\t\t\t\t<\/div>\n\t\t\t<\/div>\n\t\t\t\t\t\t<div id=\"ufg-thumbnail\" class=\"col-6 col-sm-6 col-md-6 col-lg-3 mb-4 studio-deluxe-rouge-0\">\n\t\t\t\t<div class=\"ufg-thumbnail-border\">\n\t\t\t\t\t\t\t\t\t\t\t<img decoding=\"async\" src=\"https:\/\/appartamentivacanzevda.com\/wp-content\/uploads\/2024\/08\/appartamenti-vacanza-nella-valle-daosta-1024x683.jpg\" class=\"ufg-thumbnail-img img-fluid mx-auto d-block\" alt=\"appartamenti vacanza nella valle d&#039;aosta\">\n\t\t\t\t\t\t\t\t\t\t<div class=\"ufg-image-content\">\n\t\t\t\t\t\t\t\t\t\t\t<\/div>\n\t\t\t\t<\/div>\n\t\t\t<\/div>\n\t\t\t\t\t\t<div id=\"ufg-thumbnail\" class=\"col-6 col-sm-6 col-md-6 col-lg-3 mb-4 appartements-de-deux-pi\u00e8ces-avec-mezzanine-jaune-4\">\n\t\t\t\t<div class=\"ufg-thumbnail-border\">\n\t\t\t\t\t\t\t\t\t\t\t<img decoding=\"async\" src=\"https:\/\/appartamentivacanzevda.com\/wp-content\/uploads\/2024\/08\/appartamenti-vacanza-valle-daosta-5-1-1024x683.jpg\" class=\"ufg-thumbnail-img img-fluid mx-auto d-block\" alt=\"appartamenti vacanza valle d&#039;aosta\">\n\t\t\t\t\t\t\t\t\t\t<div class=\"ufg-image-content\">\n\t\t\t\t\t\t\t\t\t\t\t<\/div>\n\t\t\t\t<\/div>\n\t\t\t<\/div>\n\t\t\t\t\t\t<div id=\"ufg-thumbnail\" class=\"col-6 col-sm-6 col-md-6 col-lg-3 mb-4 appartements-de-deux-pi\u00e8ces-avec-mezzanine-jaune-4\">\n\t\t\t\t<div class=\"ufg-thumbnail-border\">\n\t\t\t\t\t\t\t\t\t\t\t<img decoding=\"async\" src=\"https:\/\/appartamentivacanzevda.com\/wp-content\/uploads\/2024\/08\/appartamenti-vacanza-valle-daosta-3-1-1024x683.jpg\" class=\"ufg-thumbnail-img img-fluid mx-auto d-block\" alt=\"appartamenti vacanza valle d&#039;aosta\">\n\t\t\t\t\t\t\t\t\t\t<div class=\"ufg-image-content\">\n\t\t\t\t\t\t\t\t\t\t\t<\/div>\n\t\t\t\t<\/div>\n\t\t\t<\/div>\n\t\t\t\t\t\t<div id=\"ufg-thumbnail\" class=\"col-6 col-sm-6 col-md-6 col-lg-3 mb-4 appartements-de-deux-pi\u00e8ces-avec-mezzanine-jaune-4\">\n\t\t\t\t<div class=\"ufg-thumbnail-border\">\n\t\t\t\t\t\t\t\t\t\t\t<img decoding=\"async\" src=\"https:\/\/appartamentivacanzevda.com\/wp-content\/uploads\/2024\/08\/appartamenti-vacanza-valle-daosta-2-1-1024x683.jpg\" class=\"ufg-thumbnail-img img-fluid mx-auto d-block\" alt=\"appartamenti vacanza valle d&#039;aosta\">\n\t\t\t\t\t\t\t\t\t\t<div class=\"ufg-image-content\">\n\t\t\t\t\t\t\t\t\t\t\t<\/div>\n\t\t\t\t<\/div>\n\t\t\t<\/div>\n\t\t\t\t\t\t<div id=\"ufg-thumbnail\" class=\"col-6 col-sm-6 col-md-6 col-lg-3 mb-4 appartements-de-deux-pi\u00e8ces-avec-mezzanine-jaune-4\">\n\t\t\t\t<div class=\"ufg-thumbnail-border\">\n\t\t\t\t\t\t\t\t\t\t\t<img decoding=\"async\" src=\"https:\/\/appartamentivacanzevda.com\/wp-content\/uploads\/2024\/08\/appartamenti-vacanza-valle-daosta-1-1-1024x683.jpg\" class=\"ufg-thumbnail-img img-fluid mx-auto d-block\" alt=\"appartamenti vacanza valle d&#039;aosta\">\n\t\t\t\t\t\t\t\t\t\t<div class=\"ufg-image-content\">\n\t\t\t\t\t\t\t\t\t\t\t<\/div>\n\t\t\t\t<\/div>\n\t\t\t<\/div>\n\t\t\t\t\t\t<div id=\"ufg-thumbnail\" class=\"col-6 col-sm-6 col-md-6 col-lg-3 mb-4 studio-deluxe-rouge-0\">\n\t\t\t\t<div class=\"ufg-thumbnail-border\">\n\t\t\t\t\t\t\t\t\t\t\t<img decoding=\"async\" src=\"https:\/\/appartamentivacanzevda.com\/wp-content\/uploads\/2024\/08\/appartamenti-vacanza-valle-daosta-7-1024x683.jpg\" class=\"ufg-thumbnail-img img-fluid mx-auto d-block\" alt=\"appartamenti vacanza valle d&#039;aosta\">\n\t\t\t\t\t\t\t\t\t\t<div class=\"ufg-image-content\">\n\t\t\t\t\t\t\t\t\t\t\t<\/div>\n\t\t\t\t<\/div>\n\t\t\t<\/div>\n\t\t\t\t\t\t<div id=\"ufg-thumbnail\" class=\"col-6 col-sm-6 col-md-6 col-lg-3 mb-4 studio-deluxe-rouge-0\">\n\t\t\t\t<div class=\"ufg-thumbnail-border\">\n\t\t\t\t\t\t\t\t\t\t\t<img decoding=\"async\" src=\"https:\/\/appartamentivacanzevda.com\/wp-content\/uploads\/2024\/08\/appartamenti-vacanza-valle-daosta-6-1024x683.jpg\" class=\"ufg-thumbnail-img img-fluid mx-auto d-block\" alt=\"appartamenti vacanza valle d&#039;aosta\">\n\t\t\t\t\t\t\t\t\t\t<div class=\"ufg-image-content\">\n\t\t\t\t\t\t\t\t\t\t\t<\/div>\n\t\t\t\t<\/div>\n\t\t\t<\/div>\n\t\t\t\t\t\t<div id=\"ufg-thumbnail\" class=\"col-6 col-sm-6 col-md-6 col-lg-3 mb-4 appartements-de-deux-pi\u00e8ces-avec-mezzanine-jaune-4\">\n\t\t\t\t<div class=\"ufg-thumbnail-border\">\n\t\t\t\t\t\t\t\t\t\t\t<img decoding=\"async\" src=\"https:\/\/appartamentivacanzevda.com\/wp-content\/uploads\/2024\/08\/appartamenti-vacanza-valle-daosta-4-1-1024x683.jpg\" class=\"ufg-thumbnail-img img-fluid mx-auto d-block\" alt=\"appartamenti vacanza valle d&#039;aosta\">\n\t\t\t\t\t\t\t\t\t\t<div class=\"ufg-image-content\">\n\t\t\t\t\t\t\t\t\t\t\t<\/div>\n\t\t\t\t<\/div>\n\t\t\t<\/div>\n\t\t\t\t\t\t<div id=\"ufg-thumbnail\" class=\"col-6 col-sm-6 col-md-6 col-lg-3 mb-4 studio-deluxe-rouge-0\">\n\t\t\t\t<div class=\"ufg-thumbnail-border\">\n\t\t\t\t\t\t\t\t\t\t\t<img decoding=\"async\" src=\"https:\/\/appartamentivacanzevda.com\/wp-content\/uploads\/2024\/08\/appartamenti-vacanza-valle-daosta-5-1024x683.jpg\" class=\"ufg-thumbnail-img img-fluid mx-auto d-block\" alt=\"appartamenti vacanza valle d&#039;aosta\">\n\t\t\t\t\t\t\t\t\t\t<div class=\"ufg-image-content\">\n\t\t\t\t\t\t\t\t\t\t\t<\/div>\n\t\t\t\t<\/div>\n\t\t\t<\/div>\n\t\t\t\t\t\t<div id=\"ufg-thumbnail\" class=\"col-6 col-sm-6 col-md-6 col-lg-3 mb-4 studio-deluxe-rouge-0\">\n\t\t\t\t<div class=\"ufg-thumbnail-border\">\n\t\t\t\t\t\t\t\t\t\t\t<img decoding=\"async\" src=\"https:\/\/appartamentivacanzevda.com\/wp-content\/uploads\/2024\/08\/appartamenti-vacanza-valle-daosta-4-1024x683.jpg\" class=\"ufg-thumbnail-img img-fluid mx-auto d-block\" alt=\"appartamenti vacanza valle d&#039;aosta\">\n\t\t\t\t\t\t\t\t\t\t<div class=\"ufg-image-content\">\n\t\t\t\t\t\t\t\t\t\t\t<\/div>\n\t\t\t\t<\/div>\n\t\t\t<\/div>\n\t\t\t\t\t\t<div id=\"ufg-thumbnail\" class=\"col-6 col-sm-6 col-md-6 col-lg-3 mb-4 studio-deluxe-rouge-0\">\n\t\t\t\t<div class=\"ufg-thumbnail-border\">\n\t\t\t\t\t\t\t\t\t\t\t<img decoding=\"async\" src=\"https:\/\/appartamentivacanzevda.com\/wp-content\/uploads\/2024\/08\/appartamenti-vacanza-valle-daosta-3-1024x683.jpg\" class=\"ufg-thumbnail-img img-fluid mx-auto d-block\" alt=\"appartamenti vacanza valle d&#039;aosta\">\n\t\t\t\t\t\t\t\t\t\t<div class=\"ufg-image-content\">\n\t\t\t\t\t\t\t\t\t\t\t<\/div>\n\t\t\t\t<\/div>\n\t\t\t<\/div>\n\t\t\t\t\t\t<div id=\"ufg-thumbnail\" class=\"col-6 col-sm-6 col-md-6 col-lg-3 mb-4 studio-deluxe-rouge-0\">\n\t\t\t\t<div class=\"ufg-thumbnail-border\">\n\t\t\t\t\t\t\t\t\t\t\t<img decoding=\"async\" src=\"https:\/\/appartamentivacanzevda.com\/wp-content\/uploads\/2024\/08\/appartamenti-vacanza-valle-daosta-2-1024x683.jpg\" class=\"ufg-thumbnail-img img-fluid mx-auto d-block\" alt=\"appartamenti vacanza valle d&#039;aosta\">\n\t\t\t\t\t\t\t\t\t\t<div class=\"ufg-image-content\">\n\t\t\t\t\t\t\t\t\t\t\t<\/div>\n\t\t\t\t<\/div>\n\t\t\t<\/div>\n\t\t\t\t\t\t<div id=\"ufg-thumbnail\" class=\"col-6 col-sm-6 col-md-6 col-lg-3 mb-4 studio-deluxe-rouge-0\">\n\t\t\t\t<div class=\"ufg-thumbnail-border\">\n\t\t\t\t\t\t\t\t\t\t\t<img decoding=\"async\" src=\"https:\/\/appartamentivacanzevda.com\/wp-content\/uploads\/2024\/08\/appartamenti-vacanza-valle-daosta-1-1024x683.jpg\" class=\"ufg-thumbnail-img img-fluid mx-auto d-block\" alt=\"appartamenti vacanza valle d&#039;aosta\">\n\t\t\t\t\t\t\t\t\t\t<div class=\"ufg-image-content\">\n\t\t\t\t\t\t\t\t\t\t\t<\/div>\n\t\t\t\t<\/div>\n\t\t\t<\/div>\n\t\t\t\t\t\t<div id=\"ufg-thumbnail\" class=\"col-6 col-sm-6 col-md-6 col-lg-3 mb-4 studio-deluxe-rouge-0\">\n\t\t\t\t<div class=\"ufg-thumbnail-border\">\n\t\t\t\t\t\t\t\t\t\t\t<img decoding=\"async\" src=\"https:\/\/appartamentivacanzevda.com\/wp-content\/uploads\/2024\/08\/appartamenti-vacanza-valle-daosta-1024x683.jpg\" class=\"ufg-thumbnail-img img-fluid mx-auto d-block\" alt=\"appartamenti vacanza valle d&#039;aosta\">\n\t\t\t\t\t\t\t\t\t\t<div class=\"ufg-image-content\">\n\t\t\t\t\t\t\t\t\t\t\t<\/div>\n\t\t\t\t<\/div>\n\t\t\t<\/div>\n\t\t\t\t\t\t<div id=\"ufg-thumbnail\" class=\"col-6 col-sm-6 col-md-6 col-lg-3 mb-4 studio-deluxe-rouge-0\">\n\t\t\t\t<div class=\"ufg-thumbnail-border\">\n\t\t\t\t\t\t\t\t\t\t\t<img decoding=\"async\" src=\"https:\/\/appartamentivacanzevda.com\/wp-content\/uploads\/2024\/08\/casa-vacanza-valledaosta-1024x683.jpg\" class=\"ufg-thumbnail-img img-fluid mx-auto d-block\" alt=\"appartamenti vacanza valle d&#039;aosta\">\n\t\t\t\t\t\t\t\t\t\t<div class=\"ufg-image-content\">\n\t\t\t\t\t\t\t\t\t\t\t<\/div>\n\t\t\t\t<\/div>\n\t\t\t<\/div>\n\t\t\t\t\t\t<div id=\"ufg-thumbnail\" class=\"col-6 col-sm-6 col-md-6 col-lg-3 mb-4 appartements-de-deux-pi\u00e8ces-avec-mezzanine-bleu-3\">\n\t\t\t\t<div class=\"ufg-thumbnail-border\">\n\t\t\t\t\t\t\t\t\t\t\t<img decoding=\"async\" src=\"https:\/\/appartamentivacanzevda.com\/wp-content\/uploads\/2024\/08\/bilocale-1-3-1024x683.jpg\" class=\"ufg-thumbnail-img img-fluid mx-auto d-block\" alt=\"appartamenti vacanze valle d&#039;aosta\">\n\t\t\t\t\t\t\t\t\t\t<div class=\"ufg-image-content\">\n\t\t\t\t\t\t\t\t\t\t\t<\/div>\n\t\t\t\t<\/div>\n\t\t\t<\/div>\n\t\t\t\t\t\t<div id=\"ufg-thumbnail\" class=\"col-6 col-sm-6 col-md-6 col-lg-3 mb-4 appartements-de-deux-pi\u00e8ces-avec-mezzanine-bleu-3\">\n\t\t\t\t<div class=\"ufg-thumbnail-border\">\n\t\t\t\t\t\t\t\t\t\t\t<img decoding=\"async\" src=\"https:\/\/appartamentivacanzevda.com\/wp-content\/uploads\/2024\/08\/bilocale-1-2-1024x683.jpg\" class=\"ufg-thumbnail-img img-fluid mx-auto d-block\" alt=\"appartamenti vacanze valle d&#039;aosta\">\n\t\t\t\t\t\t\t\t\t\t<div class=\"ufg-image-content\">\n\t\t\t\t\t\t\t\t\t\t\t<\/div>\n\t\t\t\t<\/div>\n\t\t\t<\/div>\n\t\t\t\t\t\t<div id=\"ufg-thumbnail\" class=\"col-6 col-sm-6 col-md-6 col-lg-3 mb-4 appartements-de-deux-pi\u00e8ces-avec-mezzanine-bleu-3\">\n\t\t\t\t<div class=\"ufg-thumbnail-border\">\n\t\t\t\t\t\t\t\t\t\t\t<img decoding=\"async\" src=\"https:\/\/appartamentivacanzevda.com\/wp-content\/uploads\/2024\/08\/bilocale-1-6-1024x683.jpg\" class=\"ufg-thumbnail-img img-fluid mx-auto d-block\" alt=\"appartamenti vacanze valle d&#039;aosta\">\n\t\t\t\t\t\t\t\t\t\t<div class=\"ufg-image-content\">\n\t\t\t\t\t\t\t\t\t\t\t<\/div>\n\t\t\t\t<\/div>\n\t\t\t<\/div>\n\t\t\t\t\t\t<div id=\"ufg-thumbnail\" class=\"col-6 col-sm-6 col-md-6 col-lg-3 mb-4 appartements-de-deux-pi\u00e8ces-avec-mezzanine-bleu-3\">\n\t\t\t\t<div class=\"ufg-thumbnail-border\">\n\t\t\t\t\t\t\t\t\t\t\t<img decoding=\"async\" src=\"https:\/\/appartamentivacanzevda.com\/wp-content\/uploads\/2024\/08\/bilocale-1-8-1024x683.jpg\" class=\"ufg-thumbnail-img img-fluid mx-auto d-block\" alt=\"appartamenti vacanze valle d&#039;aosta\">\n\t\t\t\t\t\t\t\t\t\t<div class=\"ufg-image-content\">\n\t\t\t\t\t\t\t\t\t\t\t<\/div>\n\t\t\t\t<\/div>\n\t\t\t<\/div>\n\t\t\t\t\t\t<div id=\"ufg-thumbnail\" class=\"col-6 col-sm-6 col-md-6 col-lg-3 mb-4 appartements-de-deux-pi\u00e8ces-avec-mezzanine-bleu-3\">\n\t\t\t\t<div class=\"ufg-thumbnail-border\">\n\t\t\t\t\t\t\t\t\t\t\t<img decoding=\"async\" src=\"https:\/\/appartamentivacanzevda.com\/wp-content\/uploads\/2024\/08\/bilocale-1-9-1024x683.jpg\" class=\"ufg-thumbnail-img img-fluid mx-auto d-block\" alt=\"appartamenti vacanze valle d&#039;aosta\">\n\t\t\t\t\t\t\t\t\t\t<div class=\"ufg-image-content\">\n\t\t\t\t\t\t\t\t\t\t\t<\/div>\n\t\t\t\t<\/div>\n\t\t\t<\/div>\n\t\t\t\t\t\t<div id=\"ufg-thumbnail\" class=\"col-6 col-sm-6 col-md-6 col-lg-3 mb-4 appartements-de-deux-pi\u00e8ces-avec-mezzanine-bleu-3\">\n\t\t\t\t<div class=\"ufg-thumbnail-border\">\n\t\t\t\t\t\t\t\t\t\t\t<img decoding=\"async\" src=\"https:\/\/appartamentivacanzevda.com\/wp-content\/uploads\/2024\/08\/bilocale-1-5-1024x683.jpg\" class=\"ufg-thumbnail-img img-fluid mx-auto d-block\" alt=\"appartamenti vacanze valle d&#039;aosta\">\n\t\t\t\t\t\t\t\t\t\t<div class=\"ufg-image-content\">\n\t\t\t\t\t\t\t\t\t\t\t<\/div>\n\t\t\t\t<\/div>\n\t\t\t<\/div>\n\t\t\t\t\t\t<div id=\"ufg-thumbnail\" class=\"col-6 col-sm-6 col-md-6 col-lg-3 mb-4 appartements-de-deux-pi\u00e8ces-avec-mezzanine-bleu-3\">\n\t\t\t\t<div class=\"ufg-thumbnail-border\">\n\t\t\t\t\t\t\t\t\t\t\t<img decoding=\"async\" src=\"https:\/\/appartamentivacanzevda.com\/wp-content\/uploads\/2024\/08\/bilocale-1-10-1024x683.jpg\" class=\"ufg-thumbnail-img img-fluid mx-auto d-block\" alt=\"appartamenti vacanze valle d&#039;aosta\">\n\t\t\t\t\t\t\t\t\t\t<div class=\"ufg-image-content\">\n\t\t\t\t\t\t\t\t\t\t\t<\/div>\n\t\t\t\t<\/div>\n\t\t\t<\/div>\n\t\t\t\t\t\t<div id=\"ufg-thumbnail\" class=\"col-6 col-sm-6 col-md-6 col-lg-3 mb-4 jardin-5\">\n\t\t\t\t<div class=\"ufg-thumbnail-border\">\n\t\t\t\t\t\t\t\t\t\t\t<img decoding=\"async\" src=\"https:\/\/appartamentivacanzevda.com\/wp-content\/uploads\/2024\/12\/appartamenti-vacanze-valle-daosta-7.jpg\" class=\"ufg-thumbnail-img img-fluid mx-auto d-block\" alt=\"appartamenti vacanze valle d\u2019aosta\">\n\t\t\t\t\t\t\t\t\t\t<div class=\"ufg-image-content\">\n\t\t\t\t\t\t\t\t\t\t\t<\/div>\n\t\t\t\t<\/div>\n\t\t\t<\/div>\n\t\t\t\t\t\t<div id=\"ufg-thumbnail\" class=\"col-6 col-sm-6 col-md-6 col-lg-3 mb-4 jardin-5\">\n\t\t\t\t<div class=\"ufg-thumbnail-border\">\n\t\t\t\t\t\t\t\t\t\t\t<img decoding=\"async\" src=\"https:\/\/appartamentivacanzevda.com\/wp-content\/uploads\/2024\/12\/appartamenti-vacanze-valle-daosta-4.jpg\" class=\"ufg-thumbnail-img img-fluid mx-auto d-block\" alt=\"ppartamenti vacanze valle d\u2019aosta\">\n\t\t\t\t\t\t\t\t\t\t<div class=\"ufg-image-content\">\n\t\t\t\t\t\t\t\t\t\t\t<\/div>\n\t\t\t\t<\/div>\n\t\t\t<\/div>\n\t\t\t\t\t\t<div id=\"ufg-thumbnail\" class=\"col-6 col-sm-6 col-md-6 col-lg-3 mb-4 jardin-5\">\n\t\t\t\t<div class=\"ufg-thumbnail-border\">\n\t\t\t\t\t\t\t\t\t\t\t<img decoding=\"async\" src=\"https:\/\/appartamentivacanzevda.com\/wp-content\/uploads\/2024\/12\/appartamenti-vacanze-valle-daosta-6.jpg\" class=\"ufg-thumbnail-img img-fluid mx-auto d-block\" alt=\"appartamenti vappartamenti vacanze valle d\u2019aostaacanze valle d\u2019aosta\">\n\t\t\t\t\t\t\t\t\t\t<div class=\"ufg-image-content\">\n\t\t\t\t\t\t\t\t\t\t\t<\/div>\n\t\t\t\t<\/div>\n\t\t\t<\/div>\n\t\t\t\t\t<script>\n\t\tjQuery('button.ufg-level-one-button').fadeOut(); \/\/hide all level 1 buttons\n\t\t\n\t\tfunction filter(id, value) {\n\t\t\t\/\/console.log(id); *\/\n\t\t\t\/\/console.log(value); *\/\n\t\t\tvar ufg_btn_text = \"\";\n\t\t\tvar ufg_btn_text2 = \"\";\n\t\t\tvar ufg_current_clicked_filter_id = \"\";\n\t\t\tvar ufg_current_clicked_filter_level = \"\";\n\t\t\tvar ufg_last_clicked_filter_id = \"\";\n\t\t\tvar ufg_last_clicked_filter_level = \"\";\n\t\t\tvar ufg_last_clicked_filter_parent_id = \"\";\n\t\t\t\n\t\t\tufg_current_clicked_filter_id = jQuery(\"#ufg_current_clicked_filter_id\").val(); \/* get last clicked filter id *\/\n\t\t\tufg_current_clicked_filter_level = jQuery(\"#ufg_current_clicked_filter_level\").val(); \/* set current clicked filter level*\/\n\t\t\tufg_last_clicked_filter_id = jQuery(\"#ufg_last_clicked_filter_id\").val(); \/* get last clicked filter id*\/\n\t\t\tufg_last_clicked_filter_level = jQuery(\"#ufg_last_clicked_filter_level\").val(); \/* get last clicked filter level*\/\n\t\t\t\n\t\t\tufg_current_clicked_parent_filter_id = jQuery(\"#ufg_current_clicked_parent_filter_id\").val(); \/* get current clicked parent filter id*\/\n\t\t\tufg_last_clicked_filter_parent_id = jQuery(\"#ufg_last_clicked_filter_parent_id\").val(); \/* get last clicked parent filter id*\/\n\t\t\t\n\t\t\t\/* set current - initials case *\/\n\t\t\tif(ufg_current_clicked_filter_id == \"\") {\n\t\t\t\t\/\/get current clicked filter level *\/\n\t\t\t\t\/\/console.log(id.match(\"1evel1\")); *\/\n\t\t\t\tif(id.match(\"1evel1\")){ ufg_current_clicked_filter_level = \"1evel1\"; }\n\t\t\t\t\/\/console.log(ufg_current_clicked_filter_level); *\/\n\t\t\t\tif(id.match(\"level2\")){ ufg_current_clicked_filter_level = \"level2\"; }\n\t\t\t\t\/\/console.log(ufg_current_clicked_filter_level); *\/\n\t\t\t\tif(id.match(\"level3\")){ ufg_current_clicked_filter_level = \"level3\"; }\n\t\t\t\t\/\/console.log(ufg_current_clicked_filter_level); *\/\n\t\t\t\t\n\t\t\t\t\/* set filter id and get *\/\n\t\t\t\tjQuery(\"#ufg_current_clicked_filter_id\").val(id);\n\t\t\t\tjQuery(\"#ufg_current_clicked_filter_level\").val(ufg_current_clicked_filter_level);\n\t\t\t\t\n\t\t\t\tjQuery(\"#ufg_last_clicked_filter_id\").val(id);\n\t\t\t\tjQuery(\"#ufg_last_clicked_filter_level\").val(ufg_current_clicked_filter_level);\n\t\t\t\t\n\t\t\t\tconsole.log(ufg_last_clicked_filter_parent_id);\n\t\t\t\tif(ufg_current_clicked_filter_level == \"1evel1\") {\n\t\t\t\t\tjQuery(\"#ufg_last_clicked_filter_parent_id\").val(id);\n\t\t\t\t}\n\t\t\t\t\n\t\t\t\t\/* set current last clicked parent filter id *\/\n\t\t\t\tjQuery(\"#ufg_current_clicked_parent_filter_id\").val(id);\n\t\t\t\tjQuery(\"#ufg_last_clicked_filter_parent_id\").val(id);\n\t\t\t\t\n\t\t\t} else {\n\t\t\t\t\n\t\t\t\t\/* transfer current filter to last filter (transfer before getting filter level) *\/\n\t\t\t\tjQuery(\"#ufg_last_clicked_filter_id\").val(ufg_current_clicked_filter_id);\n\t\t\t\tjQuery(\"#ufg_last_clicked_filter_level\").val(ufg_current_clicked_filter_level);\n\t\t\t\t\n\t\t\t\t\/\/get current clicked filter level *\/\n\t\t\t\t\/\/console.log(id.match(\"1evel1\")); *\/\n\t\t\t\tif(id.match(\"1evel1\")){ ufg_current_clicked_filter_level = \"1evel1\"; }\n\t\t\t\t\/\/console.log(ufg_current_clicked_filter_level); *\/\n\t\t\t\tif(id.match(\"level2\")){ ufg_current_clicked_filter_level = \"level2\"; }\n\t\t\t\t\/\/console.log(ufg_current_clicked_filter_level); *\/\n\t\t\t\tif(id.match(\"level3\")){ ufg_current_clicked_filter_level = \"level3\"; }\n\t\t\t\t\/\/console.log(ufg_current_clicked_filter_level); *\/\n\t\t\t\t\n\t\t\t\t\/* set current filters *\/\n\t\t\t\tjQuery(\"#ufg_current_clicked_filter_id\").val(id);\n\t\t\t\tjQuery(\"#ufg_current_clicked_filter_level\").val(ufg_current_clicked_filter_level);\n\t\t\t\t\n\t\t\t\tufg_last_clicked_filter_id = jQuery(\"#ufg_last_clicked_filter_id\").val(); \/* get last clicked filter id *\/\n\t\t\t\tufg_last_clicked_filter_level = jQuery(\"#ufg_last_clicked_filter_level\").val(); \/* get last clicked filter level *\/\n\t\t\t\t\n\t\t\t\t\/* remove check icon on last clicked filter - if same level2 filter button clicked *\/\n\t\t\t\tif(ufg_current_clicked_filter_level == \"level2\" && ufg_last_clicked_filter_level == \"level2\"){\n\t\t\t\t\t\/* remove check icon from last clicked filter button *\/\n\t\t\t\t\tufg_btn_text = jQuery(\"#\" + ufg_last_clicked_filter_id).html(); \/* get html value *\/\n\t\t\t\t\t\/\/console.log(ufg_btn_text);\n\t\t\t\t\tufg_btn_text = ufg_btn_text.replace(' <i class=\"fas fa-check\"><\/i>', ''); \/* remove icon *\/\n\t\t\t\t\t\/\/console.log(ufg_btn_text);\n\t\t\t\t\tjQuery(\"#\" + ufg_last_clicked_filter_id).html(ufg_btn_text); \/* set remove icon *\/\n\t\t\t\t}\n\t\t\t\t\n\t\t\t\t\/* when transferring filter from level2 to level1 *\/\n\t\t\t\tif(ufg_current_clicked_filter_level === \"1evel1\") {\n\t\t\t\t\t\/* transfer last clicked parent filter id to current  *\/\n\t\t\t\t\tjQuery(\"#ufg_current_clicked_parent_filter_id\").val(id);\n\t\t\t\t\tjQuery(\"#ufg_last_clicked_parent_filter_id\").val(ufg_current_clicked_parent_filter_id);\n\t\t\t\t\t\n\t\t\t\t\t\/* remove check icon from last clicked filter button *\/\n\t\t\t\t\tufg_btn_text = jQuery(\"#\" + ufg_current_clicked_parent_filter_id).html(); \/* get html value *\/\n\t\t\t\t\t\/\/console.log(ufg_btn_text);\n\t\t\t\t\tufg_btn_text = ufg_btn_text.replace(' <i class=\"fas fa-check\"><\/i>', ''); \/* remove icon *\/\n\t\t\t\t\t\/\/console.log(ufg_btn_text);\n\t\t\t\t\tjQuery(\"#\" + ufg_current_clicked_parent_filter_id).html(ufg_btn_text); \/* set remove icon *\/\n\t\t\t\t\t\n\t\t\t\t\t\/* remove check icon from last clicked first filter button *\/\n\t\t\t\t\tufg_btn_text = jQuery(\"#\" + ufg_last_clicked_filter_id).html(); \/* get html value *\/\n\t\t\t\t\t\/\/console.log(ufg_btn_text);\n\t\t\t\t\tufg_btn_text = ufg_btn_text.replace(' <i class=\"fas fa-check\"><\/i>', ''); \/* remove icon *\/\n\t\t\t\t\t\/\/console.log(ufg_btn_text);\n\t\t\t\t\tjQuery(\"#\" + ufg_last_clicked_filter_id).html(ufg_btn_text); \/* set remove icon *\/\n\t\t\t\t}\n\t\t\t}\n\t\t\t\n\t\t\t\/* add check icon on current clicked filter *\/\n\t\t\tufg_btn_text = jQuery(\"#\" + id).html(); \/* get html value *\/\n\t\t\t\/\/console.log(ufg_btn_text);\n\t\t\tjQuery(\"#\" + id).html(ufg_btn_text + ' <i class=\"fas fa-check\"><\/i>');\n\t\t\t\n\t\t\t\/* hide all level 2 button *\/\n\t\t\tif(ufg_current_clicked_filter_level != \"level2\"){ \/* display only level on filter accordingly parent filters clicked *\/\n\t\t\t\tjQuery('button.ufg-level-one-button').fadeOut(); \/\/hide all level 1 buttons *\/\n\t\t\t}\n\t\t\t\n\t\t\t\/\/filtering *\/\n\t\t\tif(value == \"all\") {\n\t\t\t\t\/* show all filters *\/\n\t\t\t\tjQuery('button.ufg-parent-filters ').fadeIn( \"slow\" ); \/\/display all filters *\/\n\t\t\t\t\n\t\t\t\t\/* show all images *\/\n\t\t\t\tjQuery('div#ufg-thumbnail').fadeIn( \"slow\" ); \/\/display all images *\/\n\t\t\t\t\n\t\t\t\t\/* lightbox - remove data attribute and dynamic add lightbox data-lightbox to anchor tag *\/\n\t\t\t\t\t\t\t} else {\n\t\t\t\t\/* remove data-lightbox attribute from all ufg-thumbnail *\/\n\t\t\t\t\t\t\t\t\n\t\t\t\t\/* show hide images *\/\n\t\t\t\tjQuery('div#ufg-thumbnail').fadeOut( \"slow\" ); \/\/hide all visible images *\/\n\t\t\t\tjQuery('div.' + value).fadeIn( \"slow\" ); \/\/display only clicked images \/\/and filters button *\/\n\t\t\t\tjQuery('button.' + value).fadeIn( \"slow\" ); \/\/display only clicked filters button and images *\/\n\t\t\t\t\n\t\t\t\t\/* dynamically add lightbox data-filter classes accordingly parent and sub filter clicked *\/\n\t\t\t\t\t\t\t}\n\t\t}\n\n\t\t\t\t<\/script>\n\t\t<\/div>\n\t\t<!-- printing gallery end-->\n\t\t\n\t\t<style>\n\t\t.ufg-all-filter-button {\n\t\t\tcolor: #FFFFFF !important;\n\t\t\tbackground-color: #90a080 !important;\n\t\t\tborder-color: #90a080 !important;\n\t\t}\n\t\t.ufg-parent-filter-button {\n\t\t\tcolor: #FFFFFF !important;\n\t\t\tbackground-color: #bfcea5 !important;\n\t\t\tborder-color: #bfcea5 !important;\n\t\t}\n\t\t.ufg-level-one-button {\n\t\t\tcolor: #6C757D !important;\n\t\t\tbackground-color: #0069D9 !important;\n\t\t\tborder-color: #0069D9 !important;\n\t\t}\n\t\t.ufg-thumbnail-border {\n\t\t\t\t\t\tborder-radius: 0.25rem !important;\n\t\t}\n\t\t.ufg-image-title {\n\t\t\tfont-size: 24px !important;\n\t\t\tcolor: #FFFFFF !important;\n\t\t\tbackground-color: #000000 !important;\n\t\t}\n\t\t<\/style>\n\t\t<\/p>\t\t\t\t\t\t\t\t<\/div>\n\t\t\t\t<\/div>\n\t\t\t\t\t<\/div>\n\t\t<\/div>\n\t\t\t\t\t<\/div>\n\t\t<\/section>\n\t\t\t\t<\/div>\n\t\t","protected":false},"excerpt":{"rendered":"<p>QUELQUES photos<\/p>\n","protected":false},"author":1,"featured_media":0,"parent":0,"menu_order":0,"comment_status":"closed","ping_status":"closed","template":"","meta":{"footnotes":""},"class_list":["post-8172","page","type-page","status-publish","hentry"],"yoast_head":"<!-- This site is optimized with the Yoast SEO plugin v27.5 - https:\/\/yoast.com\/product\/yoast-seo-wordpress\/ -->\n<title>Gallery - Appartamenti vacanza Valle d&#039;Aosta - Da Cien Appartamenti Vacanza Valle d&#039;Aosta<\/title>\n<meta name=\"robots\" content=\"index, follow, max-snippet:-1, max-image-preview:large, max-video-preview:-1\" \/>\n<link rel=\"canonical\" href=\"https:\/\/appartamentivacanzevda.com\/gallery\/\" \/>\n<meta property=\"og:locale\" content=\"fr_FR\" \/>\n<meta property=\"og:type\" content=\"article\" \/>\n<meta property=\"og:title\" content=\"Gallery - Appartamenti vacanza Valle d&#039;Aosta - Da Cien Appartamenti Vacanza Valle d&#039;Aosta\" \/>\n<meta property=\"og:description\" content=\"QUELQUES photos\" \/>\n<meta property=\"og:url\" content=\"https:\/\/appartamentivacanzevda.com\/gallery\/\" \/>\n<meta property=\"og:site_name\" content=\"Appartamenti vacanza Valle d&#039;Aosta - Da Cien Appartamenti Vacanza Valle d&#039;Aosta\" \/>\n<meta property=\"article:modified_time\" content=\"2024-12-11T13:16:29+00:00\" \/>\n<meta name=\"twitter:card\" content=\"summary_large_image\" \/>\n<meta name=\"twitter:label1\" content=\"Dur\u00e9e de lecture estim\u00e9e\" \/>\n\t<meta name=\"twitter:data1\" content=\"1 minute\" \/>\n<script type=\"application\/ld+json\" class=\"yoast-schema-graph\">{\"@context\":\"https:\\\/\\\/schema.org\",\"@graph\":[{\"@type\":\"WebPage\",\"@id\":\"https:\\\/\\\/appartamentivacanzevda.com\\\/gallery\\\/\",\"url\":\"https:\\\/\\\/appartamentivacanzevda.com\\\/gallery\\\/\",\"name\":\"Gallery - Appartamenti vacanza Valle d&#039;Aosta - Da Cien Appartamenti Vacanza Valle d&#039;Aosta\",\"isPartOf\":{\"@id\":\"https:\\\/\\\/appartamentivacanzevda.com\\\/#website\"},\"datePublished\":\"2021-03-30T08:59:05+00:00\",\"dateModified\":\"2024-12-11T13:16:29+00:00\",\"breadcrumb\":{\"@id\":\"https:\\\/\\\/appartamentivacanzevda.com\\\/gallery\\\/#breadcrumb\"},\"inLanguage\":\"fr-FR\",\"potentialAction\":[{\"@type\":\"ReadAction\",\"target\":[\"https:\\\/\\\/appartamentivacanzevda.com\\\/gallery\\\/\"]}]},{\"@type\":\"BreadcrumbList\",\"@id\":\"https:\\\/\\\/appartamentivacanzevda.com\\\/gallery\\\/#breadcrumb\",\"itemListElement\":[{\"@type\":\"ListItem\",\"position\":1,\"name\":\"Accueil\",\"item\":\"https:\\\/\\\/appartamentivacanzevda.com\\\/\"},{\"@type\":\"ListItem\",\"position\":2,\"name\":\"Gallery\"}]},{\"@type\":\"WebSite\",\"@id\":\"https:\\\/\\\/appartamentivacanzevda.com\\\/#website\",\"url\":\"https:\\\/\\\/appartamentivacanzevda.com\\\/\",\"name\":\"Appartamenti vacanza Valle d&#039;Aosta - Da Cien Appartamenti Vacanza Valle d&#039;Aosta\",\"description\":\"Appartamenti vacanza Valle d&#039;Aosta - Da Cien Appartamenti Vacanza Valle d&#039;Aosta\",\"potentialAction\":[{\"@type\":\"SearchAction\",\"target\":{\"@type\":\"EntryPoint\",\"urlTemplate\":\"https:\\\/\\\/appartamentivacanzevda.com\\\/?s={search_term_string}\"},\"query-input\":{\"@type\":\"PropertyValueSpecification\",\"valueRequired\":true,\"valueName\":\"search_term_string\"}}],\"inLanguage\":\"fr-FR\"}]}<\/script>\n<!-- \/ Yoast SEO plugin. -->","yoast_head_json":{"title":"Gallery - Appartamenti vacanza Valle d&#039;Aosta - Da Cien Appartamenti Vacanza Valle d&#039;Aosta","robots":{"index":"index","follow":"follow","max-snippet":"max-snippet:-1","max-image-preview":"max-image-preview:large","max-video-preview":"max-video-preview:-1"},"canonical":"https:\/\/appartamentivacanzevda.com\/gallery\/","og_locale":"fr_FR","og_type":"article","og_title":"Gallery - Appartamenti vacanza Valle d&#039;Aosta - Da Cien Appartamenti Vacanza Valle d&#039;Aosta","og_description":"QUELQUES photos","og_url":"https:\/\/appartamentivacanzevda.com\/gallery\/","og_site_name":"Appartamenti vacanza Valle d&#039;Aosta - Da Cien Appartamenti Vacanza Valle d&#039;Aosta","article_modified_time":"2024-12-11T13:16:29+00:00","twitter_card":"summary_large_image","twitter_misc":{"Dur\u00e9e de lecture estim\u00e9e":"1 minute"},"schema":{"@context":"https:\/\/schema.org","@graph":[{"@type":"WebPage","@id":"https:\/\/appartamentivacanzevda.com\/gallery\/","url":"https:\/\/appartamentivacanzevda.com\/gallery\/","name":"Gallery - Appartamenti vacanza Valle d&#039;Aosta - Da Cien Appartamenti Vacanza Valle d&#039;Aosta","isPartOf":{"@id":"https:\/\/appartamentivacanzevda.com\/#website"},"datePublished":"2021-03-30T08:59:05+00:00","dateModified":"2024-12-11T13:16:29+00:00","breadcrumb":{"@id":"https:\/\/appartamentivacanzevda.com\/gallery\/#breadcrumb"},"inLanguage":"fr-FR","potentialAction":[{"@type":"ReadAction","target":["https:\/\/appartamentivacanzevda.com\/gallery\/"]}]},{"@type":"BreadcrumbList","@id":"https:\/\/appartamentivacanzevda.com\/gallery\/#breadcrumb","itemListElement":[{"@type":"ListItem","position":1,"name":"Accueil","item":"https:\/\/appartamentivacanzevda.com\/"},{"@type":"ListItem","position":2,"name":"Gallery"}]},{"@type":"WebSite","@id":"https:\/\/appartamentivacanzevda.com\/#website","url":"https:\/\/appartamentivacanzevda.com\/","name":"Appartamenti vacanza Valle d&#039;Aosta - Da Cien Appartamenti Vacanza Valle d&#039;Aosta","description":"Appartamenti vacanza Valle d&#039;Aosta - Da Cien Appartamenti Vacanza Valle d&#039;Aosta","potentialAction":[{"@type":"SearchAction","target":{"@type":"EntryPoint","urlTemplate":"https:\/\/appartamentivacanzevda.com\/?s={search_term_string}"},"query-input":{"@type":"PropertyValueSpecification","valueRequired":true,"valueName":"search_term_string"}}],"inLanguage":"fr-FR"}]}},"_links":{"self":[{"href":"https:\/\/appartamentivacanzevda.com\/fr\/wp-json\/wp\/v2\/pages\/8172","targetHints":{"allow":["GET"]}}],"collection":[{"href":"https:\/\/appartamentivacanzevda.com\/fr\/wp-json\/wp\/v2\/pages"}],"about":[{"href":"https:\/\/appartamentivacanzevda.com\/fr\/wp-json\/wp\/v2\/types\/page"}],"author":[{"embeddable":true,"href":"https:\/\/appartamentivacanzevda.com\/fr\/wp-json\/wp\/v2\/users\/1"}],"replies":[{"embeddable":true,"href":"https:\/\/appartamentivacanzevda.com\/fr\/wp-json\/wp\/v2\/comments?post=8172"}],"version-history":[{"count":12,"href":"https:\/\/appartamentivacanzevda.com\/fr\/wp-json\/wp\/v2\/pages\/8172\/revisions"}],"predecessor-version":[{"id":10692,"href":"https:\/\/appartamentivacanzevda.com\/fr\/wp-json\/wp\/v2\/pages\/8172\/revisions\/10692"}],"wp:attachment":[{"href":"https:\/\/appartamentivacanzevda.com\/fr\/wp-json\/wp\/v2\/media?parent=8172"}],"curies":[{"name":"wp","href":"https:\/\/api.w.org\/{rel}","templated":true}]}}