{"id":8182,"date":"2021-11-12T11:18:09","date_gmt":"2021-11-12T10:18:09","guid":{"rendered":"http:\/\/lesplaisirsdantan.turismok.com\/chambres-avec-jacuzzi-a-aoste\/"},"modified":"2026-04-10T11:05:25","modified_gmt":"2026-04-10T09:05:25","slug":"appartements-de-vacances-en-vallee-d-aoste","status":"publish","type":"page","link":"https:\/\/appartamentivacanzevda.com\/fr\/","title":{"rendered":"Appartements de vacances en Vall\u00e9e d&rsquo;Aoste"},"content":{"rendered":"\t\t<div data-elementor-type=\"wp-page\" data-elementor-id=\"8182\" class=\"elementor elementor-8182 elementor-17\">\n\t\t\t\t\t\t<section class=\"elementor-section elementor-top-section elementor-element elementor-element-7610440d elementor-section-stretched elementor-section-boxed elementor-section-height-default elementor-section-height-default\" data-id=\"7610440d\" data-element_type=\"section\" data-e-type=\"section\" data-settings=\"{&quot;stretch_section&quot;:&quot;section-stretched&quot;}\">\n\t\t\t\t\t\t<div class=\"elementor-container elementor-column-gap-default\">\n\t\t\t\t\t<div class=\"elementor-column elementor-col-100 elementor-top-column elementor-element elementor-element-13c83536\" data-id=\"13c83536\" data-element_type=\"column\" data-e-type=\"column\">\n\t\t\t<div class=\"elementor-widget-wrap elementor-element-populated\">\n\t\t\t\t\t\t<div class=\"elementor-element elementor-element-3e8b67f elementor-widget elementor-widget-slider_revolution\" data-id=\"3e8b67f\" data-element_type=\"widget\" data-e-type=\"widget\" data-widget_type=\"slider_revolution.default\">\n\t\t\t\t<div class=\"elementor-widget-container\">\n\t\t\t\t\t\n\t\t<div class=\"wp-block-themepunch-revslider\">\n\t\t\t\t<p class=\"rs-p-wp-fix\"><\/p>\n\t\t\t\t<sr7-module data-alias=\"appartamenti-turismo-valle-daosta-11\" data-id=\"16\" id=\"SR7_16_1\" class=\"rs-ov-hidden\" data-version=\"6.7.54\">\n\t\t\t\t\t<sr7-adjuster><\/sr7-adjuster>\n\t\t\t\t\t<sr7-content>\n\t\t\t\t\t\t<sr7-slide id=\"SR7_16_1-26\" data-key=\"26\">\n\t\t\t\t\t\t\t<sr7-bg id=\"SR7_16_1-26-1\" class=\"sr7-layer\"><noscript><img decoding=\"async\" src=\"https:\/\/appartamentivacanzevda.com\/wp-content\/uploads\/2024\/09\/appartamenti-vacanze-valledaosta.jpg\" alt=\"appartamenti vacanze valle d&#039;aosta\" title=\"appartamenti vacanze valle d&rsquo;aosta\"><\/noscript><\/sr7-bg>\n\t\t\t\t\t\t<\/sr7-slide>\n\t\t\t\t\t\t<sr7-slide id=\"SR7_16_1-27\" data-key=\"27\">\n\t\t\t\t\t\t\t<sr7-bg id=\"SR7_16_1-27-1\" class=\"sr7-layer\"><noscript><img decoding=\"async\" src=\"https:\/\/appartamentivacanzevda.com\/wp-content\/uploads\/2024\/09\/appartamenti-vacanze-valle-daosta.jpg\" alt=\"appartamenti vacanze valle d&#039;aosta\" title=\"appartamenti vacanze valle d&rsquo;aosta\"><\/noscript><\/sr7-bg>\n\t\t\t\t\t\t<\/sr7-slide>\n\t\t\t\t\t\t<sr7-slide id=\"SR7_16_1-28\" data-key=\"28\">\n\t\t\t\t\t\t\t<sr7-bg id=\"SR7_16_1-28-1\" class=\"sr7-layer\"><noscript><img decoding=\"async\" src=\"https:\/\/appartamentivacanzevda.com\/wp-content\/uploads\/2024\/09\/appartamenti-vacanze-valle-d-aosta.jpg\" alt=\"appartamenti vacanze valle d&#039;aosta\" title=\"appartamenti vacanze valle d&rsquo;aosta\"><\/noscript><\/sr7-bg>\n\t\t\t\t\t\t<\/sr7-slide>\n\t\t\t\t\t\t<sr7-slide id=\"SR7_16_1-29\" data-key=\"29\">\n\t\t\t\t\t\t\t<sr7-txt id=\"SR7_16_1-29-0\" class=\"sr7-layer\">EN SAVOIR PLUS<\/sr7-txt>\n\t\t\t\t\t\t\t<sr7-txt id=\"SR7_16_1-29-2\" class=\"sr7-layer\">Au c\u0153ur de la Vall\u00e9e d'Aoste<\/sr7-txt>\n\t\t\t\t\t\t\t<sr7-txt id=\"SR7_16_1-29-4\" class=\"sr7-layer\">APPARTEMENTS CONFORTABLES<\/sr7-txt>\n\t\t\t\t\t\t<\/sr7-slide>\n\t\t\t\t\t<\/sr7-content>\n\t\t\t\t\t<image_lists style=\"display:none\">\n\t\t\t\t\t\t<img data-src=\"\/\/appartamentivacanzevda.com\/wp-content\/uploads\/2024\/09\/appartamenti-vacanze-valledaosta.jpg\" data-libid=\"9788\" data-lib=\"medialibrary\" alt=\"appartamenti vacanze valle d&#039;aosta\" title=\"appartamenti vacanze valle d&rsquo;aosta\" width=\"0\" height=\"0\" data-dbsrc=\"Ly9hcHBhcnRhbWVudGl2YWNhbnpldmRhLmNvbS93cC1jb250ZW50L3VwbG9hZHMvMjAyNC8wOS9hcHBhcnRhbWVudGktdmFjYW56ZS12YWxsZWRhb3N0YS5qcGc=\"\/>\n\t\t\t\t\t\t<img data-src=\"\/\/appartamentivacanzevda.com\/wp-content\/uploads\/2024\/09\/appartamenti-vacanze-valle-daosta.jpg\" data-libid=\"9791\" data-lib=\"medialibrary\" alt=\"appartamenti vacanze valle d&#039;aosta\" title=\"appartamenti vacanze valle d&rsquo;aosta\" width=\"0\" height=\"0\" data-dbsrc=\"Ly9hcHBhcnRhbWVudGl2YWNhbnpldmRhLmNvbS93cC1jb250ZW50L3VwbG9hZHMvMjAyNC8wOS9hcHBhcnRhbWVudGktdmFjYW56ZS12YWxsZS1kYW9zdGEuanBn\"\/>\n\t\t\t\t\t\t<img data-src=\"\/\/appartamentivacanzevda.com\/wp-content\/uploads\/2024\/09\/appartamenti-vacanze-valle-d-aosta.jpg\" data-libid=\"9794\" data-lib=\"medialibrary\" alt=\"appartamenti vacanze valle d&#039;aosta\" title=\"appartamenti vacanze valle d&rsquo;aosta\" width=\"0\" height=\"0\" data-dbsrc=\"Ly9hcHBhcnRhbWVudGl2YWNhbnpldmRhLmNvbS93cC1jb250ZW50L3VwbG9hZHMvMjAyNC8wOS9hcHBhcnRhbWVudGktdmFjYW56ZS12YWxsZS1kLWFvc3RhLmpwZw==\"\/>\n\t\t\t\t\t\t<img loading=\"lazy\" data-src=\"\/\/appartamentivacanzevda.com\/wp-content\/uploads\/2024\/12\/appartamenti-vacanza-nella-valle-daosta-3.jpg\" data-libid=\"10525\" data-lib=\"medialibrary\" alt=\"appartamenti vacanza nella valle d&#039;aosta\" title=\"appartamenti vacanza nella valle d&rsquo;aosta\" width=\"0\" height=\"0\" data-dbsrc=\"Ly9hcHBhcnRhbWVudGl2YWNhbnpldmRhLmNvbS93cC1jb250ZW50L3VwbG9hZHMvMjAyNC8xMi9hcHBhcnRhbWVudGktdmFjYW56YS1uZWxsYS12YWxsZS1kYW9zdGEtMy5qcGc=\"\/>\n\t\t\t\t\t<\/image_lists>\n\t\t\t\t<\/sr7-module>\n\t\t\t\t<script>\n\t\t\t\t\twindow.SR7 ??={};SR7.PMH ??={}; SR7.PMH[\"SR7_16_1\"] = {cn:100,state:false,fn: function() { if (window._tpt!==undefined && window._tpt.prepareModuleHeight !== undefined) {  _tpt.prepareModuleHeight({id:\"SR7_16_1\",el:[868,868,768,960,720],type:'standard',shdw:'0',gh:[868,868,768,960,720],gw:[1200,1200,1024,778,480],vpt:['-200px&#039;,&#039;-200px&#039;,&#039;-200px&#039;,&#039;-200px&#039;,&#039;-200px'],size:{fullWidth:true, fullHeight:true},fho:'',mh:'0',onh:0,onw:0,bg:{color:'{\"orig\":\"transparent\",\"type\":\"solid\",\"string\":\"transparent\"}'},plType:'15',plColor:'#FFFFFF'});   SR7.PMH[\"SR7_16_1\"].state=true;} else if(SR7.PMH[\"SR7_16_1\"].cn-->0)\tsetTimeout( SR7.PMH[\"SR7_16_1\"].fn,19);}};SR7.PMH[\"SR7_16_1\" ].fn();\n\t\t\t\t<\/script>\n<\/div>\n\n\t\t\t\t\t\t<\/div>\n\t\t\t\t<\/div>\n\t\t\t\t\t<\/div>\n\t\t<\/div>\n\t\t\t\t\t<\/div>\n\t\t<\/section>\n\t\t\t\t<section class=\"elementor-section elementor-top-section elementor-element elementor-element-23b332da elementor-section-stretched elementor-section-content-middle elementor-section-full_width elementor-section-height-default elementor-section-height-default\" data-id=\"23b332da\" data-element_type=\"section\" data-e-type=\"section\" data-settings=\"{&quot;stretch_section&quot;:&quot;section-stretched&quot;,&quot;background_background&quot;:&quot;classic&quot;}\">\n\t\t\t\t\t\t\t<div class=\"elementor-background-overlay\"><\/div>\n\t\t\t\t\t\t\t<div class=\"elementor-container elementor-column-gap-default\">\n\t\t\t\t\t<div class=\"elementor-column elementor-col-50 elementor-top-column elementor-element elementor-element-60245d0b elementor-invisible\" data-id=\"60245d0b\" data-element_type=\"column\" data-e-type=\"column\" data-settings=\"{&quot;animation&quot;:&quot;fadeInLeft&quot;,&quot;background_background&quot;:&quot;classic&quot;}\">\n\t\t\t<div class=\"elementor-widget-wrap elementor-element-populated\">\n\t\t\t\t\t\t<div class=\"elementor-element elementor-element-80f7cf6 elementor-widget elementor-widget-heading\" data-id=\"80f7cf6\" data-element_type=\"widget\" data-e-type=\"widget\" data-widget_type=\"heading.default\">\n\t\t\t\t<div class=\"elementor-widget-container\">\n\t\t\t\t\t<h1 class=\"elementor-heading-title elementor-size-default\">APPARTEMENTS<\/h1>\t\t\t\t<\/div>\n\t\t\t\t<\/div>\n\t\t\t\t<div class=\"elementor-element elementor-element-70db3a9 elementor-widget elementor-widget-heading\" data-id=\"70db3a9\" data-element_type=\"widget\" data-e-type=\"widget\" data-widget_type=\"heading.default\">\n\t\t\t\t<div class=\"elementor-widget-container\">\n\t\t\t\t\t<h1 class=\"elementor-heading-title elementor-size-default\">Da Cien<\/h1>\t\t\t\t<\/div>\n\t\t\t\t<\/div>\n\t\t\t\t<div class=\"elementor-element elementor-element-5915885b elementor-widget elementor-widget-heading\" data-id=\"5915885b\" data-element_type=\"widget\" data-e-type=\"widget\" data-widget_type=\"heading.default\">\n\t\t\t\t<div class=\"elementor-widget-container\">\n\t\t\t\t\t<p class=\"elementor-heading-title elementor-size-default\">Bienvenue aux <strong>Appartements Da Cien<\/strong>, le choix id\u00e9al pour votre s\u00e9jour en Vall\u00e9e d'Aoste. Situ\u00e9s dans un <strong>emplacement strat\u00e9gique<\/strong>, nos appartements neufs et modernes offrent une base parfaite pour explorer la ville historique d'Aoste et les beaut\u00e9s naturelles de la Vall\u00e9e d'Aoste.  <br><br>Chaque appartement a \u00e9t\u00e9 con\u00e7u avec une attention particuli\u00e8re aux d\u00e9tails, <strong>alliant confort et style<\/strong> pour garantir une exp\u00e9rience inoubliable. \u00c0 quelques pas des attractions culturelles, des sentiers de randonn\u00e9e et des stations de ski, nos logements vous permettront de profiter pleinement de tout ce que cette r\u00e9gion fascinante a \u00e0 offrir.  <\/p>\t\t\t\t<\/div>\n\t\t\t\t<\/div>\n\t\t\t\t\t<\/div>\n\t\t<\/div>\n\t\t\t\t<div class=\"elementor-column elementor-col-50 elementor-top-column elementor-element elementor-element-203debc8 elementor-invisible\" data-id=\"203debc8\" data-element_type=\"column\" data-e-type=\"column\" data-settings=\"{&quot;animation&quot;:&quot;fadeInRight&quot;}\">\n\t\t\t<div class=\"elementor-widget-wrap elementor-element-populated\">\n\t\t\t\t\t\t<div class=\"elementor-element elementor-element-56785da4 elementor-widget elementor-widget-image\" data-id=\"56785da4\" data-element_type=\"widget\" data-e-type=\"widget\" data-widget_type=\"image.default\">\n\t\t\t\t<div class=\"elementor-widget-container\">\n\t\t\t\t\t\t\t\t\t\t\t\t\t\t\t<img decoding=\"async\" src=\"https:\/\/appartamentivacanzevda.com\/wp-content\/uploads\/elementor\/thumbs\/casa-vacanzavalledaosta-qrte8brumiw5slajh71uola6rc4kfaj4l9ddi497pc.jpg\" title=\"casa-vacanzavalledaosta\" alt=\"appartamenti vacanza valle d&#039;aosta\" loading=\"lazy\" \/>\t\t\t\t\t\t\t\t\t\t\t\t\t\t\t<\/div>\n\t\t\t\t<\/div>\n\t\t\t\t\t<\/div>\n\t\t<\/div>\n\t\t\t\t\t<\/div>\n\t\t<\/section>\n\t\t\t\t<section class=\"elementor-section elementor-top-section elementor-element elementor-element-52723609 elementor-section-content-middle elementor-section-stretched elementor-section-boxed elementor-section-height-default elementor-section-height-default\" data-id=\"52723609\" data-element_type=\"section\" data-e-type=\"section\" data-settings=\"{&quot;stretch_section&quot;:&quot;section-stretched&quot;,&quot;background_background&quot;:&quot;classic&quot;}\">\n\t\t\t\t\t\t\t<div class=\"elementor-background-overlay\"><\/div>\n\t\t\t\t\t\t\t<div class=\"elementor-container elementor-column-gap-default\">\n\t\t\t\t\t<div class=\"elementor-column elementor-col-33 elementor-top-column elementor-element elementor-element-68f7ecfe\" data-id=\"68f7ecfe\" data-element_type=\"column\" data-e-type=\"column\">\n\t\t\t<div class=\"elementor-widget-wrap\">\n\t\t\t\t\t\t\t<\/div>\n\t\t<\/div>\n\t\t\t\t<div class=\"elementor-column elementor-col-33 elementor-top-column elementor-element elementor-element-3b1ca6f3\" data-id=\"3b1ca6f3\" data-element_type=\"column\" data-e-type=\"column\">\n\t\t\t<div class=\"elementor-widget-wrap elementor-element-populated\">\n\t\t\t\t\t\t<div class=\"elementor-element elementor-element-3faf4f5 elementor-widget elementor-widget-heading\" data-id=\"3faf4f5\" data-element_type=\"widget\" data-e-type=\"widget\" data-widget_type=\"heading.default\">\n\t\t\t\t<div class=\"elementor-widget-container\">\n\t\t\t\t\t<h1 class=\"elementor-heading-title elementor-size-default\">TOUS<\/h1>\t\t\t\t<\/div>\n\t\t\t\t<\/div>\n\t\t\t\t<div class=\"elementor-element elementor-element-8c00787 elementor-widget elementor-widget-heading\" data-id=\"8c00787\" data-element_type=\"widget\" data-e-type=\"widget\" data-widget_type=\"heading.default\">\n\t\t\t\t<div class=\"elementor-widget-container\">\n\t\t\t\t\t<h1 class=\"elementor-heading-title elementor-size-default\">Les appartements<\/h1>\t\t\t\t<\/div>\n\t\t\t\t<\/div>\n\t\t\t\t<div class=\"elementor-element elementor-element-31a4a28d elementor-widget elementor-widget-heading\" data-id=\"31a4a28d\" data-element_type=\"widget\" data-e-type=\"widget\" data-widget_type=\"heading.default\">\n\t\t\t\t<div class=\"elementor-widget-container\">\n\t\t\t\t\t<p class=\"elementor-heading-title elementor-size-default\">D\u00e9couvrez le confort et la modernit\u00e9 de nos appartements. Chacun est \u00e9quip\u00e9 de tout le n\u00e9cessaire pour un s\u00e9jour parfait : <b>salle de bain priv\u00e9e, acc\u00e8s ind\u00e9pendant et cuisine enti\u00e8rement \u00e9quip\u00e9e<\/b>. Profitez d'une <b>vue panoramique \u00e0 couper le souffle<\/b> et d\u00e9tendez-vous dans le <b>jardin <\/b>commun, id\u00e9al pour des moments de relaxation en plein air. Que vous planifiiez des vacances aventureuses ou une retraite paisible, nos appartements offrent un accueil incomparable dans un cadre extraordinaire.   <\/p>\t\t\t\t<\/div>\n\t\t\t\t<\/div>\n\t\t\t\t\t<\/div>\n\t\t<\/div>\n\t\t\t\t<div class=\"elementor-column elementor-col-33 elementor-top-column elementor-element elementor-element-3e3d6af9\" data-id=\"3e3d6af9\" data-element_type=\"column\" data-e-type=\"column\">\n\t\t\t<div class=\"elementor-widget-wrap\">\n\t\t\t\t\t\t\t<\/div>\n\t\t<\/div>\n\t\t\t\t\t<\/div>\n\t\t<\/section>\n\t\t\t\t<section class=\"elementor-section elementor-top-section elementor-element elementor-element-5aee37d3 elementor-section-stretched elementor-section-boxed elementor-section-height-default elementor-section-height-default\" data-id=\"5aee37d3\" data-element_type=\"section\" data-e-type=\"section\" data-settings=\"{&quot;stretch_section&quot;:&quot;section-stretched&quot;,&quot;background_background&quot;:&quot;classic&quot;}\">\n\t\t\t\t\t\t\t<div class=\"elementor-background-overlay\"><\/div>\n\t\t\t\t\t\t\t<div class=\"elementor-container elementor-column-gap-default\">\n\t\t\t\t\t<div class=\"elementor-column elementor-col-33 elementor-top-column elementor-element elementor-element-73e6b9d4 elementor-invisible\" data-id=\"73e6b9d4\" data-element_type=\"column\" data-e-type=\"column\" data-settings=\"{&quot;background_background&quot;:&quot;classic&quot;,&quot;animation&quot;:&quot;fadeIn&quot;}\">\n\t\t\t<div class=\"elementor-widget-wrap elementor-element-populated\">\n\t\t\t\t\t\t<section class=\"elementor-section elementor-inner-section elementor-element elementor-element-12ddeef1 elementor-section-boxed elementor-section-height-default elementor-section-height-default\" data-id=\"12ddeef1\" data-element_type=\"section\" data-e-type=\"section\">\n\t\t\t\t\t\t<div class=\"elementor-container elementor-column-gap-default\">\n\t\t\t\t\t<div class=\"elementor-column elementor-col-100 elementor-inner-column elementor-element elementor-element-20e9b855\" data-id=\"20e9b855\" data-element_type=\"column\" data-e-type=\"column\" data-settings=\"{&quot;background_background&quot;:&quot;classic&quot;}\">\n\t\t\t<div class=\"elementor-widget-wrap elementor-element-populated\">\n\t\t\t\t\t\t<div class=\"elementor-element elementor-element-50234012 elementor-widget elementor-widget-image\" data-id=\"50234012\" data-element_type=\"widget\" data-e-type=\"widget\" data-widget_type=\"image.default\">\n\t\t\t\t<div class=\"elementor-widget-container\">\n\t\t\t\t\t\t\t\t\t\t\t\t\t\t\t<img loading=\"lazy\" decoding=\"async\" width=\"800\" height=\"800\" src=\"https:\/\/appartamentivacanzevda.com\/wp-content\/uploads\/2024\/07\/valle-daosta-appartamenti-vacanza.jpg\" class=\"elementor-animation-float attachment-large size-large wp-image-9037\" alt=\"appartamenti vacanza valle d&#039;aosta\" srcset=\"https:\/\/appartamentivacanzevda.com\/wp-content\/uploads\/2024\/07\/valle-daosta-appartamenti-vacanza.jpg 800w, https:\/\/appartamentivacanzevda.com\/wp-content\/uploads\/2024\/07\/valle-daosta-appartamenti-vacanza-300x300.jpg 300w, https:\/\/appartamentivacanzevda.com\/wp-content\/uploads\/2024\/07\/valle-daosta-appartamenti-vacanza-150x150.jpg 150w, https:\/\/appartamentivacanzevda.com\/wp-content\/uploads\/2024\/07\/valle-daosta-appartamenti-vacanza-768x768.jpg 768w\" sizes=\"(max-width: 800px) 100vw, 800px\" \/>\t\t\t\t\t\t\t\t\t\t\t\t\t\t\t<\/div>\n\t\t\t\t<\/div>\n\t\t\t\t<div class=\"elementor-element elementor-element-6c313a7 elementor-widget elementor-widget-heading\" data-id=\"6c313a7\" data-element_type=\"widget\" data-e-type=\"widget\" data-widget_type=\"heading.default\">\n\t\t\t\t<div class=\"elementor-widget-container\">\n\t\t\t\t\t<h1 class=\"elementor-heading-title elementor-size-default\">STUDIOS<\/h1>\t\t\t\t<\/div>\n\t\t\t\t<\/div>\n\t\t\t\t<div class=\"elementor-element elementor-element-b94e625 elementor-widget elementor-widget-heading\" data-id=\"b94e625\" data-element_type=\"widget\" data-e-type=\"widget\" data-widget_type=\"heading.default\">\n\t\t\t\t<div class=\"elementor-widget-container\">\n\t\t\t\t\t<h1 class=\"elementor-heading-title elementor-size-default\">Deluxe<\/h1>\t\t\t\t<\/div>\n\t\t\t\t<\/div>\n\t\t\t\t<div class=\"elementor-element elementor-element-fa3cba5 elementor-widget elementor-widget-heading\" data-id=\"fa3cba5\" data-element_type=\"widget\" data-e-type=\"widget\" data-widget_type=\"heading.default\">\n\t\t\t\t<div class=\"elementor-widget-container\">\n\t\t\t\t\t<p class=\"elementor-heading-title elementor-size-default\">Studios chaleureux avec salle de bain priv\u00e9e, cuisine \u00e9quip\u00e9e, chemin\u00e9e d\u00e9corative et vue charmante sur les montagnes environnantes<\/p>\t\t\t\t<\/div>\n\t\t\t\t<\/div>\n\t\t\t\t<div class=\"elementor-element elementor-element-4fbf1098 elementor-align-left elementor-mobile-align-center elementor-widget elementor-widget-button\" data-id=\"4fbf1098\" data-element_type=\"widget\" data-e-type=\"widget\" data-widget_type=\"button.default\">\n\t\t\t\t<div class=\"elementor-widget-container\">\n\t\t\t\t\t\t\t\t\t<div class=\"elementor-button-wrapper\">\n\t\t\t\t\t<a class=\"elementor-button elementor-button-link elementor-size-sm\" href=\"\/fr\/appartements-de-vacances\/studios-deluxe\/\">\n\t\t\t\t\t\t<span class=\"elementor-button-content-wrapper\">\n\t\t\t\t\t\t\t\t\t<span class=\"elementor-button-text\">EN SAVOIR PLUS<\/span>\n\t\t\t\t\t<\/span>\n\t\t\t\t\t<\/a>\n\t\t\t\t<\/div>\n\t\t\t\t\t\t\t\t<\/div>\n\t\t\t\t<\/div>\n\t\t\t\t\t<\/div>\n\t\t<\/div>\n\t\t\t\t\t<\/div>\n\t\t<\/section>\n\t\t\t\t\t<\/div>\n\t\t<\/div>\n\t\t\t\t<div class=\"elementor-column elementor-col-33 elementor-top-column elementor-element elementor-element-605352ec elementor-invisible\" data-id=\"605352ec\" data-element_type=\"column\" data-e-type=\"column\" data-settings=\"{&quot;background_background&quot;:&quot;classic&quot;,&quot;animation&quot;:&quot;fadeIn&quot;,&quot;animation_delay&quot;:300}\">\n\t\t\t<div class=\"elementor-widget-wrap elementor-element-populated\">\n\t\t\t\t\t\t<section class=\"elementor-section elementor-inner-section elementor-element elementor-element-6afbf9fe elementor-section-boxed elementor-section-height-default elementor-section-height-default\" data-id=\"6afbf9fe\" data-element_type=\"section\" data-e-type=\"section\">\n\t\t\t\t\t\t<div class=\"elementor-container elementor-column-gap-default\">\n\t\t\t\t\t<div class=\"elementor-column elementor-col-100 elementor-inner-column elementor-element elementor-element-57dd3790\" data-id=\"57dd3790\" data-element_type=\"column\" data-e-type=\"column\" data-settings=\"{&quot;background_background&quot;:&quot;classic&quot;}\">\n\t\t\t<div class=\"elementor-widget-wrap elementor-element-populated\">\n\t\t\t\t\t<div class=\"elementor-background-overlay\"><\/div>\n\t\t\t\t\t\t<div class=\"elementor-element elementor-element-8cef81f elementor-widget elementor-widget-image\" data-id=\"8cef81f\" data-element_type=\"widget\" data-e-type=\"widget\" data-widget_type=\"image.default\">\n\t\t\t\t<div class=\"elementor-widget-container\">\n\t\t\t\t\t\t\t\t\t\t\t\t\t\t\t<img loading=\"lazy\" decoding=\"async\" width=\"800\" height=\"800\" src=\"https:\/\/appartamentivacanzevda.com\/wp-content\/uploads\/2024\/10\/appartamenti-vacanza-nella-valle-daosta-1.jpg\" class=\"elementor-animation-float attachment-large size-large wp-image-9870\" alt=\"appartamenti vacanza nella valle d&#039;aosta\" srcset=\"https:\/\/appartamentivacanzevda.com\/wp-content\/uploads\/2024\/10\/appartamenti-vacanza-nella-valle-daosta-1.jpg 800w, https:\/\/appartamentivacanzevda.com\/wp-content\/uploads\/2024\/10\/appartamenti-vacanza-nella-valle-daosta-1-300x300.jpg 300w, https:\/\/appartamentivacanzevda.com\/wp-content\/uploads\/2024\/10\/appartamenti-vacanza-nella-valle-daosta-1-150x150.jpg 150w, https:\/\/appartamentivacanzevda.com\/wp-content\/uploads\/2024\/10\/appartamenti-vacanza-nella-valle-daosta-1-768x768.jpg 768w, https:\/\/appartamentivacanzevda.com\/wp-content\/uploads\/2024\/10\/appartamenti-vacanza-nella-valle-daosta-1-200x200.jpg 200w, https:\/\/appartamentivacanzevda.com\/wp-content\/uploads\/2024\/10\/appartamenti-vacanza-nella-valle-daosta-1-400x400.jpg 400w\" sizes=\"(max-width: 800px) 100vw, 800px\" \/>\t\t\t\t\t\t\t\t\t\t\t\t\t\t\t<\/div>\n\t\t\t\t<\/div>\n\t\t\t\t<div class=\"elementor-element elementor-element-a0b272b elementor-widget elementor-widget-heading\" data-id=\"a0b272b\" data-element_type=\"widget\" data-e-type=\"widget\" data-widget_type=\"heading.default\">\n\t\t\t\t<div class=\"elementor-widget-container\">\n\t\t\t\t\t<h1 class=\"elementor-heading-title elementor-size-default\">STUDIOS<\/h1>\t\t\t\t<\/div>\n\t\t\t\t<\/div>\n\t\t\t\t<div class=\"elementor-element elementor-element-e3c07c8 elementor-widget elementor-widget-heading\" data-id=\"e3c07c8\" data-element_type=\"widget\" data-e-type=\"widget\" data-widget_type=\"heading.default\">\n\t\t\t\t<div class=\"elementor-widget-container\">\n\t\t\t\t\t<h1 class=\"elementor-heading-title elementor-size-default\">Plus<\/h1>\t\t\t\t<\/div>\n\t\t\t\t<\/div>\n\t\t\t\t<div class=\"elementor-element elementor-element-fbd4019 elementor-widget elementor-widget-heading\" data-id=\"fbd4019\" data-element_type=\"widget\" data-e-type=\"widget\" data-widget_type=\"heading.default\">\n\t\t\t\t<div class=\"elementor-widget-container\">\n\t\t\t\t\t<p class=\"elementor-heading-title elementor-size-default\">Studios spacieux avec mezzanine, salle de bain priv\u00e9e et cuisine \u00e9quip\u00e9e, parfaits pour un s\u00e9jour authentique et relaxant en Vall\u00e9e d'Aoste<\/p>\t\t\t\t<\/div>\n\t\t\t\t<\/div>\n\t\t\t\t<div class=\"elementor-element elementor-element-7220b01 elementor-align-left elementor-mobile-align-center elementor-widget elementor-widget-button\" data-id=\"7220b01\" data-element_type=\"widget\" data-e-type=\"widget\" data-widget_type=\"button.default\">\n\t\t\t\t<div class=\"elementor-widget-container\">\n\t\t\t\t\t\t\t\t\t<div class=\"elementor-button-wrapper\">\n\t\t\t\t\t<a class=\"elementor-button elementor-button-link elementor-size-sm\" href=\"\/fr\/appartements-de-vacances\/studios-plus\/\">\n\t\t\t\t\t\t<span class=\"elementor-button-content-wrapper\">\n\t\t\t\t\t\t\t\t\t<span class=\"elementor-button-text\">EN SAVOIR PLUS<\/span>\n\t\t\t\t\t<\/span>\n\t\t\t\t\t<\/a>\n\t\t\t\t<\/div>\n\t\t\t\t\t\t\t\t<\/div>\n\t\t\t\t<\/div>\n\t\t\t\t\t<\/div>\n\t\t<\/div>\n\t\t\t\t\t<\/div>\n\t\t<\/section>\n\t\t\t\t\t<\/div>\n\t\t<\/div>\n\t\t\t\t<div class=\"elementor-column elementor-col-33 elementor-top-column elementor-element elementor-element-ef420cc elementor-invisible\" data-id=\"ef420cc\" data-element_type=\"column\" data-e-type=\"column\" data-settings=\"{&quot;background_background&quot;:&quot;classic&quot;,&quot;animation&quot;:&quot;fadeIn&quot;,&quot;animation_delay&quot;:600}\">\n\t\t\t<div class=\"elementor-widget-wrap elementor-element-populated\">\n\t\t\t\t\t\t<section class=\"elementor-section elementor-inner-section elementor-element elementor-element-32dce6c7 elementor-section-boxed elementor-section-height-default elementor-section-height-default\" data-id=\"32dce6c7\" data-element_type=\"section\" data-e-type=\"section\">\n\t\t\t\t\t\t<div class=\"elementor-container elementor-column-gap-default\">\n\t\t\t\t\t<div class=\"elementor-column elementor-col-100 elementor-inner-column elementor-element elementor-element-0ba0d52\" data-id=\"0ba0d52\" data-element_type=\"column\" data-e-type=\"column\" data-settings=\"{&quot;background_background&quot;:&quot;classic&quot;}\">\n\t\t\t<div class=\"elementor-widget-wrap elementor-element-populated\">\n\t\t\t\t\t\t<div class=\"elementor-element elementor-element-0b41e39 elementor-widget elementor-widget-image\" data-id=\"0b41e39\" data-element_type=\"widget\" data-e-type=\"widget\" data-widget_type=\"image.default\">\n\t\t\t\t<div class=\"elementor-widget-container\">\n\t\t\t\t\t\t\t\t\t\t\t\t\t\t\t<img loading=\"lazy\" decoding=\"async\" width=\"800\" height=\"800\" src=\"https:\/\/appartamentivacanzevda.com\/wp-content\/uploads\/2024\/07\/valledaosta-appartamenti-vacanza.jpg\" class=\"elementor-animation-float attachment-large size-large wp-image-9034\" alt=\"appartamenti vacanza valle d&#039;aosta\" srcset=\"https:\/\/appartamentivacanzevda.com\/wp-content\/uploads\/2024\/07\/valledaosta-appartamenti-vacanza.jpg 800w, https:\/\/appartamentivacanzevda.com\/wp-content\/uploads\/2024\/07\/valledaosta-appartamenti-vacanza-300x300.jpg 300w, https:\/\/appartamentivacanzevda.com\/wp-content\/uploads\/2024\/07\/valledaosta-appartamenti-vacanza-150x150.jpg 150w, https:\/\/appartamentivacanzevda.com\/wp-content\/uploads\/2024\/07\/valledaosta-appartamenti-vacanza-768x768.jpg 768w\" sizes=\"(max-width: 800px) 100vw, 800px\" \/>\t\t\t\t\t\t\t\t\t\t\t\t\t\t\t<\/div>\n\t\t\t\t<\/div>\n\t\t\t\t<div class=\"elementor-element elementor-element-6695478 elementor-widget elementor-widget-heading\" data-id=\"6695478\" data-element_type=\"widget\" data-e-type=\"widget\" data-widget_type=\"heading.default\">\n\t\t\t\t<div class=\"elementor-widget-container\">\n\t\t\t\t\t<h1 class=\"elementor-heading-title elementor-size-default\">APPARTEMENTS DEUX-PI\u00c8CES<\/h1>\t\t\t\t<\/div>\n\t\t\t\t<\/div>\n\t\t\t\t<div class=\"elementor-element elementor-element-f6f32fb elementor-widget elementor-widget-heading\" data-id=\"f6f32fb\" data-element_type=\"widget\" data-e-type=\"widget\" data-widget_type=\"heading.default\">\n\t\t\t\t<div class=\"elementor-widget-container\">\n\t\t\t\t\t<h1 class=\"elementor-heading-title elementor-size-default\">Avec mezzanine<\/h1>\t\t\t\t<\/div>\n\t\t\t\t<\/div>\n\t\t\t\t<div class=\"elementor-element elementor-element-aa916cd elementor-widget elementor-widget-heading\" data-id=\"aa916cd\" data-element_type=\"widget\" data-e-type=\"widget\" data-widget_type=\"heading.default\">\n\t\t\t\t<div class=\"elementor-widget-container\">\n\t\t\t\t\t<p class=\"elementor-heading-title elementor-size-default\">\u00c9l\u00e9gants appartements de deux pi\u00e8ces avec mezzanine, comprenant deux chambres, une cuisine \u00e9quip\u00e9e et une vue panoramique \u00e0 couper le souffle<\/p>\t\t\t\t<\/div>\n\t\t\t\t<\/div>\n\t\t\t\t<div class=\"elementor-element elementor-element-b170236 elementor-align-left elementor-mobile-align-center elementor-widget elementor-widget-button\" data-id=\"b170236\" data-element_type=\"widget\" data-e-type=\"widget\" data-widget_type=\"button.default\">\n\t\t\t\t<div class=\"elementor-widget-container\">\n\t\t\t\t\t\t\t\t\t<div class=\"elementor-button-wrapper\">\n\t\t\t\t\t<a class=\"elementor-button elementor-button-link elementor-size-sm\" href=\"\/fr\/appartements-de-vacances\/appartements-de-deux-pieces-avec-mezzanine\/\">\n\t\t\t\t\t\t<span class=\"elementor-button-content-wrapper\">\n\t\t\t\t\t\t\t\t\t<span class=\"elementor-button-text\">EN SAVOIR PLUS<\/span>\n\t\t\t\t\t<\/span>\n\t\t\t\t\t<\/a>\n\t\t\t\t<\/div>\n\t\t\t\t\t\t\t\t<\/div>\n\t\t\t\t<\/div>\n\t\t\t\t\t<\/div>\n\t\t<\/div>\n\t\t\t\t\t<\/div>\n\t\t<\/section>\n\t\t\t\t\t<\/div>\n\t\t<\/div>\n\t\t\t\t\t<\/div>\n\t\t<\/section>\n\t\t\t\t<section class=\"elementor-section elementor-top-section elementor-element elementor-element-4f4c4461 elementor-section-stretched elementor-section-boxed elementor-section-height-default elementor-section-height-default\" data-id=\"4f4c4461\" data-element_type=\"section\" data-e-type=\"section\" data-settings=\"{&quot;stretch_section&quot;:&quot;section-stretched&quot;,&quot;background_background&quot;:&quot;classic&quot;}\">\n\t\t\t\t\t\t\t<div class=\"elementor-background-overlay\"><\/div>\n\t\t\t\t\t\t\t<div class=\"elementor-container elementor-column-gap-default\">\n\t\t\t\t\t<div class=\"elementor-column elementor-col-50 elementor-top-column elementor-element elementor-element-6af0a8f2 elementor-hidden-tablet elementor-hidden-mobile\" data-id=\"6af0a8f2\" data-element_type=\"column\" data-e-type=\"column\">\n\t\t\t<div class=\"elementor-widget-wrap\">\n\t\t\t\t\t\t\t<\/div>\n\t\t<\/div>\n\t\t\t\t<div class=\"elementor-column elementor-col-50 elementor-top-column elementor-element elementor-element-18dab2c\" data-id=\"18dab2c\" data-element_type=\"column\" data-e-type=\"column\">\n\t\t\t<div class=\"elementor-widget-wrap elementor-element-populated\">\n\t\t\t\t\t\t<div class=\"elementor-element elementor-element-c7ddcdf elementor-widget elementor-widget-heading\" data-id=\"c7ddcdf\" data-element_type=\"widget\" data-e-type=\"widget\" data-widget_type=\"heading.default\">\n\t\t\t\t<div class=\"elementor-widget-container\">\n\t\t\t\t\t<h1 class=\"elementor-heading-title elementor-size-default\">LE<\/h1>\t\t\t\t<\/div>\n\t\t\t\t<\/div>\n\t\t\t\t<div class=\"elementor-element elementor-element-6830f25 elementor-widget elementor-widget-heading\" data-id=\"6830f25\" data-element_type=\"widget\" data-e-type=\"widget\" data-widget_type=\"heading.default\">\n\t\t\t\t<div class=\"elementor-widget-container\">\n\t\t\t\t\t<h1 class=\"elementor-heading-title elementor-size-default\">Jardin<\/h1>\t\t\t\t<\/div>\n\t\t\t\t<\/div>\n\t\t\t\t<div class=\"elementor-element elementor-element-e511eb1 elementor-widget elementor-widget-heading\" data-id=\"e511eb1\" data-element_type=\"widget\" data-e-type=\"widget\" data-widget_type=\"heading.default\">\n\t\t\t\t<div class=\"elementor-widget-container\">\n\t\t\t\t\t<p class=\"elementor-heading-title elementor-size-default\">\u00c9quip\u00e9 de chaises longues et de transats pour un maximum de confort, il dispose d'un <strong>sauna <\/strong>et d'une zone de d\u00e9tente parfaite pour se ressourcer. Le solarium permet de profiter du soleil en toute tranquillit\u00e9, tandis que le gazebo est id\u00e9al pour des <strong>ap\u00e9ritifs romantiques<\/strong> ou des d\u00eeners en plein air.<br>Cet espace ext\u00e9rieur a \u00e9t\u00e9 con\u00e7u pour faire de chaque moment de votre s\u00e9jour une exp\u00e9rience de pur plaisir et de d\u00e9tente. <\/p>\t\t\t\t<\/div>\n\t\t\t\t<\/div>\n\t\t\t\t\t<\/div>\n\t\t<\/div>\n\t\t\t\t\t<\/div>\n\t\t<\/section>\n\t\t\t\t<section class=\"elementor-section elementor-top-section elementor-element elementor-element-40a09dc7 elementor-section-boxed elementor-section-height-default elementor-section-height-default\" data-id=\"40a09dc7\" data-element_type=\"section\" data-e-type=\"section\">\n\t\t\t\t\t\t<div class=\"elementor-container elementor-column-gap-default\">\n\t\t\t\t\t<div class=\"elementor-column elementor-col-50 elementor-top-column elementor-element elementor-element-3448caf0 elementor-invisible\" data-id=\"3448caf0\" data-element_type=\"column\" data-e-type=\"column\" data-settings=\"{&quot;animation&quot;:&quot;fadeIn&quot;}\">\n\t\t\t<div class=\"elementor-widget-wrap elementor-element-populated\">\n\t\t\t\t\t\t<div class=\"elementor-element elementor-element-68acbc7e elementor-hidden-tablet elementor-hidden-mobile elementor-widget elementor-widget-image\" data-id=\"68acbc7e\" data-element_type=\"widget\" data-e-type=\"widget\" data-widget_type=\"image.default\">\n\t\t\t\t<div class=\"elementor-widget-container\">\n\t\t\t\t\t\t\t\t\t\t\t\t\t\t\t<img loading=\"lazy\" decoding=\"async\" width=\"1066\" height=\"1280\" src=\"https:\/\/appartamentivacanzevda.com\/wp-content\/uploads\/2024\/12\/appartamenti-vacanza-nella-valle-daosta-e1733318889358.jpg\" class=\"elementor-animation-sink attachment-full size-full wp-image-10286\" alt=\"appartamenti vacanza nella valle d&#039;aosta\" \/>\t\t\t\t\t\t\t\t\t\t\t\t\t\t\t<\/div>\n\t\t\t\t<\/div>\n\t\t\t\t\t<\/div>\n\t\t<\/div>\n\t\t\t\t<div class=\"elementor-column elementor-col-50 elementor-top-column elementor-element elementor-element-637966a8\" data-id=\"637966a8\" data-element_type=\"column\" data-e-type=\"column\">\n\t\t\t<div class=\"elementor-widget-wrap\">\n\t\t\t\t\t\t\t<\/div>\n\t\t<\/div>\n\t\t\t\t\t<\/div>\n\t\t<\/section>\n\t\t\t\t<section class=\"elementor-section elementor-top-section elementor-element elementor-element-93c1b21 elementor-section-stretched elementor-section-content-middle elementor-section-full_width elementor-section-height-default elementor-section-height-default\" data-id=\"93c1b21\" data-element_type=\"section\" data-e-type=\"section\" data-settings=\"{&quot;stretch_section&quot;:&quot;section-stretched&quot;,&quot;background_background&quot;:&quot;classic&quot;}\">\n\t\t\t\t\t\t\t<div class=\"elementor-background-overlay\"><\/div>\n\t\t\t\t\t\t\t<div class=\"elementor-container elementor-column-gap-default\">\n\t\t\t\t\t<div class=\"elementor-column elementor-col-50 elementor-top-column elementor-element elementor-element-74e340d elementor-invisible\" data-id=\"74e340d\" data-element_type=\"column\" data-e-type=\"column\" data-settings=\"{&quot;animation&quot;:&quot;fadeInLeft&quot;}\">\n\t\t\t<div class=\"elementor-widget-wrap elementor-element-populated\">\n\t\t\t\t\t\t<div class=\"elementor-element elementor-element-12e14f9 elementor-widget elementor-widget-heading\" data-id=\"12e14f9\" data-element_type=\"widget\" data-e-type=\"widget\" data-widget_type=\"heading.default\">\n\t\t\t\t<div class=\"elementor-widget-container\">\n\t\t\t\t\t<h1 class=\"elementor-heading-title elementor-size-default\">3 RAISONS<\/h1>\t\t\t\t<\/div>\n\t\t\t\t<\/div>\n\t\t\t\t<div class=\"elementor-element elementor-element-546cc1f elementor-widget elementor-widget-heading\" data-id=\"546cc1f\" data-element_type=\"widget\" data-e-type=\"widget\" data-widget_type=\"heading.default\">\n\t\t\t\t<div class=\"elementor-widget-container\">\n\t\t\t\t\t<h1 class=\"elementor-heading-title elementor-size-default\">De r\u00e9server<\/h1>\t\t\t\t<\/div>\n\t\t\t\t<\/div>\n\t\t\t\t<div class=\"elementor-element elementor-element-9e7c4cd elementor-widget elementor-widget-heading\" data-id=\"9e7c4cd\" data-element_type=\"widget\" data-e-type=\"widget\" data-widget_type=\"heading.default\">\n\t\t\t\t<div class=\"elementor-widget-container\">\n\t\t\t\t\t<p class=\"elementor-heading-title elementor-size-default\">R\u00e9servez sur notre site internet et d\u00e9couvrez 3 raisons de le faire maintenant...<\/p>\t\t\t\t<\/div>\n\t\t\t\t<\/div>\n\t\t\t\t<div class=\"elementor-element elementor-element-32028f2 e-n-tabs-mobile elementor-widget elementor-widget-n-tabs\" data-id=\"32028f2\" data-element_type=\"widget\" data-e-type=\"widget\" data-settings=\"{&quot;horizontal_scroll&quot;:&quot;disable&quot;}\" data-widget_type=\"nested-tabs.default\">\n\t\t\t\t<div class=\"elementor-widget-container\">\n\t\t\t\t\t\t\t<div class=\"e-n-tabs\" data-widget-number=\"52439282\" aria-label=\"Onglets. Ouvrez des \u00e9l\u00e9ments avec Entrer ou Espace, fermez-les avec Echape et naviguez \u00e0 l&#039;aide des touches fl\u00e9ch\u00e9es.\">\n\t\t\t<div class=\"e-n-tabs-heading\" role=\"tablist\">\n\t\t\t\t\t<button id=\"e-n-tab-title-524392821\" data-tab-title-id=\"e-n-tab-title-524392821\" class=\"e-n-tab-title\" aria-selected=\"true\" data-tab-index=\"1\" role=\"tab\" tabindex=\"0\" aria-controls=\"e-n-tab-content-524392821\" style=\"--n-tabs-title-order: 1;\">\n\t\t\t\t\t\t<span class=\"e-n-tab-title-text\">\n\t\t\t\tMeilleur tarif\t\t\t<\/span>\n\t\t<\/button>\n\t\t\t\t<button id=\"e-n-tab-title-524392822\" data-tab-title-id=\"e-n-tab-title-524392822\" class=\"e-n-tab-title\" aria-selected=\"false\" data-tab-index=\"2\" role=\"tab\" tabindex=\"-1\" aria-controls=\"e-n-tab-content-524392822\" style=\"--n-tabs-title-order: 2;\">\n\t\t\t\t\t\t<span class=\"e-n-tab-title-text\">\n\t\t\t\tContact direct\t\t\t<\/span>\n\t\t<\/button>\n\t\t\t\t<button id=\"e-n-tab-title-524392823\" data-tab-title-id=\"e-n-tab-title-524392823\" class=\"e-n-tab-title\" aria-selected=\"false\" data-tab-index=\"3\" role=\"tab\" tabindex=\"-1\" aria-controls=\"e-n-tab-content-524392823\" style=\"--n-tabs-title-order: 3;\">\n\t\t\t\t\t\t<span class=\"e-n-tab-title-text\">\n\t\t\t\tOffres sp\u00e9ciales\t\t\t<\/span>\n\t\t<\/button>\n\t\t\t\t\t<\/div>\n\t\t\t<div class=\"e-n-tabs-content\">\n\t\t\t\t<div id=\"e-n-tab-content-524392821\" role=\"tabpanel\" aria-labelledby=\"e-n-tab-title-524392821\" data-tab-index=\"1\" style=\"--n-tabs-title-order: 1;\" class=\"e-active elementor-element elementor-element-e6c51f9 e-con-full e-flex e-con e-child\" data-id=\"e6c51f9\" data-element_type=\"container\" data-e-type=\"container\">\n\t\t\t\t<div class=\"elementor-element elementor-element-5910191 elementor-widget elementor-widget-heading\" data-id=\"5910191\" data-element_type=\"widget\" data-e-type=\"widget\" data-widget_type=\"heading.default\">\n\t\t\t\t<div class=\"elementor-widget-container\">\n\t\t\t\t\t<p class=\"elementor-heading-title elementor-size-default\">En r\u00e9servant sur notre site internet, vous b\u00e9n\u00e9ficierez des meilleurs tarifs et conditions de vente<\/p>\t\t\t\t<\/div>\n\t\t\t\t<\/div>\n\t\t\t\t<\/div>\n\t\t<div id=\"e-n-tab-content-524392822\" role=\"tabpanel\" aria-labelledby=\"e-n-tab-title-524392822\" data-tab-index=\"2\" style=\"--n-tabs-title-order: 2;\" class=\" elementor-element elementor-element-d2b1ced e-con-full e-flex e-con e-child\" data-id=\"d2b1ced\" data-element_type=\"container\" data-e-type=\"container\">\n\t\t\t\t<div class=\"elementor-element elementor-element-ffd796e elementor-widget elementor-widget-heading\" data-id=\"ffd796e\" data-element_type=\"widget\" data-e-type=\"widget\" data-widget_type=\"heading.default\">\n\t\t\t\t<div class=\"elementor-widget-container\">\n\t\t\t\t\t<p class=\"elementor-heading-title elementor-size-default\">En nous contactant directement votre r\u00e9servation sera g\u00e9r\u00e9e par nous, sans aucun interm\u00e9diaire<\/p>\t\t\t\t<\/div>\n\t\t\t\t<\/div>\n\t\t\t\t<\/div>\n\t\t<div id=\"e-n-tab-content-524392823\" role=\"tabpanel\" aria-labelledby=\"e-n-tab-title-524392823\" data-tab-index=\"3\" style=\"--n-tabs-title-order: 3;\" class=\" elementor-element elementor-element-736800b e-con-full e-flex e-con e-child\" data-id=\"736800b\" data-element_type=\"container\" data-e-type=\"container\">\n\t\t\t\t<div class=\"elementor-element elementor-element-134edf3 elementor-widget elementor-widget-heading\" data-id=\"134edf3\" data-element_type=\"widget\" data-e-type=\"widget\" data-widget_type=\"heading.default\">\n\t\t\t\t<div class=\"elementor-widget-container\">\n\t\t\t\t\t<p class=\"elementor-heading-title elementor-size-default\">Seulement sur notre site internet, vous trouverez des offres sp\u00e9ciales et des forfaits de s\u00e9jour d\u00e9di\u00e9s<\/p>\t\t\t\t<\/div>\n\t\t\t\t<\/div>\n\t\t\t\t<\/div>\n\t\t\t\t\t<\/div>\n\t\t<\/div>\n\t\t\t\t\t\t<\/div>\n\t\t\t\t<\/div>\n\t\t\t\t\t<\/div>\n\t\t<\/div>\n\t\t\t\t<div class=\"elementor-column elementor-col-50 elementor-top-column elementor-element elementor-element-1550781 elementor-invisible\" data-id=\"1550781\" data-element_type=\"column\" data-e-type=\"column\" data-settings=\"{&quot;animation&quot;:&quot;fadeInRight&quot;}\">\n\t\t\t<div class=\"elementor-widget-wrap elementor-element-populated\">\n\t\t\t\t\t\t<div class=\"elementor-element elementor-element-676127d elementor-widget elementor-widget-image\" data-id=\"676127d\" data-element_type=\"widget\" data-e-type=\"widget\" data-widget_type=\"image.default\">\n\t\t\t\t<div class=\"elementor-widget-container\">\n\t\t\t\t\t\t\t\t\t\t\t\t\t\t\t<img loading=\"lazy\" decoding=\"async\" width=\"1200\" height=\"800\" src=\"https:\/\/appartamentivacanzevda.com\/wp-content\/uploads\/2024\/08\/servizi-appartamenti-turistici-valledaosta.jpg\" class=\"attachment-full size-full wp-image-9681\" alt=\"appartamenti vacanze valle d&#039;aosta\" srcset=\"https:\/\/appartamentivacanzevda.com\/wp-content\/uploads\/2024\/08\/servizi-appartamenti-turistici-valledaosta.jpg 1200w, https:\/\/appartamentivacanzevda.com\/wp-content\/uploads\/2024\/08\/servizi-appartamenti-turistici-valledaosta-300x200.jpg 300w, https:\/\/appartamentivacanzevda.com\/wp-content\/uploads\/2024\/08\/servizi-appartamenti-turistici-valledaosta-1024x683.jpg 1024w, https:\/\/appartamentivacanzevda.com\/wp-content\/uploads\/2024\/08\/servizi-appartamenti-turistici-valledaosta-768x512.jpg 768w\" sizes=\"(max-width: 1200px) 100vw, 1200px\" \/>\t\t\t\t\t\t\t\t\t\t\t\t\t\t\t<\/div>\n\t\t\t\t<\/div>\n\t\t\t\t\t<\/div>\n\t\t<\/div>\n\t\t\t\t\t<\/div>\n\t\t<\/section>\n\t\t\t\t<section class=\"elementor-section elementor-top-section elementor-element elementor-element-ba2a2a1 elementor-section-stretched elementor-section-boxed elementor-section-height-default elementor-section-height-default\" data-id=\"ba2a2a1\" data-element_type=\"section\" data-e-type=\"section\" data-settings=\"{&quot;stretch_section&quot;:&quot;section-stretched&quot;,&quot;background_background&quot;:&quot;classic&quot;}\">\n\t\t\t\t\t\t\t<div class=\"elementor-background-overlay\"><\/div>\n\t\t\t\t\t\t\t<div class=\"elementor-container elementor-column-gap-default\">\n\t\t\t\t\t<div class=\"elementor-column elementor-col-100 elementor-top-column elementor-element elementor-element-e12e0b0\" data-id=\"e12e0b0\" data-element_type=\"column\" data-e-type=\"column\">\n\t\t\t<div class=\"elementor-widget-wrap elementor-element-populated\">\n\t\t\t\t\t\t<section class=\"elementor-section elementor-inner-section elementor-element elementor-element-df2a6d0 elementor-section-boxed elementor-section-height-default elementor-section-height-default\" data-id=\"df2a6d0\" data-element_type=\"section\" data-e-type=\"section\">\n\t\t\t\t\t\t<div class=\"elementor-container elementor-column-gap-default\">\n\t\t\t\t\t<div class=\"elementor-column elementor-col-100 elementor-inner-column elementor-element elementor-element-cd4655e\" data-id=\"cd4655e\" data-element_type=\"column\" data-e-type=\"column\">\n\t\t\t<div class=\"elementor-widget-wrap elementor-element-populated\">\n\t\t\t\t\t\t<div class=\"elementor-element elementor-element-5af36f5 elementor-widget elementor-widget-heading\" data-id=\"5af36f5\" data-element_type=\"widget\" data-e-type=\"widget\" data-widget_type=\"heading.default\">\n\t\t\t\t<div class=\"elementor-widget-container\">\n\t\t\t\t\t<h1 class=\"elementor-heading-title elementor-size-default\">QU'ATTENDEZ-VOUS ?<\/h1>\t\t\t\t<\/div>\n\t\t\t\t<\/div>\n\t\t\t\t<div class=\"elementor-element elementor-element-74b951e elementor-widget elementor-widget-heading\" data-id=\"74b951e\" data-element_type=\"widget\" data-e-type=\"widget\" data-widget_type=\"heading.default\">\n\t\t\t\t<div class=\"elementor-widget-container\">\n\t\t\t\t\t<h1 class=\"elementor-heading-title elementor-size-default\">R\u00e9servez maintenant !<\/h1>\t\t\t\t<\/div>\n\t\t\t\t<\/div>\n\t\t\t\t\t<\/div>\n\t\t<\/div>\n\t\t\t\t\t<\/div>\n\t\t<\/section>\n\t\t\t\t<section class=\"elementor-section elementor-inner-section elementor-element elementor-element-e085ce5 elementor-section-full_width elementor-section-height-default elementor-section-height-default\" data-id=\"e085ce5\" data-element_type=\"section\" data-e-type=\"section\">\n\t\t\t\t\t\t<div class=\"elementor-container elementor-column-gap-default\">\n\t\t\t\t\t<div class=\"elementor-column elementor-col-33 elementor-inner-column elementor-element elementor-element-16b854b\" data-id=\"16b854b\" data-element_type=\"column\" data-e-type=\"column\">\n\t\t\t<div class=\"elementor-widget-wrap elementor-element-populated\">\n\t\t\t\t\t\t<div class=\"elementor-element elementor-element-e68cc73 elementor-widget elementor-widget-image\" data-id=\"e68cc73\" data-element_type=\"widget\" data-e-type=\"widget\" data-widget_type=\"image.default\">\n\t\t\t\t<div class=\"elementor-widget-container\">\n\t\t\t\t\t\t\t\t\t\t\t\t\t\t\t\t<a href=\"tel:3475202558\">\n\t\t\t\t\t\t\t<img loading=\"lazy\" decoding=\"async\" width=\"128\" height=\"128\" src=\"https:\/\/appartamentivacanzevda.com\/wp-content\/uploads\/2024\/07\/appartamenti-vacanze-valledaosta.png\" class=\"attachment-large size-large wp-image-8911\" alt=\"appartamenti vacanze valle d&#039;aosta\" \/>\t\t\t\t\t\t\t\t<\/a>\n\t\t\t\t\t\t\t\t\t\t\t\t\t\t\t<\/div>\n\t\t\t\t<\/div>\n\t\t\t\t<div class=\"elementor-element elementor-element-4ce2037 elementor-widget elementor-widget-heading\" data-id=\"4ce2037\" data-element_type=\"widget\" data-e-type=\"widget\" data-widget_type=\"heading.default\">\n\t\t\t\t<div class=\"elementor-widget-container\">\n\t\t\t\t\t<h2 class=\"elementor-heading-title elementor-size-default\">Appelez-nous<\/h2>\t\t\t\t<\/div>\n\t\t\t\t<\/div>\n\t\t\t\t\t<\/div>\n\t\t<\/div>\n\t\t\t\t<div class=\"elementor-column elementor-col-33 elementor-inner-column elementor-element elementor-element-be09ea4\" data-id=\"be09ea4\" data-element_type=\"column\" data-e-type=\"column\">\n\t\t\t<div class=\"elementor-widget-wrap elementor-element-populated\">\n\t\t\t\t\t\t<div class=\"elementor-element elementor-element-46b7f16 elementor-widget elementor-widget-image\" data-id=\"46b7f16\" data-element_type=\"widget\" data-e-type=\"widget\" data-widget_type=\"image.default\">\n\t\t\t\t<div class=\"elementor-widget-container\">\n\t\t\t\t\t\t\t\t\t\t\t\t\t\t\t\t<a href=\"https:\/\/dacien.beddy.io\/?lang=fr\">\n\t\t\t\t\t\t\t<img loading=\"lazy\" decoding=\"async\" width=\"128\" height=\"128\" src=\"https:\/\/appartamentivacanzevda.com\/wp-content\/uploads\/2024\/07\/appartamenti-vacanze-valle-daosta-1.png\" class=\"attachment-large size-large wp-image-8914\" alt=\"appartamenti vacanze valle d&#039;aosta\" \/>\t\t\t\t\t\t\t\t<\/a>\n\t\t\t\t\t\t\t\t\t\t\t\t\t\t\t<\/div>\n\t\t\t\t<\/div>\n\t\t\t\t<div class=\"elementor-element elementor-element-60d5bf3 elementor-widget elementor-widget-heading\" data-id=\"60d5bf3\" data-element_type=\"widget\" data-e-type=\"widget\" data-widget_type=\"heading.default\">\n\t\t\t\t<div class=\"elementor-widget-container\">\n\t\t\t\t\t<h2 class=\"elementor-heading-title elementor-size-default\">V\u00e9rifiez la disponibilit\u00e9<\/h2>\t\t\t\t<\/div>\n\t\t\t\t<\/div>\n\t\t\t\t\t<\/div>\n\t\t<\/div>\n\t\t\t\t<div class=\"elementor-column elementor-col-33 elementor-inner-column elementor-element elementor-element-d313422\" data-id=\"d313422\" data-element_type=\"column\" data-e-type=\"column\">\n\t\t\t<div class=\"elementor-widget-wrap elementor-element-populated\">\n\t\t\t\t\t\t<div class=\"elementor-element elementor-element-f3b5de1 elementor-widget elementor-widget-image\" data-id=\"f3b5de1\" data-element_type=\"widget\" data-e-type=\"widget\" data-widget_type=\"image.default\">\n\t\t\t\t<div class=\"elementor-widget-container\">\n\t\t\t\t\t\t\t\t\t\t\t\t\t\t\t\t<a href=\"mailto:welcome@appartamentivacanzevda.com\">\n\t\t\t\t\t\t\t<img loading=\"lazy\" decoding=\"async\" width=\"128\" height=\"128\" src=\"https:\/\/appartamentivacanzevda.com\/wp-content\/uploads\/2024\/07\/appartamenti-vacanze-valle-d-aosta.png\" class=\"attachment-large size-large wp-image-8917\" alt=\"appartamenti vacanze valle d&#039;aosta\" \/>\t\t\t\t\t\t\t\t<\/a>\n\t\t\t\t\t\t\t\t\t\t\t\t\t\t\t<\/div>\n\t\t\t\t<\/div>\n\t\t\t\t<div class=\"elementor-element elementor-element-d0d6194 elementor-widget elementor-widget-heading\" data-id=\"d0d6194\" data-element_type=\"widget\" data-e-type=\"widget\" data-widget_type=\"heading.default\">\n\t\t\t\t<div class=\"elementor-widget-container\">\n\t\t\t\t\t<h2 class=\"elementor-heading-title elementor-size-default\">\u00c9crivez-nous<\/h2>\t\t\t\t<\/div>\n\t\t\t\t<\/div>\n\t\t\t\t\t<\/div>\n\t\t<\/div>\n\t\t\t\t\t<\/div>\n\t\t<\/section>\n\t\t\t\t\t<\/div>\n\t\t<\/div>\n\t\t\t\t\t<\/div>\n\t\t<\/section>\n\t\t\t\t<\/div>\n\t\t","protected":false},"excerpt":{"rendered":"<p>APPARTEMENTS Da Cien Bienvenue aux Appartements Da Cien, le choix id\u00e9al pour votre s\u00e9jour en Vall\u00e9e d&rsquo;Aoste. Situ\u00e9s dans un emplacement strat\u00e9gique, nos appartements neufs et modernes offrent une base parfaite pour explorer la ville historique d&rsquo;Aoste et les beaut\u00e9s naturelles de la Vall\u00e9e d&rsquo;Aoste. Chaque appartement a \u00e9t\u00e9 con\u00e7u avec une attention particuli\u00e8re aux [&hellip;]<\/p>\n","protected":false},"author":1,"featured_media":0,"parent":0,"menu_order":0,"comment_status":"closed","ping_status":"closed","template":"","meta":{"footnotes":""},"class_list":["post-8182","page","type-page","status-publish","hentry"],"yoast_head":"<!-- This site is optimized with the Yoast SEO plugin v27.5 - https:\/\/yoast.com\/product\/yoast-seo-wordpress\/ -->\n<title>Appartements de vacances en Vall\u00e9e d&#039;Aoste - Da Cien<\/title>\n<meta name=\"description\" content=\"Appartements de vacances en Vall\u00e9e d&#039;Aoste - Da Cien : d\u00e9couvrez nos merveilleux appartements pour explorer la Vall\u00e9e d&#039;Aoste\" \/>\n<meta name=\"robots\" content=\"index, follow, max-snippet:-1, max-image-preview:large, max-video-preview:-1\" \/>\n<link rel=\"canonical\" href=\"https:\/\/appartamentivacanzevda.com\/\" \/>\n<meta property=\"og:locale\" content=\"fr_FR\" \/>\n<meta property=\"og:type\" content=\"article\" \/>\n<meta property=\"og:title\" content=\"Appartements de vacances en Vall\u00e9e d&#039;Aoste - Da Cien\" \/>\n<meta property=\"og:description\" content=\"Appartements de vacances en Vall\u00e9e d&#039;Aoste - Da Cien : d\u00e9couvrez nos merveilleux appartements pour explorer la Vall\u00e9e d&#039;Aoste\" \/>\n<meta property=\"og:url\" content=\"https:\/\/appartamentivacanzevda.com\/\" \/>\n<meta property=\"og:site_name\" content=\"Appartamenti vacanza Valle d&#039;Aosta - Da Cien Appartamenti Vacanza Valle d&#039;Aosta\" \/>\n<meta property=\"article:modified_time\" content=\"2026-04-10T09:05:25+00:00\" \/>\n<meta property=\"og:image\" content=\"https:\/\/appartamentivacanzevda.com\/wp-content\/uploads\/elementor\/thumbs\/casa-vacanzavalledaosta-qrte8brumiw5slajh71uola6rc4kfaj4l9dcy9svls.jpg\" \/>\n<meta name=\"twitter:card\" content=\"summary_large_image\" \/>\n<meta name=\"twitter:label1\" content=\"Dur\u00e9e de lecture estim\u00e9e\" \/>\n\t<meta name=\"twitter:data1\" content=\"5 minutes\" \/>\n<script type=\"application\/ld+json\" class=\"yoast-schema-graph\">{\"@context\":\"https:\\\/\\\/schema.org\",\"@graph\":[{\"@type\":\"WebPage\",\"@id\":\"https:\\\/\\\/appartamentivacanzevda.com\\\/\",\"url\":\"https:\\\/\\\/appartamentivacanzevda.com\\\/\",\"name\":\"Appartements de vacances en Vall\u00e9e d'Aoste - Da Cien\",\"isPartOf\":{\"@id\":\"https:\\\/\\\/appartamentivacanzevda.com\\\/#website\"},\"primaryImageOfPage\":{\"@id\":\"https:\\\/\\\/appartamentivacanzevda.com\\\/#primaryimage\"},\"image\":{\"@id\":\"https:\\\/\\\/appartamentivacanzevda.com\\\/#primaryimage\"},\"thumbnailUrl\":\"https:\\\/\\\/appartamentivacanzevda.com\\\/wp-content\\\/uploads\\\/elementor\\\/thumbs\\\/casa-vacanzavalledaosta-qrte8brumiw5slajh71uola6rc4kfaj4l9dcy9svls.jpg\",\"datePublished\":\"2021-11-12T10:18:09+00:00\",\"dateModified\":\"2026-04-10T09:05:25+00:00\",\"description\":\"Appartements de vacances en Vall\u00e9e d'Aoste - Da Cien : d\u00e9couvrez nos merveilleux appartements pour explorer la Vall\u00e9e d'Aoste\",\"breadcrumb\":{\"@id\":\"https:\\\/\\\/appartamentivacanzevda.com\\\/#breadcrumb\"},\"inLanguage\":\"fr-FR\",\"potentialAction\":[{\"@type\":\"ReadAction\",\"target\":[\"https:\\\/\\\/appartamentivacanzevda.com\\\/\"]}]},{\"@type\":\"ImageObject\",\"inLanguage\":\"fr-FR\",\"@id\":\"https:\\\/\\\/appartamentivacanzevda.com\\\/#primaryimage\",\"url\":\"https:\\\/\\\/appartamentivacanzevda.com\\\/wp-content\\\/uploads\\\/elementor\\\/thumbs\\\/casa-vacanzavalledaosta-qrte8brumiw5slajh71uola6rc4kfaj4l9dcy9svls.jpg\",\"contentUrl\":\"https:\\\/\\\/appartamentivacanzevda.com\\\/wp-content\\\/uploads\\\/elementor\\\/thumbs\\\/casa-vacanzavalledaosta-qrte8brumiw5slajh71uola6rc4kfaj4l9dcy9svls.jpg\"},{\"@type\":\"BreadcrumbList\",\"@id\":\"https:\\\/\\\/appartamentivacanzevda.com\\\/#breadcrumb\",\"itemListElement\":[{\"@type\":\"ListItem\",\"position\":1,\"name\":\"Accueil\",\"item\":\"https:\\\/\\\/appartamentivacanzevda.com\\\/\"},{\"@type\":\"ListItem\",\"position\":2,\"name\":\"Appartements de vacances en Vall\u00e9e d&#8217;Aoste\"}]},{\"@type\":\"WebSite\",\"@id\":\"https:\\\/\\\/appartamentivacanzevda.com\\\/#website\",\"url\":\"https:\\\/\\\/appartamentivacanzevda.com\\\/\",\"name\":\"Appartamenti vacanza Valle d&#039;Aosta - Da Cien Appartamenti Vacanza Valle d&#039;Aosta\",\"description\":\"Appartamenti vacanza Valle d&#039;Aosta - Da Cien Appartamenti Vacanza Valle d&#039;Aosta\",\"potentialAction\":[{\"@type\":\"SearchAction\",\"target\":{\"@type\":\"EntryPoint\",\"urlTemplate\":\"https:\\\/\\\/appartamentivacanzevda.com\\\/?s={search_term_string}\"},\"query-input\":{\"@type\":\"PropertyValueSpecification\",\"valueRequired\":true,\"valueName\":\"search_term_string\"}}],\"inLanguage\":\"fr-FR\"}]}<\/script>\n<!-- \/ Yoast SEO plugin. -->","yoast_head_json":{"title":"Appartements de vacances en Vall\u00e9e d'Aoste - Da Cien","description":"Appartements de vacances en Vall\u00e9e d'Aoste - Da Cien : d\u00e9couvrez nos merveilleux appartements pour explorer la Vall\u00e9e d'Aoste","robots":{"index":"index","follow":"follow","max-snippet":"max-snippet:-1","max-image-preview":"max-image-preview:large","max-video-preview":"max-video-preview:-1"},"canonical":"https:\/\/appartamentivacanzevda.com\/","og_locale":"fr_FR","og_type":"article","og_title":"Appartements de vacances en Vall\u00e9e d'Aoste - Da Cien","og_description":"Appartements de vacances en Vall\u00e9e d'Aoste - Da Cien : d\u00e9couvrez nos merveilleux appartements pour explorer la Vall\u00e9e d'Aoste","og_url":"https:\/\/appartamentivacanzevda.com\/","og_site_name":"Appartamenti vacanza Valle d&#039;Aosta - Da Cien Appartamenti Vacanza Valle d&#039;Aosta","article_modified_time":"2026-04-10T09:05:25+00:00","og_image":[{"url":"https:\/\/appartamentivacanzevda.com\/wp-content\/uploads\/elementor\/thumbs\/casa-vacanzavalledaosta-qrte8brumiw5slajh71uola6rc4kfaj4l9dcy9svls.jpg","type":"","width":"","height":""}],"twitter_card":"summary_large_image","twitter_misc":{"Dur\u00e9e de lecture estim\u00e9e":"5 minutes"},"schema":{"@context":"https:\/\/schema.org","@graph":[{"@type":"WebPage","@id":"https:\/\/appartamentivacanzevda.com\/","url":"https:\/\/appartamentivacanzevda.com\/","name":"Appartements de vacances en Vall\u00e9e d'Aoste - Da Cien","isPartOf":{"@id":"https:\/\/appartamentivacanzevda.com\/#website"},"primaryImageOfPage":{"@id":"https:\/\/appartamentivacanzevda.com\/#primaryimage"},"image":{"@id":"https:\/\/appartamentivacanzevda.com\/#primaryimage"},"thumbnailUrl":"https:\/\/appartamentivacanzevda.com\/wp-content\/uploads\/elementor\/thumbs\/casa-vacanzavalledaosta-qrte8brumiw5slajh71uola6rc4kfaj4l9dcy9svls.jpg","datePublished":"2021-11-12T10:18:09+00:00","dateModified":"2026-04-10T09:05:25+00:00","description":"Appartements de vacances en Vall\u00e9e d'Aoste - Da Cien : d\u00e9couvrez nos merveilleux appartements pour explorer la Vall\u00e9e d'Aoste","breadcrumb":{"@id":"https:\/\/appartamentivacanzevda.com\/#breadcrumb"},"inLanguage":"fr-FR","potentialAction":[{"@type":"ReadAction","target":["https:\/\/appartamentivacanzevda.com\/"]}]},{"@type":"ImageObject","inLanguage":"fr-FR","@id":"https:\/\/appartamentivacanzevda.com\/#primaryimage","url":"https:\/\/appartamentivacanzevda.com\/wp-content\/uploads\/elementor\/thumbs\/casa-vacanzavalledaosta-qrte8brumiw5slajh71uola6rc4kfaj4l9dcy9svls.jpg","contentUrl":"https:\/\/appartamentivacanzevda.com\/wp-content\/uploads\/elementor\/thumbs\/casa-vacanzavalledaosta-qrte8brumiw5slajh71uola6rc4kfaj4l9dcy9svls.jpg"},{"@type":"BreadcrumbList","@id":"https:\/\/appartamentivacanzevda.com\/#breadcrumb","itemListElement":[{"@type":"ListItem","position":1,"name":"Accueil","item":"https:\/\/appartamentivacanzevda.com\/"},{"@type":"ListItem","position":2,"name":"Appartements de vacances en Vall\u00e9e d&#8217;Aoste"}]},{"@type":"WebSite","@id":"https:\/\/appartamentivacanzevda.com\/#website","url":"https:\/\/appartamentivacanzevda.com\/","name":"Appartamenti vacanza Valle d&#039;Aosta - Da Cien Appartamenti Vacanza Valle d&#039;Aosta","description":"Appartamenti vacanza Valle d&#039;Aosta - Da Cien Appartamenti Vacanza Valle d&#039;Aosta","potentialAction":[{"@type":"SearchAction","target":{"@type":"EntryPoint","urlTemplate":"https:\/\/appartamentivacanzevda.com\/?s={search_term_string}"},"query-input":{"@type":"PropertyValueSpecification","valueRequired":true,"valueName":"search_term_string"}}],"inLanguage":"fr-FR"}]}},"_links":{"self":[{"href":"https:\/\/appartamentivacanzevda.com\/fr\/wp-json\/wp\/v2\/pages\/8182","targetHints":{"allow":["GET"]}}],"collection":[{"href":"https:\/\/appartamentivacanzevda.com\/fr\/wp-json\/wp\/v2\/pages"}],"about":[{"href":"https:\/\/appartamentivacanzevda.com\/fr\/wp-json\/wp\/v2\/types\/page"}],"author":[{"embeddable":true,"href":"https:\/\/appartamentivacanzevda.com\/fr\/wp-json\/wp\/v2\/users\/1"}],"replies":[{"embeddable":true,"href":"https:\/\/appartamentivacanzevda.com\/fr\/wp-json\/wp\/v2\/comments?post=8182"}],"version-history":[{"count":51,"href":"https:\/\/appartamentivacanzevda.com\/fr\/wp-json\/wp\/v2\/pages\/8182\/revisions"}],"predecessor-version":[{"id":10813,"href":"https:\/\/appartamentivacanzevda.com\/fr\/wp-json\/wp\/v2\/pages\/8182\/revisions\/10813"}],"wp:attachment":[{"href":"https:\/\/appartamentivacanzevda.com\/fr\/wp-json\/wp\/v2\/media?parent=8182"}],"curies":[{"name":"wp","href":"https:\/\/api.w.org\/{rel}","templated":true}]}}