{"id":9968,"date":"2024-08-29T12:23:36","date_gmt":"2024-08-29T10:23:36","guid":{"rendered":"https:\/\/appartamentivacanzevda.com\/appartements-de-vacances\/"},"modified":"2024-10-28T16:48:49","modified_gmt":"2024-10-28T15:48:49","slug":"appartements-de-vacances","status":"publish","type":"page","link":"https:\/\/appartamentivacanzevda.com\/fr\/appartements-de-vacances\/","title":{"rendered":"Appartements de vacances"},"content":{"rendered":"\t\t<div data-elementor-type=\"wp-page\" data-elementor-id=\"9968\" class=\"elementor elementor-9968 elementor-9567\">\n\t\t\t\t\t\t<section class=\"elementor-section elementor-top-section elementor-element elementor-element-841c125 elementor-section-stretched elementor-section-content-middle elementor-section-boxed elementor-section-height-default elementor-section-height-default\" data-id=\"841c125\" data-element_type=\"section\" data-e-type=\"section\" data-settings=\"{&quot;stretch_section&quot;:&quot;section-stretched&quot;,&quot;background_background&quot;:&quot;classic&quot;}\">\n\t\t\t\t\t\t\t<div class=\"elementor-background-overlay\"><\/div>\n\t\t\t\t\t\t\t<div class=\"elementor-container elementor-column-gap-default\">\n\t\t\t\t\t<div class=\"elementor-column elementor-col-100 elementor-top-column elementor-element elementor-element-7a98d80\" data-id=\"7a98d80\" data-element_type=\"column\" data-e-type=\"column\">\n\t\t\t<div class=\"elementor-widget-wrap elementor-element-populated\">\n\t\t\t\t\t\t<div class=\"elementor-element elementor-element-a8c03b9 elementor-widget elementor-widget-heading\" data-id=\"a8c03b9\" data-element_type=\"widget\" data-e-type=\"widget\" data-widget_type=\"heading.default\">\n\t\t\t\t<div class=\"elementor-widget-container\">\n\t\t\t\t\t<h1 class=\"elementor-heading-title elementor-size-default\">Nos<\/h1>\t\t\t\t<\/div>\n\t\t\t\t<\/div>\n\t\t\t\t<div class=\"elementor-element elementor-element-82a56b2 elementor-widget elementor-widget-heading\" data-id=\"82a56b2\" data-element_type=\"widget\" data-e-type=\"widget\" data-widget_type=\"heading.default\">\n\t\t\t\t<div class=\"elementor-widget-container\">\n\t\t\t\t\t<h1 class=\"elementor-heading-title elementor-size-default\">appartements<\/h1>\t\t\t\t<\/div>\n\t\t\t\t<\/div>\n\t\t\t\t\t<\/div>\n\t\t<\/div>\n\t\t\t\t\t<\/div>\n\t\t<\/section>\n\t\t\t\t<section class=\"elementor-section elementor-top-section elementor-element elementor-element-d67b676 elementor-section-stretched elementor-section-boxed elementor-section-height-default elementor-section-height-default\" data-id=\"d67b676\" data-element_type=\"section\" data-e-type=\"section\" data-settings=\"{&quot;stretch_section&quot;:&quot;section-stretched&quot;,&quot;background_background&quot;:&quot;classic&quot;}\">\n\t\t\t\t\t\t\t<div class=\"elementor-background-overlay\"><\/div>\n\t\t\t\t\t\t\t<div class=\"elementor-container elementor-column-gap-default\">\n\t\t\t\t\t<div class=\"elementor-column elementor-col-33 elementor-top-column elementor-element elementor-element-c6e944c elementor-invisible\" data-id=\"c6e944c\" data-element_type=\"column\" data-e-type=\"column\" data-settings=\"{&quot;background_background&quot;:&quot;classic&quot;,&quot;animation&quot;:&quot;fadeIn&quot;}\">\n\t\t\t<div class=\"elementor-widget-wrap elementor-element-populated\">\n\t\t\t\t\t\t<section class=\"elementor-section elementor-inner-section elementor-element elementor-element-fe68e5d elementor-section-boxed elementor-section-height-default elementor-section-height-default\" data-id=\"fe68e5d\" data-element_type=\"section\" data-e-type=\"section\">\n\t\t\t\t\t\t<div class=\"elementor-container elementor-column-gap-default\">\n\t\t\t\t\t<div class=\"elementor-column elementor-col-100 elementor-inner-column elementor-element elementor-element-4951d6e\" data-id=\"4951d6e\" data-element_type=\"column\" data-e-type=\"column\" data-settings=\"{&quot;background_background&quot;:&quot;classic&quot;}\">\n\t\t\t<div class=\"elementor-widget-wrap elementor-element-populated\">\n\t\t\t\t\t\t<div class=\"elementor-element elementor-element-57431bc elementor-widget elementor-widget-image\" data-id=\"57431bc\" data-element_type=\"widget\" data-e-type=\"widget\" data-widget_type=\"image.default\">\n\t\t\t\t<div class=\"elementor-widget-container\">\n\t\t\t\t\t\t\t\t\t\t\t\t\t\t\t<img fetchpriority=\"high\" decoding=\"async\" width=\"800\" height=\"800\" src=\"https:\/\/appartamentivacanzevda.com\/wp-content\/uploads\/2024\/07\/valle-daosta-appartamenti-vacanza.jpg\" class=\"elementor-animation-float attachment-large size-large wp-image-9037\" alt=\"appartamenti vacanza valle d&#039;aosta\" srcset=\"https:\/\/appartamentivacanzevda.com\/wp-content\/uploads\/2024\/07\/valle-daosta-appartamenti-vacanza.jpg 800w, https:\/\/appartamentivacanzevda.com\/wp-content\/uploads\/2024\/07\/valle-daosta-appartamenti-vacanza-300x300.jpg 300w, https:\/\/appartamentivacanzevda.com\/wp-content\/uploads\/2024\/07\/valle-daosta-appartamenti-vacanza-150x150.jpg 150w, https:\/\/appartamentivacanzevda.com\/wp-content\/uploads\/2024\/07\/valle-daosta-appartamenti-vacanza-768x768.jpg 768w\" sizes=\"(max-width: 800px) 100vw, 800px\" \/>\t\t\t\t\t\t\t\t\t\t\t\t\t\t\t<\/div>\n\t\t\t\t<\/div>\n\t\t\t\t<div class=\"elementor-element elementor-element-3e38364 elementor-widget elementor-widget-heading\" data-id=\"3e38364\" data-element_type=\"widget\" data-e-type=\"widget\" data-widget_type=\"heading.default\">\n\t\t\t\t<div class=\"elementor-widget-container\">\n\t\t\t\t\t<h1 class=\"elementor-heading-title elementor-size-default\">STUDIOS<\/h1>\t\t\t\t<\/div>\n\t\t\t\t<\/div>\n\t\t\t\t<div class=\"elementor-element elementor-element-47a4145 elementor-widget elementor-widget-heading\" data-id=\"47a4145\" data-element_type=\"widget\" data-e-type=\"widget\" data-widget_type=\"heading.default\">\n\t\t\t\t<div class=\"elementor-widget-container\">\n\t\t\t\t\t<h1 class=\"elementor-heading-title elementor-size-default\">Deluxe<\/h1>\t\t\t\t<\/div>\n\t\t\t\t<\/div>\n\t\t\t\t<div class=\"elementor-element elementor-element-94a515d elementor-widget elementor-widget-heading\" data-id=\"94a515d\" data-element_type=\"widget\" data-e-type=\"widget\" data-widget_type=\"heading.default\">\n\t\t\t\t<div class=\"elementor-widget-container\">\n\t\t\t\t\t<p class=\"elementor-heading-title elementor-size-default\">Studios accueillants avec salle de bain priv\u00e9e, cuisine \u00e9quip\u00e9e, chemin\u00e9e d\u00e9corative et vue charmante sur les montagnes environnantes<\/p>\t\t\t\t<\/div>\n\t\t\t\t<\/div>\n\t\t\t\t<div class=\"elementor-element elementor-element-ee14c47 elementor-align-left elementor-mobile-align-center elementor-widget elementor-widget-button\" data-id=\"ee14c47\" data-element_type=\"widget\" data-e-type=\"widget\" data-widget_type=\"button.default\">\n\t\t\t\t<div class=\"elementor-widget-container\">\n\t\t\t\t\t\t\t\t\t<div class=\"elementor-button-wrapper\">\n\t\t\t\t\t<a class=\"elementor-button elementor-button-link elementor-size-sm\" href=\"\/fr\/appartements-de-vacances\/studios-deluxe\/\">\n\t\t\t\t\t\t<span class=\"elementor-button-content-wrapper\">\n\t\t\t\t\t\t\t\t\t<span class=\"elementor-button-text\">EN SAVOIR PLUS<\/span>\n\t\t\t\t\t<\/span>\n\t\t\t\t\t<\/a>\n\t\t\t\t<\/div>\n\t\t\t\t\t\t\t\t<\/div>\n\t\t\t\t<\/div>\n\t\t\t\t\t<\/div>\n\t\t<\/div>\n\t\t\t\t\t<\/div>\n\t\t<\/section>\n\t\t\t\t\t<\/div>\n\t\t<\/div>\n\t\t\t\t<div class=\"elementor-column elementor-col-33 elementor-top-column elementor-element elementor-element-99c763c elementor-invisible\" data-id=\"99c763c\" data-element_type=\"column\" data-e-type=\"column\" data-settings=\"{&quot;background_background&quot;:&quot;classic&quot;,&quot;animation&quot;:&quot;fadeIn&quot;,&quot;animation_delay&quot;:300}\">\n\t\t\t<div class=\"elementor-widget-wrap elementor-element-populated\">\n\t\t\t\t\t\t<section class=\"elementor-section elementor-inner-section elementor-element elementor-element-b3ebcf8 elementor-section-boxed elementor-section-height-default elementor-section-height-default\" data-id=\"b3ebcf8\" data-element_type=\"section\" data-e-type=\"section\">\n\t\t\t\t\t\t<div class=\"elementor-container elementor-column-gap-default\">\n\t\t\t\t\t<div class=\"elementor-column elementor-col-100 elementor-inner-column elementor-element elementor-element-90af417\" data-id=\"90af417\" data-element_type=\"column\" data-e-type=\"column\" data-settings=\"{&quot;background_background&quot;:&quot;classic&quot;}\">\n\t\t\t<div class=\"elementor-widget-wrap elementor-element-populated\">\n\t\t\t\t\t<div class=\"elementor-background-overlay\"><\/div>\n\t\t\t\t\t\t<div class=\"elementor-element elementor-element-16e0826 elementor-widget elementor-widget-image\" data-id=\"16e0826\" data-element_type=\"widget\" data-e-type=\"widget\" data-widget_type=\"image.default\">\n\t\t\t\t<div class=\"elementor-widget-container\">\n\t\t\t\t\t\t\t\t\t\t\t\t\t\t\t<img decoding=\"async\" width=\"800\" height=\"800\" src=\"https:\/\/appartamentivacanzevda.com\/wp-content\/uploads\/2024\/10\/appartamenti-vacanza-nella-valle-daosta-1.jpg\" class=\"elementor-animation-float attachment-large size-large wp-image-9870\" alt=\"appartamenti vacanza nella valle d&#039;aosta\" srcset=\"https:\/\/appartamentivacanzevda.com\/wp-content\/uploads\/2024\/10\/appartamenti-vacanza-nella-valle-daosta-1.jpg 800w, https:\/\/appartamentivacanzevda.com\/wp-content\/uploads\/2024\/10\/appartamenti-vacanza-nella-valle-daosta-1-300x300.jpg 300w, https:\/\/appartamentivacanzevda.com\/wp-content\/uploads\/2024\/10\/appartamenti-vacanza-nella-valle-daosta-1-150x150.jpg 150w, https:\/\/appartamentivacanzevda.com\/wp-content\/uploads\/2024\/10\/appartamenti-vacanza-nella-valle-daosta-1-768x768.jpg 768w, https:\/\/appartamentivacanzevda.com\/wp-content\/uploads\/2024\/10\/appartamenti-vacanza-nella-valle-daosta-1-200x200.jpg 200w, https:\/\/appartamentivacanzevda.com\/wp-content\/uploads\/2024\/10\/appartamenti-vacanza-nella-valle-daosta-1-400x400.jpg 400w\" sizes=\"(max-width: 800px) 100vw, 800px\" \/>\t\t\t\t\t\t\t\t\t\t\t\t\t\t\t<\/div>\n\t\t\t\t<\/div>\n\t\t\t\t<div class=\"elementor-element elementor-element-b0adfa6 elementor-widget elementor-widget-heading\" data-id=\"b0adfa6\" data-element_type=\"widget\" data-e-type=\"widget\" data-widget_type=\"heading.default\">\n\t\t\t\t<div class=\"elementor-widget-container\">\n\t\t\t\t\t<h1 class=\"elementor-heading-title elementor-size-default\">STUDIOS<\/h1>\t\t\t\t<\/div>\n\t\t\t\t<\/div>\n\t\t\t\t<div class=\"elementor-element elementor-element-a01ab00 elementor-widget elementor-widget-heading\" data-id=\"a01ab00\" data-element_type=\"widget\" data-e-type=\"widget\" data-widget_type=\"heading.default\">\n\t\t\t\t<div class=\"elementor-widget-container\">\n\t\t\t\t\t<h1 class=\"elementor-heading-title elementor-size-default\">Plus<\/h1>\t\t\t\t<\/div>\n\t\t\t\t<\/div>\n\t\t\t\t<div class=\"elementor-element elementor-element-e82071f elementor-widget elementor-widget-heading\" data-id=\"e82071f\" data-element_type=\"widget\" data-e-type=\"widget\" data-widget_type=\"heading.default\">\n\t\t\t\t<div class=\"elementor-widget-container\">\n\t\t\t\t\t<p class=\"elementor-heading-title elementor-size-default\">Spacieux studios avec mezzanine, salle de bain priv\u00e9e, cuisine \u00e9quip\u00e9e et une merveilleuse vue sur les montagnes, parfaits pour un v\u00e9ritable s\u00e9jour relaxant en Vall\u00e9e d'Aoste<\/p>\t\t\t\t<\/div>\n\t\t\t\t<\/div>\n\t\t\t\t<div class=\"elementor-element elementor-element-949e75b elementor-align-left elementor-mobile-align-center elementor-widget elementor-widget-button\" data-id=\"949e75b\" data-element_type=\"widget\" data-e-type=\"widget\" data-widget_type=\"button.default\">\n\t\t\t\t<div class=\"elementor-widget-container\">\n\t\t\t\t\t\t\t\t\t<div class=\"elementor-button-wrapper\">\n\t\t\t\t\t<a class=\"elementor-button elementor-button-link elementor-size-sm\" href=\"\/fr\/appartements-de-vacances\/studios-plus\/\">\n\t\t\t\t\t\t<span class=\"elementor-button-content-wrapper\">\n\t\t\t\t\t\t\t\t\t<span class=\"elementor-button-text\">EN SAVOIR PLUS<\/span>\n\t\t\t\t\t<\/span>\n\t\t\t\t\t<\/a>\n\t\t\t\t<\/div>\n\t\t\t\t\t\t\t\t<\/div>\n\t\t\t\t<\/div>\n\t\t\t\t\t<\/div>\n\t\t<\/div>\n\t\t\t\t\t<\/div>\n\t\t<\/section>\n\t\t\t\t\t<\/div>\n\t\t<\/div>\n\t\t\t\t<div class=\"elementor-column elementor-col-33 elementor-top-column elementor-element elementor-element-b5945b9 elementor-invisible\" data-id=\"b5945b9\" data-element_type=\"column\" data-e-type=\"column\" data-settings=\"{&quot;background_background&quot;:&quot;classic&quot;,&quot;animation&quot;:&quot;fadeIn&quot;,&quot;animation_delay&quot;:600}\">\n\t\t\t<div class=\"elementor-widget-wrap elementor-element-populated\">\n\t\t\t\t\t\t<section class=\"elementor-section elementor-inner-section elementor-element elementor-element-54b7e4e elementor-section-boxed elementor-section-height-default elementor-section-height-default\" data-id=\"54b7e4e\" data-element_type=\"section\" data-e-type=\"section\">\n\t\t\t\t\t\t<div class=\"elementor-container elementor-column-gap-default\">\n\t\t\t\t\t<div class=\"elementor-column elementor-col-100 elementor-inner-column elementor-element elementor-element-09c277d\" data-id=\"09c277d\" data-element_type=\"column\" data-e-type=\"column\" data-settings=\"{&quot;background_background&quot;:&quot;classic&quot;}\">\n\t\t\t<div class=\"elementor-widget-wrap elementor-element-populated\">\n\t\t\t\t\t\t<div class=\"elementor-element elementor-element-81acf1b elementor-widget elementor-widget-image\" data-id=\"81acf1b\" data-element_type=\"widget\" data-e-type=\"widget\" data-widget_type=\"image.default\">\n\t\t\t\t<div class=\"elementor-widget-container\">\n\t\t\t\t\t\t\t\t\t\t\t\t\t\t\t<img decoding=\"async\" width=\"800\" height=\"800\" src=\"https:\/\/appartamentivacanzevda.com\/wp-content\/uploads\/2024\/07\/valledaosta-appartamenti-vacanza.jpg\" class=\"elementor-animation-float attachment-large size-large wp-image-9034\" alt=\"appartamenti vacanza valle d&#039;aosta\" srcset=\"https:\/\/appartamentivacanzevda.com\/wp-content\/uploads\/2024\/07\/valledaosta-appartamenti-vacanza.jpg 800w, https:\/\/appartamentivacanzevda.com\/wp-content\/uploads\/2024\/07\/valledaosta-appartamenti-vacanza-300x300.jpg 300w, https:\/\/appartamentivacanzevda.com\/wp-content\/uploads\/2024\/07\/valledaosta-appartamenti-vacanza-150x150.jpg 150w, https:\/\/appartamentivacanzevda.com\/wp-content\/uploads\/2024\/07\/valledaosta-appartamenti-vacanza-768x768.jpg 768w\" sizes=\"(max-width: 800px) 100vw, 800px\" \/>\t\t\t\t\t\t\t\t\t\t\t\t\t\t\t<\/div>\n\t\t\t\t<\/div>\n\t\t\t\t<div class=\"elementor-element elementor-element-48f4778 elementor-widget elementor-widget-heading\" data-id=\"48f4778\" data-element_type=\"widget\" data-e-type=\"widget\" data-widget_type=\"heading.default\">\n\t\t\t\t<div class=\"elementor-widget-container\">\n\t\t\t\t\t<h1 class=\"elementor-heading-title elementor-size-default\">APPARTEMENTS DEUX-PI\u00c8CES<\/h1>\t\t\t\t<\/div>\n\t\t\t\t<\/div>\n\t\t\t\t<div class=\"elementor-element elementor-element-c9aeb40 elementor-widget elementor-widget-heading\" data-id=\"c9aeb40\" data-element_type=\"widget\" data-e-type=\"widget\" data-widget_type=\"heading.default\">\n\t\t\t\t<div class=\"elementor-widget-container\">\n\t\t\t\t\t<h1 class=\"elementor-heading-title elementor-size-default\">Avec mezzanine<\/h1>\t\t\t\t<\/div>\n\t\t\t\t<\/div>\n\t\t\t\t<div class=\"elementor-element elementor-element-0c75f11 elementor-widget elementor-widget-heading\" data-id=\"0c75f11\" data-element_type=\"widget\" data-e-type=\"widget\" data-widget_type=\"heading.default\">\n\t\t\t\t<div class=\"elementor-widget-container\">\n\t\t\t\t\t<p class=\"elementor-heading-title elementor-size-default\">\u00c9l\u00e9gants appartements de deux pi\u00e8ces avec mezzanine, comprenant deux chambres, une cuisine \u00e9quip\u00e9e et une vue panoramique \u00e0 couper le souffle, parfaits pour les familles ou les groupes d'amis<\/p>\t\t\t\t<\/div>\n\t\t\t\t<\/div>\n\t\t\t\t<div class=\"elementor-element elementor-element-c83c401 elementor-align-left elementor-mobile-align-center elementor-widget elementor-widget-button\" data-id=\"c83c401\" data-element_type=\"widget\" data-e-type=\"widget\" data-widget_type=\"button.default\">\n\t\t\t\t<div class=\"elementor-widget-container\">\n\t\t\t\t\t\t\t\t\t<div class=\"elementor-button-wrapper\">\n\t\t\t\t\t<a class=\"elementor-button elementor-button-link elementor-size-sm\" href=\"\/fr\/appartements-de-vacances\/appartements-de-deux-pieces-avec-mezzanine\/\">\n\t\t\t\t\t\t<span class=\"elementor-button-content-wrapper\">\n\t\t\t\t\t\t\t\t\t<span class=\"elementor-button-text\">EN SAVOIR PLUS<\/span>\n\t\t\t\t\t<\/span>\n\t\t\t\t\t<\/a>\n\t\t\t\t<\/div>\n\t\t\t\t\t\t\t\t<\/div>\n\t\t\t\t<\/div>\n\t\t\t\t\t<\/div>\n\t\t<\/div>\n\t\t\t\t\t<\/div>\n\t\t<\/section>\n\t\t\t\t\t<\/div>\n\t\t<\/div>\n\t\t\t\t\t<\/div>\n\t\t<\/section>\n\t\t\t\t<section class=\"elementor-section elementor-top-section elementor-element elementor-element-5c12ff8 elementor-section-stretched elementor-section-content-middle elementor-section-full_width elementor-section-height-default elementor-section-height-default\" data-id=\"5c12ff8\" data-element_type=\"section\" data-e-type=\"section\" data-settings=\"{&quot;stretch_section&quot;:&quot;section-stretched&quot;,&quot;background_background&quot;:&quot;classic&quot;}\">\n\t\t\t\t\t\t\t<div class=\"elementor-background-overlay\"><\/div>\n\t\t\t\t\t\t\t<div class=\"elementor-container elementor-column-gap-default\">\n\t\t\t\t\t<div class=\"elementor-column elementor-col-50 elementor-top-column elementor-element elementor-element-216ee51 elementor-invisible\" data-id=\"216ee51\" data-element_type=\"column\" data-e-type=\"column\" data-settings=\"{&quot;animation&quot;:&quot;fadeInLeft&quot;}\">\n\t\t\t<div class=\"elementor-widget-wrap elementor-element-populated\">\n\t\t\t\t\t\t<div class=\"elementor-element elementor-element-ab03b1a elementor-widget elementor-widget-heading\" data-id=\"ab03b1a\" data-element_type=\"widget\" data-e-type=\"widget\" data-widget_type=\"heading.default\">\n\t\t\t\t<div class=\"elementor-widget-container\">\n\t\t\t\t\t<h1 class=\"elementor-heading-title elementor-size-default\">3 RAISONS<\/h1>\t\t\t\t<\/div>\n\t\t\t\t<\/div>\n\t\t\t\t<div class=\"elementor-element elementor-element-2fd7a14 elementor-widget elementor-widget-heading\" data-id=\"2fd7a14\" data-element_type=\"widget\" data-e-type=\"widget\" data-widget_type=\"heading.default\">\n\t\t\t\t<div class=\"elementor-widget-container\">\n\t\t\t\t\t<h1 class=\"elementor-heading-title elementor-size-default\">De r\u00e9server<\/h1>\t\t\t\t<\/div>\n\t\t\t\t<\/div>\n\t\t\t\t<div class=\"elementor-element elementor-element-a82c225 elementor-widget elementor-widget-heading\" data-id=\"a82c225\" data-element_type=\"widget\" data-e-type=\"widget\" data-widget_type=\"heading.default\">\n\t\t\t\t<div class=\"elementor-widget-container\">\n\t\t\t\t\t<p class=\"elementor-heading-title elementor-size-default\">R\u00e9servez sur notre site internet et d\u00e9couvrez 3 raisons de le faire maintenant...<\/p>\t\t\t\t<\/div>\n\t\t\t\t<\/div>\n\t\t\t\t<div class=\"elementor-element elementor-element-69caf01 e-n-tabs-mobile elementor-widget elementor-widget-n-tabs\" data-id=\"69caf01\" data-element_type=\"widget\" data-e-type=\"widget\" data-settings=\"{&quot;horizontal_scroll&quot;:&quot;disable&quot;}\" data-widget_type=\"nested-tabs.default\">\n\t\t\t\t<div class=\"elementor-widget-container\">\n\t\t\t\t\t\t\t<div class=\"e-n-tabs\" data-widget-number=\"110931713\" aria-label=\"Onglets. Ouvrez des \u00e9l\u00e9ments avec Entrer ou Espace, fermez-les avec Echape et naviguez \u00e0 l&#039;aide des touches fl\u00e9ch\u00e9es.\">\n\t\t\t<div class=\"e-n-tabs-heading\" role=\"tablist\">\n\t\t\t\t\t<button id=\"e-n-tab-title-1109317131\" data-tab-title-id=\"e-n-tab-title-1109317131\" class=\"e-n-tab-title\" aria-selected=\"true\" data-tab-index=\"1\" role=\"tab\" tabindex=\"0\" aria-controls=\"e-n-tab-content-1109317131\" style=\"--n-tabs-title-order: 1;\">\n\t\t\t\t\t\t<span class=\"e-n-tab-title-text\">\n\t\t\t\tMeilleur tarif\t\t\t<\/span>\n\t\t<\/button>\n\t\t\t\t<button id=\"e-n-tab-title-1109317132\" data-tab-title-id=\"e-n-tab-title-1109317132\" class=\"e-n-tab-title\" aria-selected=\"false\" data-tab-index=\"2\" role=\"tab\" tabindex=\"-1\" aria-controls=\"e-n-tab-content-1109317132\" style=\"--n-tabs-title-order: 2;\">\n\t\t\t\t\t\t<span class=\"e-n-tab-title-text\">\n\t\t\t\tContact direct\t\t\t<\/span>\n\t\t<\/button>\n\t\t\t\t<button id=\"e-n-tab-title-1109317133\" data-tab-title-id=\"e-n-tab-title-1109317133\" class=\"e-n-tab-title\" aria-selected=\"false\" data-tab-index=\"3\" role=\"tab\" tabindex=\"-1\" aria-controls=\"e-n-tab-content-1109317133\" style=\"--n-tabs-title-order: 3;\">\n\t\t\t\t\t\t<span class=\"e-n-tab-title-text\">\n\t\t\t\tOffres sp\u00e9ciales\t\t\t<\/span>\n\t\t<\/button>\n\t\t\t\t\t<\/div>\n\t\t\t<div class=\"e-n-tabs-content\">\n\t\t\t\t<div id=\"e-n-tab-content-1109317131\" role=\"tabpanel\" aria-labelledby=\"e-n-tab-title-1109317131\" data-tab-index=\"1\" style=\"--n-tabs-title-order: 1;\" class=\"e-active elementor-element elementor-element-61b57e7 e-con-full e-flex e-con e-child\" data-id=\"61b57e7\" data-element_type=\"container\" data-e-type=\"container\">\n\t\t\t\t<div class=\"elementor-element elementor-element-ac796f4 elementor-widget elementor-widget-heading\" data-id=\"ac796f4\" data-element_type=\"widget\" data-e-type=\"widget\" data-widget_type=\"heading.default\">\n\t\t\t\t<div class=\"elementor-widget-container\">\n\t\t\t\t\t<p class=\"elementor-heading-title elementor-size-default\">En r\u00e9servant sur notre site internet, vous b\u00e9n\u00e9ficierez des meilleurs tarifs et conditions de vente<\/p>\t\t\t\t<\/div>\n\t\t\t\t<\/div>\n\t\t\t\t<\/div>\n\t\t<div id=\"e-n-tab-content-1109317132\" role=\"tabpanel\" aria-labelledby=\"e-n-tab-title-1109317132\" data-tab-index=\"2\" style=\"--n-tabs-title-order: 2;\" class=\" elementor-element elementor-element-c868a60 e-con-full e-flex e-con e-child\" data-id=\"c868a60\" data-element_type=\"container\" data-e-type=\"container\">\n\t\t\t\t<div class=\"elementor-element elementor-element-f345452 elementor-widget elementor-widget-heading\" data-id=\"f345452\" data-element_type=\"widget\" data-e-type=\"widget\" data-widget_type=\"heading.default\">\n\t\t\t\t<div class=\"elementor-widget-container\">\n\t\t\t\t\t<p class=\"elementor-heading-title elementor-size-default\">En nous contactant directement votre r\u00e9servation sera g\u00e9r\u00e9e par nous, sans aucun interm\u00e9diaire<\/p>\t\t\t\t<\/div>\n\t\t\t\t<\/div>\n\t\t\t\t<\/div>\n\t\t<div id=\"e-n-tab-content-1109317133\" role=\"tabpanel\" aria-labelledby=\"e-n-tab-title-1109317133\" data-tab-index=\"3\" style=\"--n-tabs-title-order: 3;\" class=\" elementor-element elementor-element-0029da7 e-con-full e-flex e-con e-child\" data-id=\"0029da7\" data-element_type=\"container\" data-e-type=\"container\">\n\t\t\t\t<div class=\"elementor-element elementor-element-af00fcb elementor-widget elementor-widget-heading\" data-id=\"af00fcb\" data-element_type=\"widget\" data-e-type=\"widget\" data-widget_type=\"heading.default\">\n\t\t\t\t<div class=\"elementor-widget-container\">\n\t\t\t\t\t<p class=\"elementor-heading-title elementor-size-default\">Seulement sur notre site internet, vous trouverez des offres sp\u00e9ciales et des forfaits de s\u00e9jour d\u00e9di\u00e9s<\/p>\t\t\t\t<\/div>\n\t\t\t\t<\/div>\n\t\t\t\t<\/div>\n\t\t\t\t\t<\/div>\n\t\t<\/div>\n\t\t\t\t\t\t<\/div>\n\t\t\t\t<\/div>\n\t\t\t\t\t<\/div>\n\t\t<\/div>\n\t\t\t\t<div class=\"elementor-column elementor-col-50 elementor-top-column elementor-element elementor-element-ecdb548 elementor-invisible\" data-id=\"ecdb548\" data-element_type=\"column\" data-e-type=\"column\" data-settings=\"{&quot;animation&quot;:&quot;fadeInRight&quot;}\">\n\t\t\t<div class=\"elementor-widget-wrap elementor-element-populated\">\n\t\t\t\t\t\t<div class=\"elementor-element elementor-element-d10aed5 elementor-widget elementor-widget-image\" data-id=\"d10aed5\" data-element_type=\"widget\" data-e-type=\"widget\" data-widget_type=\"image.default\">\n\t\t\t\t<div class=\"elementor-widget-container\">\n\t\t\t\t\t\t\t\t\t\t\t\t\t\t\t<img decoding=\"async\" src=\"https:\/\/appartamentivacanzevda.com\/wp-content\/uploads\/elementor\/thumbs\/appartamenti-vacanza-valle-d-aosta-4-1-qrtdtd6bugffgmd66ax30z12rebg6m444p1zjiyrs8.jpg\" title=\"appartamenti-vacanza-valle-d-aosta-4\" alt=\"appartamenti vacanza valle d&#039;aosta\" loading=\"lazy\" \/>\t\t\t\t\t\t\t\t\t\t\t\t\t\t\t<\/div>\n\t\t\t\t<\/div>\n\t\t\t\t\t<\/div>\n\t\t<\/div>\n\t\t\t\t\t<\/div>\n\t\t<\/section>\n\t\t\t\t<\/div>\n\t\t","protected":false},"excerpt":{"rendered":"<p>Nos appartements STUDIOS Deluxe Studios accueillants avec salle de bain priv\u00e9e, cuisine \u00e9quip\u00e9e, chemin\u00e9e d\u00e9corative et vue charmante sur les montagnes environnantes EN SAVOIR PLUS STUDIOS Plus Spacieux studios avec mezzanine, salle de bain priv\u00e9e, cuisine \u00e9quip\u00e9e et une merveilleuse vue sur les montagnes, parfaits pour un v\u00e9ritable s\u00e9jour relaxant en Vall\u00e9e d&rsquo;Aoste EN SAVOIR [&hellip;]<\/p>\n","protected":false},"author":1,"featured_media":0,"parent":0,"menu_order":0,"comment_status":"closed","ping_status":"closed","template":"","meta":{"footnotes":""},"class_list":["post-9968","page","type-page","status-publish","hentry"],"yoast_head":"<!-- This site is optimized with the Yoast SEO plugin v27.5 - https:\/\/yoast.com\/product\/yoast-seo-wordpress\/ -->\n<title>Appartements de vacances - Appartamenti vacanza Valle d&#039;Aosta - Da Cien Appartamenti Vacanza Valle d&#039;Aosta<\/title>\n<meta name=\"robots\" content=\"index, follow, max-snippet:-1, max-image-preview:large, max-video-preview:-1\" \/>\n<link rel=\"canonical\" href=\"https:\/\/appartamentivacanzevda.com\/appartamenti-vacanza\/\" \/>\n<meta property=\"og:locale\" content=\"fr_FR\" \/>\n<meta property=\"og:type\" content=\"article\" \/>\n<meta property=\"og:title\" content=\"Appartements de vacances - Appartamenti vacanza Valle d&#039;Aosta - Da Cien Appartamenti Vacanza Valle d&#039;Aosta\" \/>\n<meta property=\"og:description\" content=\"Nos appartements STUDIOS Deluxe Studios accueillants avec salle de bain priv\u00e9e, cuisine \u00e9quip\u00e9e, chemin\u00e9e d\u00e9corative et vue charmante sur les montagnes environnantes EN SAVOIR PLUS STUDIOS Plus Spacieux studios avec mezzanine, salle de bain priv\u00e9e, cuisine \u00e9quip\u00e9e et une merveilleuse vue sur les montagnes, parfaits pour un v\u00e9ritable s\u00e9jour relaxant en Vall\u00e9e d&rsquo;Aoste EN SAVOIR [&hellip;]\" \/>\n<meta property=\"og:url\" content=\"https:\/\/appartamentivacanzevda.com\/appartamenti-vacanza\/\" \/>\n<meta property=\"og:site_name\" content=\"Appartamenti vacanza Valle d&#039;Aosta - Da Cien Appartamenti Vacanza Valle d&#039;Aosta\" \/>\n<meta property=\"article:modified_time\" content=\"2024-10-28T15:48:49+00:00\" \/>\n<meta property=\"og:image\" content=\"https:\/\/appartamentivacanzevda.com\/wp-content\/uploads\/2024\/07\/valle-daosta-appartamenti-vacanza.jpg\" \/>\n<meta name=\"twitter:card\" content=\"summary_large_image\" \/>\n<meta name=\"twitter:label1\" content=\"Dur\u00e9e de lecture estim\u00e9e\" \/>\n\t<meta name=\"twitter:data1\" content=\"2 minutes\" \/>\n<script type=\"application\/ld+json\" class=\"yoast-schema-graph\">{\"@context\":\"https:\\\/\\\/schema.org\",\"@graph\":[{\"@type\":\"WebPage\",\"@id\":\"https:\\\/\\\/appartamentivacanzevda.com\\\/appartamenti-vacanza\\\/\",\"url\":\"https:\\\/\\\/appartamentivacanzevda.com\\\/appartamenti-vacanza\\\/\",\"name\":\"Appartements de vacances - Appartamenti vacanza Valle d&#039;Aosta - Da Cien Appartamenti Vacanza Valle d&#039;Aosta\",\"isPartOf\":{\"@id\":\"https:\\\/\\\/appartamentivacanzevda.com\\\/#website\"},\"primaryImageOfPage\":{\"@id\":\"https:\\\/\\\/appartamentivacanzevda.com\\\/appartamenti-vacanza\\\/#primaryimage\"},\"image\":{\"@id\":\"https:\\\/\\\/appartamentivacanzevda.com\\\/appartamenti-vacanza\\\/#primaryimage\"},\"thumbnailUrl\":\"https:\\\/\\\/appartamentivacanzevda.com\\\/wp-content\\\/uploads\\\/2024\\\/07\\\/valle-daosta-appartamenti-vacanza.jpg\",\"datePublished\":\"2024-08-29T10:23:36+00:00\",\"dateModified\":\"2024-10-28T15:48:49+00:00\",\"breadcrumb\":{\"@id\":\"https:\\\/\\\/appartamentivacanzevda.com\\\/appartamenti-vacanza\\\/#breadcrumb\"},\"inLanguage\":\"fr-FR\",\"potentialAction\":[{\"@type\":\"ReadAction\",\"target\":[\"https:\\\/\\\/appartamentivacanzevda.com\\\/appartamenti-vacanza\\\/\"]}]},{\"@type\":\"ImageObject\",\"inLanguage\":\"fr-FR\",\"@id\":\"https:\\\/\\\/appartamentivacanzevda.com\\\/appartamenti-vacanza\\\/#primaryimage\",\"url\":\"https:\\\/\\\/appartamentivacanzevda.com\\\/wp-content\\\/uploads\\\/2024\\\/07\\\/valle-daosta-appartamenti-vacanza.jpg\",\"contentUrl\":\"https:\\\/\\\/appartamentivacanzevda.com\\\/wp-content\\\/uploads\\\/2024\\\/07\\\/valle-daosta-appartamenti-vacanza.jpg\"},{\"@type\":\"BreadcrumbList\",\"@id\":\"https:\\\/\\\/appartamentivacanzevda.com\\\/appartamenti-vacanza\\\/#breadcrumb\",\"itemListElement\":[{\"@type\":\"ListItem\",\"position\":1,\"name\":\"Accueil\",\"item\":\"https:\\\/\\\/appartamentivacanzevda.com\\\/\"},{\"@type\":\"ListItem\",\"position\":2,\"name\":\"Appartements de vacances\"}]},{\"@type\":\"WebSite\",\"@id\":\"https:\\\/\\\/appartamentivacanzevda.com\\\/#website\",\"url\":\"https:\\\/\\\/appartamentivacanzevda.com\\\/\",\"name\":\"Appartamenti vacanza Valle d&#039;Aosta - Da Cien Appartamenti Vacanza Valle d&#039;Aosta\",\"description\":\"Appartamenti vacanza Valle d&#039;Aosta - Da Cien Appartamenti Vacanza Valle d&#039;Aosta\",\"potentialAction\":[{\"@type\":\"SearchAction\",\"target\":{\"@type\":\"EntryPoint\",\"urlTemplate\":\"https:\\\/\\\/appartamentivacanzevda.com\\\/?s={search_term_string}\"},\"query-input\":{\"@type\":\"PropertyValueSpecification\",\"valueRequired\":true,\"valueName\":\"search_term_string\"}}],\"inLanguage\":\"fr-FR\"}]}<\/script>\n<!-- \/ Yoast SEO plugin. -->","yoast_head_json":{"title":"Appartements de vacances - Appartamenti vacanza Valle d&#039;Aosta - Da Cien Appartamenti Vacanza Valle d&#039;Aosta","robots":{"index":"index","follow":"follow","max-snippet":"max-snippet:-1","max-image-preview":"max-image-preview:large","max-video-preview":"max-video-preview:-1"},"canonical":"https:\/\/appartamentivacanzevda.com\/appartamenti-vacanza\/","og_locale":"fr_FR","og_type":"article","og_title":"Appartements de vacances - Appartamenti vacanza Valle d&#039;Aosta - Da Cien Appartamenti Vacanza Valle d&#039;Aosta","og_description":"Nos appartements STUDIOS Deluxe Studios accueillants avec salle de bain priv\u00e9e, cuisine \u00e9quip\u00e9e, chemin\u00e9e d\u00e9corative et vue charmante sur les montagnes environnantes EN SAVOIR PLUS STUDIOS Plus Spacieux studios avec mezzanine, salle de bain priv\u00e9e, cuisine \u00e9quip\u00e9e et une merveilleuse vue sur les montagnes, parfaits pour un v\u00e9ritable s\u00e9jour relaxant en Vall\u00e9e d&rsquo;Aoste EN SAVOIR [&hellip;]","og_url":"https:\/\/appartamentivacanzevda.com\/appartamenti-vacanza\/","og_site_name":"Appartamenti vacanza Valle d&#039;Aosta - Da Cien Appartamenti Vacanza Valle d&#039;Aosta","article_modified_time":"2024-10-28T15:48:49+00:00","og_image":[{"url":"https:\/\/appartamentivacanzevda.com\/wp-content\/uploads\/2024\/07\/valle-daosta-appartamenti-vacanza.jpg","type":"","width":"","height":""}],"twitter_card":"summary_large_image","twitter_misc":{"Dur\u00e9e de lecture estim\u00e9e":"2 minutes"},"schema":{"@context":"https:\/\/schema.org","@graph":[{"@type":"WebPage","@id":"https:\/\/appartamentivacanzevda.com\/appartamenti-vacanza\/","url":"https:\/\/appartamentivacanzevda.com\/appartamenti-vacanza\/","name":"Appartements de vacances - Appartamenti vacanza Valle d&#039;Aosta - Da Cien Appartamenti Vacanza Valle d&#039;Aosta","isPartOf":{"@id":"https:\/\/appartamentivacanzevda.com\/#website"},"primaryImageOfPage":{"@id":"https:\/\/appartamentivacanzevda.com\/appartamenti-vacanza\/#primaryimage"},"image":{"@id":"https:\/\/appartamentivacanzevda.com\/appartamenti-vacanza\/#primaryimage"},"thumbnailUrl":"https:\/\/appartamentivacanzevda.com\/wp-content\/uploads\/2024\/07\/valle-daosta-appartamenti-vacanza.jpg","datePublished":"2024-08-29T10:23:36+00:00","dateModified":"2024-10-28T15:48:49+00:00","breadcrumb":{"@id":"https:\/\/appartamentivacanzevda.com\/appartamenti-vacanza\/#breadcrumb"},"inLanguage":"fr-FR","potentialAction":[{"@type":"ReadAction","target":["https:\/\/appartamentivacanzevda.com\/appartamenti-vacanza\/"]}]},{"@type":"ImageObject","inLanguage":"fr-FR","@id":"https:\/\/appartamentivacanzevda.com\/appartamenti-vacanza\/#primaryimage","url":"https:\/\/appartamentivacanzevda.com\/wp-content\/uploads\/2024\/07\/valle-daosta-appartamenti-vacanza.jpg","contentUrl":"https:\/\/appartamentivacanzevda.com\/wp-content\/uploads\/2024\/07\/valle-daosta-appartamenti-vacanza.jpg"},{"@type":"BreadcrumbList","@id":"https:\/\/appartamentivacanzevda.com\/appartamenti-vacanza\/#breadcrumb","itemListElement":[{"@type":"ListItem","position":1,"name":"Accueil","item":"https:\/\/appartamentivacanzevda.com\/"},{"@type":"ListItem","position":2,"name":"Appartements de vacances"}]},{"@type":"WebSite","@id":"https:\/\/appartamentivacanzevda.com\/#website","url":"https:\/\/appartamentivacanzevda.com\/","name":"Appartamenti vacanza Valle d&#039;Aosta - Da Cien Appartamenti Vacanza Valle d&#039;Aosta","description":"Appartamenti vacanza Valle d&#039;Aosta - Da Cien Appartamenti Vacanza Valle d&#039;Aosta","potentialAction":[{"@type":"SearchAction","target":{"@type":"EntryPoint","urlTemplate":"https:\/\/appartamentivacanzevda.com\/?s={search_term_string}"},"query-input":{"@type":"PropertyValueSpecification","valueRequired":true,"valueName":"search_term_string"}}],"inLanguage":"fr-FR"}]}},"_links":{"self":[{"href":"https:\/\/appartamentivacanzevda.com\/fr\/wp-json\/wp\/v2\/pages\/9968","targetHints":{"allow":["GET"]}}],"collection":[{"href":"https:\/\/appartamentivacanzevda.com\/fr\/wp-json\/wp\/v2\/pages"}],"about":[{"href":"https:\/\/appartamentivacanzevda.com\/fr\/wp-json\/wp\/v2\/types\/page"}],"author":[{"embeddable":true,"href":"https:\/\/appartamentivacanzevda.com\/fr\/wp-json\/wp\/v2\/users\/1"}],"replies":[{"embeddable":true,"href":"https:\/\/appartamentivacanzevda.com\/fr\/wp-json\/wp\/v2\/comments?post=9968"}],"version-history":[{"count":7,"href":"https:\/\/appartamentivacanzevda.com\/fr\/wp-json\/wp\/v2\/pages\/9968\/revisions"}],"predecessor-version":[{"id":10133,"href":"https:\/\/appartamentivacanzevda.com\/fr\/wp-json\/wp\/v2\/pages\/9968\/revisions\/10133"}],"wp:attachment":[{"href":"https:\/\/appartamentivacanzevda.com\/fr\/wp-json\/wp\/v2\/media?parent=9968"}],"curies":[{"name":"wp","href":"https:\/\/api.w.org\/{rel}","templated":true}]}}