{"id":9972,"date":"2024-08-01T11:46:59","date_gmt":"2024-08-01T09:46:59","guid":{"rendered":"https:\/\/appartamentivacanzevda.com\/appartements-de-vacances\/studios-deluxe\/"},"modified":"2024-12-11T12:21:10","modified_gmt":"2024-12-11T11:21:10","slug":"studios-deluxe","status":"publish","type":"page","link":"https:\/\/appartamentivacanzevda.com\/fr\/appartements-de-vacances\/studios-deluxe\/","title":{"rendered":"Studios deluxe"},"content":{"rendered":"\t\t<div data-elementor-type=\"wp-page\" data-elementor-id=\"9972\" class=\"elementor elementor-9972 elementor-9074\">\n\t\t\t\t\t\t<section class=\"elementor-section elementor-top-section elementor-element elementor-element-43d18aee elementor-section-stretched elementor-section-content-middle elementor-section-boxed elementor-section-height-default elementor-section-height-default\" data-id=\"43d18aee\" data-element_type=\"section\" data-e-type=\"section\" data-settings=\"{&quot;stretch_section&quot;:&quot;section-stretched&quot;,&quot;background_background&quot;:&quot;classic&quot;}\">\n\t\t\t\t\t\t\t<div class=\"elementor-background-overlay\"><\/div>\n\t\t\t\t\t\t\t<div class=\"elementor-container elementor-column-gap-default\">\n\t\t\t\t\t<div class=\"elementor-column elementor-col-100 elementor-top-column elementor-element elementor-element-7f44af7\" data-id=\"7f44af7\" data-element_type=\"column\" data-e-type=\"column\">\n\t\t\t<div class=\"elementor-widget-wrap elementor-element-populated\">\n\t\t\t\t\t\t<div class=\"elementor-element elementor-element-6f41a68 elementor-widget elementor-widget-heading\" data-id=\"6f41a68\" data-element_type=\"widget\" data-e-type=\"widget\" data-widget_type=\"heading.default\">\n\t\t\t\t<div class=\"elementor-widget-container\">\n\t\t\t\t\t<h1 class=\"elementor-heading-title elementor-size-default\">STUDIOS<\/h1>\t\t\t\t<\/div>\n\t\t\t\t<\/div>\n\t\t\t\t<div class=\"elementor-element elementor-element-3c36705 elementor-widget elementor-widget-heading\" data-id=\"3c36705\" data-element_type=\"widget\" data-e-type=\"widget\" data-widget_type=\"heading.default\">\n\t\t\t\t<div class=\"elementor-widget-container\">\n\t\t\t\t\t<h1 class=\"elementor-heading-title elementor-size-default\">Deluxe<\/h1>\t\t\t\t<\/div>\n\t\t\t\t<\/div>\n\t\t\t\t\t<\/div>\n\t\t<\/div>\n\t\t\t\t\t<\/div>\n\t\t<\/section>\n\t\t\t\t<section class=\"elementor-section elementor-top-section elementor-element elementor-element-7a4ceb0 elementor-section-content-middle elementor-section-stretched elementor-section-full_width elementor-section-height-default elementor-section-height-default\" data-id=\"7a4ceb0\" data-element_type=\"section\" data-e-type=\"section\" data-settings=\"{&quot;stretch_section&quot;:&quot;section-stretched&quot;,&quot;background_background&quot;:&quot;classic&quot;}\">\n\t\t\t\t\t\t\t<div class=\"elementor-background-overlay\"><\/div>\n\t\t\t\t\t\t\t<div class=\"elementor-container elementor-column-gap-default\">\n\t\t\t\t\t<div class=\"elementor-column elementor-col-50 elementor-top-column elementor-element elementor-element-7f346d4 elementor-invisible\" data-id=\"7f346d4\" data-element_type=\"column\" data-e-type=\"column\" data-settings=\"{&quot;animation&quot;:&quot;fadeInLeft&quot;,&quot;background_background&quot;:&quot;classic&quot;}\">\n\t\t\t<div class=\"elementor-widget-wrap elementor-element-populated\">\n\t\t\t\t\t\t<div class=\"elementor-element elementor-element-243def7 elementor-widget elementor-widget-heading\" data-id=\"243def7\" data-element_type=\"widget\" data-e-type=\"widget\" data-widget_type=\"heading.default\">\n\t\t\t\t<div class=\"elementor-widget-container\">\n\t\t\t\t\t<h1 class=\"elementor-heading-title elementor-size-default\">DESCRIPTION<\/h1>\t\t\t\t<\/div>\n\t\t\t\t<\/div>\n\t\t\t\t<div class=\"elementor-element elementor-element-b415396 elementor-widget elementor-widget-heading\" data-id=\"b415396\" data-element_type=\"widget\" data-e-type=\"widget\" data-widget_type=\"heading.default\">\n\t\t\t\t<div class=\"elementor-widget-container\">\n\t\t\t\t\t<p class=\"elementor-heading-title elementor-size-default\">Chaleureux et confortables, nos <b>studios deluxe<\/b> sont id\u00e9aux pour les <b>couples ou les petites familles<\/b>.<br><br>\u00c9quip\u00e9s d'une salle de bain priv\u00e9e, d'une cuisine enti\u00e8rement \u00e9quip\u00e9e et d'un acc\u00e8s ind\u00e9pendant, ils offrent <b>tout le confort<\/b> n\u00e9cessaire pour un agr\u00e9able s\u00e9jour. De plus, la <b>chemin\u00e9e d\u00e9corative<\/b> ajoute une touche de chaleur et de charme \u00e0 l'environnement, rendant l'atmosph\u00e8re encore plus relaxante et sp\u00e9ciale.<\/p>\t\t\t\t<\/div>\n\t\t\t\t<\/div>\n\t\t\t\t<div class=\"elementor-element elementor-element-25a82cf elementor-widget elementor-widget-heading\" data-id=\"25a82cf\" data-element_type=\"widget\" data-e-type=\"widget\" data-widget_type=\"heading.default\">\n\t\t\t\t<div class=\"elementor-widget-container\">\n\t\t\t\t\t<h3 class=\"elementor-heading-title elementor-size-default\">Highlights<\/h3>\t\t\t\t<\/div>\n\t\t\t\t<\/div>\n\t\t\t\t<div class=\"elementor-element elementor-element-dabbb54 elementor-align-center elementor-icon-list--layout-traditional elementor-list-item-link-full_width elementor-widget elementor-widget-icon-list\" data-id=\"dabbb54\" data-element_type=\"widget\" data-e-type=\"widget\" data-widget_type=\"icon-list.default\">\n\t\t\t\t<div class=\"elementor-widget-container\">\n\t\t\t\t\t\t\t<ul class=\"elementor-icon-list-items\">\n\t\t\t\t\t\t\t<li class=\"elementor-icon-list-item\">\n\t\t\t\t\t\t\t\t\t\t\t<span class=\"elementor-icon-list-icon\">\n\t\t\t\t\t\t\t<svg aria-hidden=\"true\" class=\"e-font-icon-svg e-fas-bed\" viewBox=\"0 0 640 512\" xmlns=\"http:\/\/www.w3.org\/2000\/svg\"><path d=\"M176 256c44.11 0 80-35.89 80-80s-35.89-80-80-80-80 35.89-80 80 35.89 80 80 80zm352-128H304c-8.84 0-16 7.16-16 16v144H64V80c0-8.84-7.16-16-16-16H16C7.16 64 0 71.16 0 80v352c0 8.84 7.16 16 16 16h32c8.84 0 16-7.16 16-16v-48h512v48c0 8.84 7.16 16 16 16h32c8.84 0 16-7.16 16-16V240c0-61.86-50.14-112-112-112z\"><\/path><\/svg>\t\t\t\t\t\t<\/span>\n\t\t\t\t\t\t\t\t\t\t<span class=\"elementor-icon-list-text\">Jusqu'\u00e0 3 personnes : un lit double et la possibilit\u00e9 d'un lit suppl\u00e9mentaire pour les enfants<\/span>\n\t\t\t\t\t\t\t\t\t<\/li>\n\t\t\t\t\t\t\t\t<li class=\"elementor-icon-list-item\">\n\t\t\t\t\t\t\t\t\t\t\t<span class=\"elementor-icon-list-icon\">\n\t\t\t\t\t\t\t<svg aria-hidden=\"true\" class=\"e-font-icon-svg e-fas-fire\" viewBox=\"0 0 384 512\" xmlns=\"http:\/\/www.w3.org\/2000\/svg\"><path d=\"M216 23.86c0-23.8-30.65-32.77-44.15-13.04C48 191.85 224 200 224 288c0 35.63-29.11 64.46-64.85 63.99-35.17-.45-63.15-29.77-63.15-64.94v-85.51c0-21.7-26.47-32.23-41.43-16.5C27.8 213.16 0 261.33 0 320c0 105.87 86.13 192 192 192s192-86.13 192-192c0-170.29-168-193-168-296.14z\"><\/path><\/svg>\t\t\t\t\t\t<\/span>\n\t\t\t\t\t\t\t\t\t\t<span class=\"elementor-icon-list-text\">Chemin\u00e9e d\u00e9corative<\/span>\n\t\t\t\t\t\t\t\t\t<\/li>\n\t\t\t\t\t\t<\/ul>\n\t\t\t\t\t\t<\/div>\n\t\t\t\t<\/div>\n\t\t\t\t\t<\/div>\n\t\t<\/div>\n\t\t\t\t<div class=\"elementor-column elementor-col-50 elementor-top-column elementor-element elementor-element-d6ede8e elementor-invisible\" data-id=\"d6ede8e\" data-element_type=\"column\" data-e-type=\"column\" data-settings=\"{&quot;animation&quot;:&quot;fadeInRight&quot;}\">\n\t\t\t<div class=\"elementor-widget-wrap elementor-element-populated\">\n\t\t\t\t\t\t<div class=\"elementor-element elementor-element-cf9aebb elementor-arrows-position-inside elementor-widget elementor-widget-image-carousel\" data-id=\"cf9aebb\" data-element_type=\"widget\" data-e-type=\"widget\" data-settings=\"{&quot;slides_to_show&quot;:&quot;1&quot;,&quot;navigation&quot;:&quot;arrows&quot;,&quot;autoplay&quot;:&quot;yes&quot;,&quot;pause_on_hover&quot;:&quot;yes&quot;,&quot;pause_on_interaction&quot;:&quot;yes&quot;,&quot;autoplay_speed&quot;:5000,&quot;infinite&quot;:&quot;yes&quot;,&quot;effect&quot;:&quot;slide&quot;,&quot;speed&quot;:500}\" data-widget_type=\"image-carousel.default\">\n\t\t\t\t<div class=\"elementor-widget-container\">\n\t\t\t\t\t\t\t<div class=\"elementor-image-carousel-wrapper swiper\" role=\"region\" aria-roledescription=\"carousel\" aria-label=\"Carrousel d\u2019images\" dir=\"ltr\">\n\t\t\t<div class=\"elementor-image-carousel swiper-wrapper\" aria-live=\"off\">\n\t\t\t\t\t\t\t\t<div class=\"swiper-slide\" role=\"group\" aria-roledescription=\"slide\" aria-label=\"1 sur 16\"><a data-elementor-open-lightbox=\"yes\" data-elementor-lightbox-slideshow=\"cf9aebb\" data-elementor-lightbox-title=\"appartamenti-vacanza-valle-daosta-2-2.jpg\" data-e-action-hash=\"#elementor-action%3Aaction%3Dlightbox%26settings%3DeyJpZCI6IjEwNTU3IiwidXJsIjoiaHR0cHM6XC9cL2FwcGFydGFtZW50aXZhY2FuemV2ZGEuY29tXC93cC1jb250ZW50XC91cGxvYWRzXC8yMDI0XC8xMlwvYXBwYXJ0YW1lbnRpLXZhY2FuemEtdmFsbGUtZGFvc3RhLTItMi5qcGciLCJzbGlkZXNob3ciOiJjZjlhZWJiIn0%3D\" href=\"https:\/\/appartamentivacanzevda.com\/wp-content\/uploads\/2024\/12\/appartamenti-vacanza-valle-daosta-2-2.jpg\"><figure class=\"swiper-slide-inner\"><img decoding=\"async\" class=\"swiper-slide-image\" src=\"https:\/\/appartamentivacanzevda.com\/wp-content\/uploads\/2024\/12\/appartamenti-vacanza-valle-daosta-2-2-1024x683.jpg\" alt=\"appartamenti-vacanza-valle-daosta-2-2.jpg\" \/><\/figure><\/a><\/div><div class=\"swiper-slide\" role=\"group\" aria-roledescription=\"slide\" aria-label=\"2 sur 16\"><a data-elementor-open-lightbox=\"yes\" data-elementor-lightbox-slideshow=\"cf9aebb\" data-elementor-lightbox-title=\"appartamenti-vacanza-valle-daosta.jpg\" data-e-action-hash=\"#elementor-action%3Aaction%3Dlightbox%26settings%3DeyJpZCI6IjEwNTYwIiwidXJsIjoiaHR0cHM6XC9cL2FwcGFydGFtZW50aXZhY2FuemV2ZGEuY29tXC93cC1jb250ZW50XC91cGxvYWRzXC8yMDI0XC8xMlwvYXBwYXJ0YW1lbnRpLXZhY2FuemEtdmFsbGUtZGFvc3RhLTQuanBnIiwic2xpZGVzaG93IjoiY2Y5YWViYiJ9\" href=\"https:\/\/appartamentivacanzevda.com\/wp-content\/uploads\/2024\/12\/appartamenti-vacanza-valle-daosta-4.jpg\"><figure class=\"swiper-slide-inner\"><img decoding=\"async\" class=\"swiper-slide-image\" src=\"https:\/\/appartamentivacanzevda.com\/wp-content\/uploads\/2024\/12\/appartamenti-vacanza-valle-daosta-4-1024x683.jpg\" alt=\"appartamenti-vacanza-valle-daosta.jpg\" \/><\/figure><\/a><\/div><div class=\"swiper-slide\" role=\"group\" aria-roledescription=\"slide\" aria-label=\"3 sur 16\"><a data-elementor-open-lightbox=\"yes\" data-elementor-lightbox-slideshow=\"cf9aebb\" data-elementor-lightbox-title=\"appartamenti-vacanza-valle-daosta-3-2.jpg\" data-e-action-hash=\"#elementor-action%3Aaction%3Dlightbox%26settings%3DeyJpZCI6IjEwNTYzIiwidXJsIjoiaHR0cHM6XC9cL2FwcGFydGFtZW50aXZhY2FuemV2ZGEuY29tXC93cC1jb250ZW50XC91cGxvYWRzXC8yMDI0XC8xMlwvYXBwYXJ0YW1lbnRpLXZhY2FuemEtdmFsbGUtZGFvc3RhLTMtMi5qcGciLCJzbGlkZXNob3ciOiJjZjlhZWJiIn0%3D\" href=\"https:\/\/appartamentivacanzevda.com\/wp-content\/uploads\/2024\/12\/appartamenti-vacanza-valle-daosta-3-2.jpg\"><figure class=\"swiper-slide-inner\"><img decoding=\"async\" class=\"swiper-slide-image\" src=\"https:\/\/appartamentivacanzevda.com\/wp-content\/uploads\/2024\/12\/appartamenti-vacanza-valle-daosta-3-2-1024x683.jpg\" alt=\"appartamenti-vacanza-valle-daosta-3-2.jpg\" \/><\/figure><\/a><\/div><div class=\"swiper-slide\" role=\"group\" aria-roledescription=\"slide\" aria-label=\"4 sur 16\"><a data-elementor-open-lightbox=\"yes\" data-elementor-lightbox-slideshow=\"cf9aebb\" data-elementor-lightbox-title=\"appartamenti-vacanza-valle-daosta-6u.jpg\" data-e-action-hash=\"#elementor-action%3Aaction%3Dlightbox%26settings%3DeyJpZCI6IjEwNTY2IiwidXJsIjoiaHR0cHM6XC9cL2FwcGFydGFtZW50aXZhY2FuemV2ZGEuY29tXC93cC1jb250ZW50XC91cGxvYWRzXC8yMDI0XC8xMlwvYXBwYXJ0YW1lbnRpLXZhY2FuemEtdmFsbGUtZGFvc3RhLTZ1LmpwZyIsInNsaWRlc2hvdyI6ImNmOWFlYmIifQ%3D%3D\" href=\"https:\/\/appartamentivacanzevda.com\/wp-content\/uploads\/2024\/12\/appartamenti-vacanza-valle-daosta-6u.jpg\"><figure class=\"swiper-slide-inner\"><img decoding=\"async\" class=\"swiper-slide-image\" src=\"https:\/\/appartamentivacanzevda.com\/wp-content\/uploads\/2024\/12\/appartamenti-vacanza-valle-daosta-6u-1024x683.jpg\" alt=\"appartamenti-vacanza-valle-daosta-6u.jpg\" \/><\/figure><\/a><\/div><div class=\"swiper-slide\" role=\"group\" aria-roledescription=\"slide\" aria-label=\"5 sur 16\"><a data-elementor-open-lightbox=\"yes\" data-elementor-lightbox-slideshow=\"cf9aebb\" data-elementor-lightbox-title=\"appartamenti-vacanza-valle-daosta-5-2.jpg\" data-e-action-hash=\"#elementor-action%3Aaction%3Dlightbox%26settings%3DeyJpZCI6IjEwNTY5IiwidXJsIjoiaHR0cHM6XC9cL2FwcGFydGFtZW50aXZhY2FuemV2ZGEuY29tXC93cC1jb250ZW50XC91cGxvYWRzXC8yMDI0XC8xMlwvYXBwYXJ0YW1lbnRpLXZhY2FuemEtdmFsbGUtZGFvc3RhLTUtMi5qcGciLCJzbGlkZXNob3ciOiJjZjlhZWJiIn0%3D\" href=\"https:\/\/appartamentivacanzevda.com\/wp-content\/uploads\/2024\/12\/appartamenti-vacanza-valle-daosta-5-2.jpg\"><figure class=\"swiper-slide-inner\"><img decoding=\"async\" class=\"swiper-slide-image\" src=\"https:\/\/appartamentivacanzevda.com\/wp-content\/uploads\/2024\/12\/appartamenti-vacanza-valle-daosta-5-2-1024x683.jpg\" alt=\"appartamenti-vacanza-valle-daosta-5-2.jpg\" \/><\/figure><\/a><\/div><div class=\"swiper-slide\" role=\"group\" aria-roledescription=\"slide\" aria-label=\"6 sur 16\"><a data-elementor-open-lightbox=\"yes\" data-elementor-lightbox-slideshow=\"cf9aebb\" data-elementor-lightbox-title=\"appartamenti-vacanza-valle-daosta-1-2.jpg\" data-e-action-hash=\"#elementor-action%3Aaction%3Dlightbox%26settings%3DeyJpZCI6IjEwNTcyIiwidXJsIjoiaHR0cHM6XC9cL2FwcGFydGFtZW50aXZhY2FuemV2ZGEuY29tXC93cC1jb250ZW50XC91cGxvYWRzXC8yMDI0XC8xMlwvYXBwYXJ0YW1lbnRpLXZhY2FuemEtdmFsbGUtZGFvc3RhLTEtMi5qcGciLCJzbGlkZXNob3ciOiJjZjlhZWJiIn0%3D\" href=\"https:\/\/appartamentivacanzevda.com\/wp-content\/uploads\/2024\/12\/appartamenti-vacanza-valle-daosta-1-2.jpg\"><figure class=\"swiper-slide-inner\"><img decoding=\"async\" class=\"swiper-slide-image\" src=\"https:\/\/appartamentivacanzevda.com\/wp-content\/uploads\/2024\/12\/appartamenti-vacanza-valle-daosta-1-2-1024x683.jpg\" alt=\"appartamenti-vacanza-valle-daosta-1-2.jpg\" \/><\/figure><\/a><\/div><div class=\"swiper-slide\" role=\"group\" aria-roledescription=\"slide\" aria-label=\"7 sur 16\"><a data-elementor-open-lightbox=\"yes\" data-elementor-lightbox-slideshow=\"cf9aebb\" data-elementor-lightbox-title=\"appartamenti-vacanza-valle-daosta-8.jpg\" data-e-action-hash=\"#elementor-action%3Aaction%3Dlightbox%26settings%3DeyJpZCI6MTA1NzgsInVybCI6Imh0dHBzOlwvXC9hcHBhcnRhbWVudGl2YWNhbnpldmRhLmNvbVwvd3AtY29udGVudFwvdXBsb2Fkc1wvMjAyNFwvMTJcL2FwcGFydGFtZW50aS12YWNhbnphLXZhbGxlLWRhb3N0YS04LTEuanBnIiwic2xpZGVzaG93IjoiY2Y5YWViYiJ9\" href=\"https:\/\/appartamentivacanzevda.com\/wp-content\/uploads\/2024\/12\/appartamenti-vacanza-valle-daosta-8-1.jpg\"><figure class=\"swiper-slide-inner\"><img decoding=\"async\" class=\"swiper-slide-image\" src=\"https:\/\/appartamentivacanzevda.com\/wp-content\/uploads\/2024\/12\/appartamenti-vacanza-valle-daosta-8-1-1024x683.jpg\" alt=\"appartamenti-vacanza-valle-daosta-8.jpg\" \/><\/figure><\/a><\/div><div class=\"swiper-slide\" role=\"group\" aria-roledescription=\"slide\" aria-label=\"8 sur 16\"><a data-elementor-open-lightbox=\"yes\" data-elementor-lightbox-slideshow=\"cf9aebb\" data-elementor-lightbox-title=\"appartamenti-vacanza-valle-daosta-7-1.jpg\" data-e-action-hash=\"#elementor-action%3Aaction%3Dlightbox%26settings%3DeyJpZCI6MTA1ODQsInVybCI6Imh0dHBzOlwvXC9hcHBhcnRhbWVudGl2YWNhbnpldmRhLmNvbVwvd3AtY29udGVudFwvdXBsb2Fkc1wvMjAyNFwvMTJcL2FwcGFydGFtZW50aS12YWNhbnphLXZhbGxlLWRhb3N0YS03LTEtMS5qcGciLCJzbGlkZXNob3ciOiJjZjlhZWJiIn0%3D\" href=\"https:\/\/appartamentivacanzevda.com\/wp-content\/uploads\/2024\/12\/appartamenti-vacanza-valle-daosta-7-1-1.jpg\"><figure class=\"swiper-slide-inner\"><img decoding=\"async\" class=\"swiper-slide-image\" src=\"https:\/\/appartamentivacanzevda.com\/wp-content\/uploads\/2024\/12\/appartamenti-vacanza-valle-daosta-7-1-1-1024x683.jpg\" alt=\"appartamenti-vacanza-valle-daosta-7-1.jpg\" \/><\/figure><\/a><\/div><div class=\"swiper-slide\" role=\"group\" aria-roledescription=\"slide\" aria-label=\"9 sur 16\"><a data-elementor-open-lightbox=\"yes\" data-elementor-lightbox-slideshow=\"cf9aebb\" data-elementor-lightbox-title=\"appartamenti-vacanza-valle-daosta-4-2.jpg\" data-e-action-hash=\"#elementor-action%3Aaction%3Dlightbox%26settings%3DeyJpZCI6MTA1OTAsInVybCI6Imh0dHBzOlwvXC9hcHBhcnRhbWVudGl2YWNhbnpldmRhLmNvbVwvd3AtY29udGVudFwvdXBsb2Fkc1wvMjAyNFwvMTJcL2FwcGFydGFtZW50aS12YWNhbnphLXZhbGxlLWRhb3N0YS00LTItMS5qcGciLCJzbGlkZXNob3ciOiJjZjlhZWJiIn0%3D\" href=\"https:\/\/appartamentivacanzevda.com\/wp-content\/uploads\/2024\/12\/appartamenti-vacanza-valle-daosta-4-2-1.jpg\"><figure class=\"swiper-slide-inner\"><img decoding=\"async\" class=\"swiper-slide-image\" src=\"https:\/\/appartamentivacanzevda.com\/wp-content\/uploads\/2024\/12\/appartamenti-vacanza-valle-daosta-4-2-1-1024x683.jpg\" alt=\"appartamenti-vacanza-valle-daosta-4-2.jpg\" \/><\/figure><\/a><\/div><div class=\"swiper-slide\" role=\"group\" aria-roledescription=\"slide\" aria-label=\"10 sur 16\"><a data-elementor-open-lightbox=\"yes\" data-elementor-lightbox-slideshow=\"cf9aebb\" data-elementor-lightbox-title=\"appartamenti-vacanza-valle-daosta-1.jpg\" data-e-action-hash=\"#elementor-action%3Aaction%3Dlightbox%26settings%3DeyJpZCI6MTA1OTYsInVybCI6Imh0dHBzOlwvXC9hcHBhcnRhbWVudGl2YWNhbnpldmRhLmNvbVwvd3AtY29udGVudFwvdXBsb2Fkc1wvMjAyNFwvMTJcL2FwcGFydGFtZW50aS12YWNhbnphLXZhbGxlLWRhb3N0YS0xLTMuanBnIiwic2xpZGVzaG93IjoiY2Y5YWViYiJ9\" href=\"https:\/\/appartamentivacanzevda.com\/wp-content\/uploads\/2024\/12\/appartamenti-vacanza-valle-daosta-1-3.jpg\"><figure class=\"swiper-slide-inner\"><img decoding=\"async\" class=\"swiper-slide-image\" src=\"https:\/\/appartamentivacanzevda.com\/wp-content\/uploads\/2024\/12\/appartamenti-vacanza-valle-daosta-1-3-1024x683.jpg\" alt=\"appartamenti-vacanza-valle-daosta-1.jpg\" \/><\/figure><\/a><\/div><div class=\"swiper-slide\" role=\"group\" aria-roledescription=\"slide\" aria-label=\"11 sur 16\"><a data-elementor-open-lightbox=\"yes\" data-elementor-lightbox-slideshow=\"cf9aebb\" data-elementor-lightbox-title=\"appartamenti-vacanza-valle-daosta-2.jpg\" data-e-action-hash=\"#elementor-action%3Aaction%3Dlightbox%26settings%3DeyJpZCI6MTA2MDIsInVybCI6Imh0dHBzOlwvXC9hcHBhcnRhbWVudGl2YWNhbnpldmRhLmNvbVwvd3AtY29udGVudFwvdXBsb2Fkc1wvMjAyNFwvMTJcL2FwcGFydGFtZW50aS12YWNhbnphLXZhbGxlLWRhb3N0YS0yLTMuanBnIiwic2xpZGVzaG93IjoiY2Y5YWViYiJ9\" href=\"https:\/\/appartamentivacanzevda.com\/wp-content\/uploads\/2024\/12\/appartamenti-vacanza-valle-daosta-2-3.jpg\"><figure class=\"swiper-slide-inner\"><img decoding=\"async\" class=\"swiper-slide-image\" src=\"https:\/\/appartamentivacanzevda.com\/wp-content\/uploads\/2024\/12\/appartamenti-vacanza-valle-daosta-2-3-1024x683.jpg\" alt=\"appartamenti-vacanza-valle-daosta-2.jpg\" \/><\/figure><\/a><\/div><div class=\"swiper-slide\" role=\"group\" aria-roledescription=\"slide\" aria-label=\"12 sur 16\"><a data-elementor-open-lightbox=\"yes\" data-elementor-lightbox-slideshow=\"cf9aebb\" data-elementor-lightbox-title=\"appartamenti-vacanza-valle-daosta-4.jpg\" data-e-action-hash=\"#elementor-action%3Aaction%3Dlightbox%26settings%3DeyJpZCI6MTA2MDgsInVybCI6Imh0dHBzOlwvXC9hcHBhcnRhbWVudGl2YWNhbnpldmRhLmNvbVwvd3AtY29udGVudFwvdXBsb2Fkc1wvMjAyNFwvMTJcL2FwcGFydGFtZW50aS12YWNhbnphLXZhbGxlLWRhb3N0YS00LTMuanBnIiwic2xpZGVzaG93IjoiY2Y5YWViYiJ9\" href=\"https:\/\/appartamentivacanzevda.com\/wp-content\/uploads\/2024\/12\/appartamenti-vacanza-valle-daosta-4-3.jpg\"><figure class=\"swiper-slide-inner\"><img decoding=\"async\" class=\"swiper-slide-image\" src=\"https:\/\/appartamentivacanzevda.com\/wp-content\/uploads\/2024\/12\/appartamenti-vacanza-valle-daosta-4-3-1024x683.jpg\" alt=\"appartamenti-vacanza-valle-daosta-4.jpg\" \/><\/figure><\/a><\/div><div class=\"swiper-slide\" role=\"group\" aria-roledescription=\"slide\" aria-label=\"13 sur 16\"><a data-elementor-open-lightbox=\"yes\" data-elementor-lightbox-slideshow=\"cf9aebb\" data-elementor-lightbox-title=\"appartamenti-vacanza-valle-daosta-3.jpg\" data-e-action-hash=\"#elementor-action%3Aaction%3Dlightbox%26settings%3DeyJpZCI6MTA2MTQsInVybCI6Imh0dHBzOlwvXC9hcHBhcnRhbWVudGl2YWNhbnpldmRhLmNvbVwvd3AtY29udGVudFwvdXBsb2Fkc1wvMjAyNFwvMTJcL2FwcGFydGFtZW50aS12YWNhbnphLXZhbGxlLWRhb3N0YS0zLTMuanBnIiwic2xpZGVzaG93IjoiY2Y5YWViYiJ9\" href=\"https:\/\/appartamentivacanzevda.com\/wp-content\/uploads\/2024\/12\/appartamenti-vacanza-valle-daosta-3-3.jpg\"><figure class=\"swiper-slide-inner\"><img decoding=\"async\" class=\"swiper-slide-image\" src=\"https:\/\/appartamentivacanzevda.com\/wp-content\/uploads\/2024\/12\/appartamenti-vacanza-valle-daosta-3-3-1024x683.jpg\" alt=\"appartamenti-vacanza-valle-daosta-3.jpg\" \/><\/figure><\/a><\/div><div class=\"swiper-slide\" role=\"group\" aria-roledescription=\"slide\" aria-label=\"14 sur 16\"><a data-elementor-open-lightbox=\"yes\" data-elementor-lightbox-slideshow=\"cf9aebb\" data-elementor-lightbox-title=\"appartamenti-vacanza-valle-daosta-7.jpg\" data-e-action-hash=\"#elementor-action%3Aaction%3Dlightbox%26settings%3DeyJpZCI6MTA2MjAsInVybCI6Imh0dHBzOlwvXC9hcHBhcnRhbWVudGl2YWNhbnpldmRhLmNvbVwvd3AtY29udGVudFwvdXBsb2Fkc1wvMjAyNFwvMTJcL2FwcGFydGFtZW50aS12YWNhbnphLXZhbGxlLWRhb3N0YS03LTIuanBnIiwic2xpZGVzaG93IjoiY2Y5YWViYiJ9\" href=\"https:\/\/appartamentivacanzevda.com\/wp-content\/uploads\/2024\/12\/appartamenti-vacanza-valle-daosta-7-2.jpg\"><figure class=\"swiper-slide-inner\"><img decoding=\"async\" class=\"swiper-slide-image\" src=\"https:\/\/appartamentivacanzevda.com\/wp-content\/uploads\/2024\/12\/appartamenti-vacanza-valle-daosta-7-2-1024x683.jpg\" alt=\"appartamenti-vacanza-valle-daosta-7.jpg\" \/><\/figure><\/a><\/div><div class=\"swiper-slide\" role=\"group\" aria-roledescription=\"slide\" aria-label=\"15 sur 16\"><a data-elementor-open-lightbox=\"yes\" data-elementor-lightbox-slideshow=\"cf9aebb\" data-elementor-lightbox-title=\"appartamenti-vacanza-valle-daosta-6.jpg\" data-e-action-hash=\"#elementor-action%3Aaction%3Dlightbox%26settings%3DeyJpZCI6MTA2MjYsInVybCI6Imh0dHBzOlwvXC9hcHBhcnRhbWVudGl2YWNhbnpldmRhLmNvbVwvd3AtY29udGVudFwvdXBsb2Fkc1wvMjAyNFwvMTJcL2FwcGFydGFtZW50aS12YWNhbnphLXZhbGxlLWRhb3N0YS02LTEuanBnIiwic2xpZGVzaG93IjoiY2Y5YWViYiJ9\" href=\"https:\/\/appartamentivacanzevda.com\/wp-content\/uploads\/2024\/12\/appartamenti-vacanza-valle-daosta-6-1.jpg\"><figure class=\"swiper-slide-inner\"><img decoding=\"async\" class=\"swiper-slide-image\" src=\"https:\/\/appartamentivacanzevda.com\/wp-content\/uploads\/2024\/12\/appartamenti-vacanza-valle-daosta-6-1-1024x683.jpg\" alt=\"appartamenti-vacanza-valle-daosta-6.jpg\" \/><\/figure><\/a><\/div><div class=\"swiper-slide\" role=\"group\" aria-roledescription=\"slide\" aria-label=\"16 sur 16\"><a data-elementor-open-lightbox=\"yes\" data-elementor-lightbox-slideshow=\"cf9aebb\" data-elementor-lightbox-title=\"appartamenti-vacanza-valle-daosta-5.jpg\" data-e-action-hash=\"#elementor-action%3Aaction%3Dlightbox%26settings%3DeyJpZCI6MTA2MzIsInVybCI6Imh0dHBzOlwvXC9hcHBhcnRhbWVudGl2YWNhbnpldmRhLmNvbVwvd3AtY29udGVudFwvdXBsb2Fkc1wvMjAyNFwvMTJcL2FwcGFydGFtZW50aS12YWNhbnphLXZhbGxlLWRhb3N0YS01LTEuanBnIiwic2xpZGVzaG93IjoiY2Y5YWViYiJ9\" href=\"https:\/\/appartamentivacanzevda.com\/wp-content\/uploads\/2024\/12\/appartamenti-vacanza-valle-daosta-5-1.jpg\"><figure class=\"swiper-slide-inner\"><img decoding=\"async\" class=\"swiper-slide-image\" src=\"https:\/\/appartamentivacanzevda.com\/wp-content\/uploads\/2024\/12\/appartamenti-vacanza-valle-daosta-5-1-1024x683.jpg\" alt=\"appartamenti-vacanza-valle-daosta-5.jpg\" \/><\/figure><\/a><\/div>\t\t\t<\/div>\n\t\t\t\t\t\t\t\t\t\t\t\t<div class=\"elementor-swiper-button elementor-swiper-button-prev\" role=\"button\" tabindex=\"0\">\n\t\t\t\t\t\t<svg aria-hidden=\"true\" class=\"e-font-icon-svg e-eicon-chevron-left\" viewBox=\"0 0 1000 1000\" xmlns=\"http:\/\/www.w3.org\/2000\/svg\"><path d=\"M646 125C629 125 613 133 604 142L308 442C296 454 292 471 292 487 292 504 296 521 308 533L604 854C617 867 629 875 646 875 663 875 679 871 692 858 704 846 713 829 713 812 713 796 708 779 692 767L438 487 692 225C700 217 708 204 708 187 708 171 704 154 692 142 675 129 663 125 646 125Z\"><\/path><\/svg>\t\t\t\t\t<\/div>\n\t\t\t\t\t<div class=\"elementor-swiper-button elementor-swiper-button-next\" role=\"button\" tabindex=\"0\">\n\t\t\t\t\t\t<svg aria-hidden=\"true\" class=\"e-font-icon-svg e-eicon-chevron-right\" viewBox=\"0 0 1000 1000\" xmlns=\"http:\/\/www.w3.org\/2000\/svg\"><path d=\"M696 533C708 521 713 504 713 487 713 471 708 454 696 446L400 146C388 133 375 125 354 125 338 125 325 129 313 142 300 154 292 171 292 187 292 204 296 221 308 233L563 492 304 771C292 783 288 800 288 817 288 833 296 850 308 863 321 871 338 875 354 875 371 875 388 867 400 854L696 533Z\"><\/path><\/svg>\t\t\t\t\t<\/div>\n\t\t\t\t\n\t\t\t\t\t\t\t\t\t<\/div>\n\t\t\t\t\t\t<\/div>\n\t\t\t\t<\/div>\n\t\t\t\t\t<\/div>\n\t\t<\/div>\n\t\t\t\t\t<\/div>\n\t\t<\/section>\n\t\t\t\t<section class=\"elementor-section elementor-top-section elementor-element elementor-element-e03493f elementor-section-stretched elementor-section-content-middle elementor-section-full_width elementor-reverse-tablet elementor-reverse-mobile elementor-section-height-default elementor-section-height-default\" data-id=\"e03493f\" data-element_type=\"section\" data-e-type=\"section\" data-settings=\"{&quot;stretch_section&quot;:&quot;section-stretched&quot;,&quot;background_background&quot;:&quot;classic&quot;}\">\n\t\t\t\t\t\t\t<div class=\"elementor-background-overlay\"><\/div>\n\t\t\t\t\t\t\t<div class=\"elementor-container elementor-column-gap-default\">\n\t\t\t\t\t<div class=\"elementor-column elementor-col-50 elementor-top-column elementor-element elementor-element-3f76106 elementor-invisible\" data-id=\"3f76106\" data-element_type=\"column\" data-e-type=\"column\" data-settings=\"{&quot;animation&quot;:&quot;fadeInLeft&quot;}\">\n\t\t\t<div class=\"elementor-widget-wrap elementor-element-populated\">\n\t\t\t\t\t\t<div class=\"elementor-element elementor-element-fae6c56 elementor-widget elementor-widget-image\" data-id=\"fae6c56\" data-element_type=\"widget\" data-e-type=\"widget\" data-widget_type=\"image.default\">\n\t\t\t\t<div class=\"elementor-widget-container\">\n\t\t\t\t\t\t\t\t\t\t\t\t\t\t\t<img decoding=\"async\" src=\"https:\/\/appartamentivacanzevda.com\/wp-content\/uploads\/elementor\/thumbs\/appartamenti-vacanza-valle-daosta-9-qyckhyok1vgabf5ffgpcpzwrbmipqidpe3iwszjz28.jpg\" title=\"appartamenti vacanza valle d&rsquo;aosta\" alt=\"appartamenti vacanza valle d&#039;aosta\" loading=\"lazy\" \/>\t\t\t\t\t\t\t\t\t\t\t\t\t\t\t<\/div>\n\t\t\t\t<\/div>\n\t\t\t\t\t<\/div>\n\t\t<\/div>\n\t\t\t\t<div class=\"elementor-column elementor-col-50 elementor-top-column elementor-element elementor-element-a1f5637 elementor-invisible\" data-id=\"a1f5637\" data-element_type=\"column\" data-e-type=\"column\" data-settings=\"{&quot;animation&quot;:&quot;fadeInRight&quot;}\">\n\t\t\t<div class=\"elementor-widget-wrap elementor-element-populated\">\n\t\t\t\t\t\t<div class=\"elementor-element elementor-element-e8773c9 elementor-widget elementor-widget-heading\" data-id=\"e8773c9\" data-element_type=\"widget\" data-e-type=\"widget\" data-widget_type=\"heading.default\">\n\t\t\t\t<div class=\"elementor-widget-container\">\n\t\t\t\t\t<h1 class=\"elementor-heading-title elementor-size-default\">3 RAISONS<\/h1>\t\t\t\t<\/div>\n\t\t\t\t<\/div>\n\t\t\t\t<div class=\"elementor-element elementor-element-dd6e252 elementor-widget elementor-widget-heading\" data-id=\"dd6e252\" data-element_type=\"widget\" data-e-type=\"widget\" data-widget_type=\"heading.default\">\n\t\t\t\t<div class=\"elementor-widget-container\">\n\t\t\t\t\t<h1 class=\"elementor-heading-title elementor-size-default\">De r\u00e9server<\/h1>\t\t\t\t<\/div>\n\t\t\t\t<\/div>\n\t\t\t\t<div class=\"elementor-element elementor-element-9425974 elementor-widget elementor-widget-heading\" data-id=\"9425974\" data-element_type=\"widget\" data-e-type=\"widget\" data-widget_type=\"heading.default\">\n\t\t\t\t<div class=\"elementor-widget-container\">\n\t\t\t\t\t<p class=\"elementor-heading-title elementor-size-default\">R\u00e9servez sur notre site internet et d\u00e9couvrez 3 raisons de le faire maintenant...<\/p>\t\t\t\t<\/div>\n\t\t\t\t<\/div>\n\t\t\t\t<div class=\"elementor-element elementor-element-6959a29 e-n-tabs-mobile elementor-widget elementor-widget-n-tabs\" data-id=\"6959a29\" data-element_type=\"widget\" data-e-type=\"widget\" data-settings=\"{&quot;horizontal_scroll&quot;:&quot;disable&quot;}\" data-widget_type=\"nested-tabs.default\">\n\t\t\t\t<div class=\"elementor-widget-container\">\n\t\t\t\t\t\t\t<div class=\"e-n-tabs\" data-widget-number=\"110467625\" aria-label=\"Onglets. Ouvrez des \u00e9l\u00e9ments avec Entrer ou Espace, fermez-les avec Echape et naviguez \u00e0 l&#039;aide des touches fl\u00e9ch\u00e9es.\">\n\t\t\t<div class=\"e-n-tabs-heading\" role=\"tablist\">\n\t\t\t\t\t<button id=\"e-n-tab-title-1104676251\" data-tab-title-id=\"e-n-tab-title-1104676251\" class=\"e-n-tab-title\" aria-selected=\"true\" data-tab-index=\"1\" role=\"tab\" tabindex=\"0\" aria-controls=\"e-n-tab-content-1104676251\" style=\"--n-tabs-title-order: 1;\">\n\t\t\t\t\t\t<span class=\"e-n-tab-title-text\">\n\t\t\t\tMeilleur tarif\t\t\t<\/span>\n\t\t<\/button>\n\t\t\t\t<button id=\"e-n-tab-title-1104676252\" data-tab-title-id=\"e-n-tab-title-1104676252\" class=\"e-n-tab-title\" aria-selected=\"false\" data-tab-index=\"2\" role=\"tab\" tabindex=\"-1\" aria-controls=\"e-n-tab-content-1104676252\" style=\"--n-tabs-title-order: 2;\">\n\t\t\t\t\t\t<span class=\"e-n-tab-title-text\">\n\t\t\t\tContact direct\t\t\t<\/span>\n\t\t<\/button>\n\t\t\t\t<button id=\"e-n-tab-title-1104676253\" data-tab-title-id=\"e-n-tab-title-1104676253\" class=\"e-n-tab-title\" aria-selected=\"false\" data-tab-index=\"3\" role=\"tab\" tabindex=\"-1\" aria-controls=\"e-n-tab-content-1104676253\" style=\"--n-tabs-title-order: 3;\">\n\t\t\t\t\t\t<span class=\"e-n-tab-title-text\">\n\t\t\t\tOffres sp\u00e9ciales\t\t\t<\/span>\n\t\t<\/button>\n\t\t\t\t\t<\/div>\n\t\t\t<div class=\"e-n-tabs-content\">\n\t\t\t\t<div id=\"e-n-tab-content-1104676251\" role=\"tabpanel\" aria-labelledby=\"e-n-tab-title-1104676251\" data-tab-index=\"1\" style=\"--n-tabs-title-order: 1;\" class=\"e-active elementor-element elementor-element-caf2682 e-con-full e-flex e-con e-child\" data-id=\"caf2682\" data-element_type=\"container\" data-e-type=\"container\">\n\t\t\t\t<div class=\"elementor-element elementor-element-ecacdc5 elementor-widget elementor-widget-heading\" data-id=\"ecacdc5\" data-element_type=\"widget\" data-e-type=\"widget\" data-widget_type=\"heading.default\">\n\t\t\t\t<div class=\"elementor-widget-container\">\n\t\t\t\t\t<p class=\"elementor-heading-title elementor-size-default\">En r\u00e9servant sur notre site internet, vous b\u00e9n\u00e9ficierez des meilleurs tarifs et conditions de vente<\/p>\t\t\t\t<\/div>\n\t\t\t\t<\/div>\n\t\t\t\t<\/div>\n\t\t<div id=\"e-n-tab-content-1104676252\" role=\"tabpanel\" aria-labelledby=\"e-n-tab-title-1104676252\" data-tab-index=\"2\" style=\"--n-tabs-title-order: 2;\" class=\" elementor-element elementor-element-0f79495 e-con-full e-flex e-con e-child\" data-id=\"0f79495\" data-element_type=\"container\" data-e-type=\"container\">\n\t\t\t\t<div class=\"elementor-element elementor-element-92fb623 elementor-widget elementor-widget-heading\" data-id=\"92fb623\" data-element_type=\"widget\" data-e-type=\"widget\" data-widget_type=\"heading.default\">\n\t\t\t\t<div class=\"elementor-widget-container\">\n\t\t\t\t\t<p class=\"elementor-heading-title elementor-size-default\">En nous contactant directement votre r\u00e9servation sera g\u00e9r\u00e9e par nous, sans aucun interm\u00e9diaire<\/p>\t\t\t\t<\/div>\n\t\t\t\t<\/div>\n\t\t\t\t<\/div>\n\t\t<div id=\"e-n-tab-content-1104676253\" role=\"tabpanel\" aria-labelledby=\"e-n-tab-title-1104676253\" data-tab-index=\"3\" style=\"--n-tabs-title-order: 3;\" class=\" elementor-element elementor-element-c0010a0 e-con-full e-flex e-con e-child\" data-id=\"c0010a0\" data-element_type=\"container\" data-e-type=\"container\">\n\t\t\t\t<div class=\"elementor-element elementor-element-d19d4d3 elementor-widget elementor-widget-heading\" data-id=\"d19d4d3\" data-element_type=\"widget\" data-e-type=\"widget\" data-widget_type=\"heading.default\">\n\t\t\t\t<div class=\"elementor-widget-container\">\n\t\t\t\t\t<p class=\"elementor-heading-title elementor-size-default\">Seulement sur notre site internet, vous trouverez des offres sp\u00e9ciales et des forfaits de s\u00e9jour d\u00e9di\u00e9s<\/p>\t\t\t\t<\/div>\n\t\t\t\t<\/div>\n\t\t\t\t<\/div>\n\t\t\t\t\t<\/div>\n\t\t<\/div>\n\t\t\t\t\t\t<\/div>\n\t\t\t\t<\/div>\n\t\t\t\t\t<\/div>\n\t\t<\/div>\n\t\t\t\t\t<\/div>\n\t\t<\/section>\n\t\t\t\t<section class=\"elementor-section elementor-top-section elementor-element elementor-element-027c7b5 elementor-section-stretched elementor-section-boxed elementor-section-height-default elementor-section-height-default\" data-id=\"027c7b5\" data-element_type=\"section\" data-e-type=\"section\" data-settings=\"{&quot;stretch_section&quot;:&quot;section-stretched&quot;,&quot;background_background&quot;:&quot;classic&quot;}\">\n\t\t\t\t\t\t\t<div class=\"elementor-background-overlay\"><\/div>\n\t\t\t\t\t\t\t<div class=\"elementor-container elementor-column-gap-default\">\n\t\t\t\t\t<div class=\"elementor-column elementor-col-100 elementor-top-column elementor-element elementor-element-a7d19f6\" data-id=\"a7d19f6\" data-element_type=\"column\" data-e-type=\"column\">\n\t\t\t<div class=\"elementor-widget-wrap elementor-element-populated\">\n\t\t\t\t\t\t<section class=\"elementor-section elementor-inner-section elementor-element elementor-element-f37cfa4 elementor-section-boxed elementor-section-height-default elementor-section-height-default\" data-id=\"f37cfa4\" data-element_type=\"section\" data-e-type=\"section\">\n\t\t\t\t\t\t<div class=\"elementor-container elementor-column-gap-default\">\n\t\t\t\t\t<div class=\"elementor-column elementor-col-100 elementor-inner-column elementor-element elementor-element-158a368\" data-id=\"158a368\" data-element_type=\"column\" data-e-type=\"column\">\n\t\t\t<div class=\"elementor-widget-wrap elementor-element-populated\">\n\t\t\t\t\t\t<div class=\"elementor-element elementor-element-57e4f16 elementor-widget elementor-widget-heading\" data-id=\"57e4f16\" data-element_type=\"widget\" data-e-type=\"widget\" data-widget_type=\"heading.default\">\n\t\t\t\t<div class=\"elementor-widget-container\">\n\t\t\t\t\t<h1 class=\"elementor-heading-title elementor-size-default\">QU'ATTENDEZ-VOUS ?<\/h1>\t\t\t\t<\/div>\n\t\t\t\t<\/div>\n\t\t\t\t<div class=\"elementor-element elementor-element-e239ff4 elementor-widget elementor-widget-heading\" data-id=\"e239ff4\" data-element_type=\"widget\" data-e-type=\"widget\" data-widget_type=\"heading.default\">\n\t\t\t\t<div class=\"elementor-widget-container\">\n\t\t\t\t\t<h1 class=\"elementor-heading-title elementor-size-default\">R\u00e9servez maintenant !<\/h1>\t\t\t\t<\/div>\n\t\t\t\t<\/div>\n\t\t\t\t\t<\/div>\n\t\t<\/div>\n\t\t\t\t\t<\/div>\n\t\t<\/section>\n\t\t\t\t<section class=\"elementor-section elementor-inner-section elementor-element elementor-element-03e4016 elementor-section-full_width elementor-section-height-default elementor-section-height-default\" data-id=\"03e4016\" data-element_type=\"section\" data-e-type=\"section\">\n\t\t\t\t\t\t<div class=\"elementor-container elementor-column-gap-default\">\n\t\t\t\t\t<div class=\"elementor-column elementor-col-33 elementor-inner-column elementor-element elementor-element-c77df24\" data-id=\"c77df24\" data-element_type=\"column\" data-e-type=\"column\">\n\t\t\t<div class=\"elementor-widget-wrap elementor-element-populated\">\n\t\t\t\t\t\t<div class=\"elementor-element elementor-element-4150510 elementor-widget elementor-widget-image\" data-id=\"4150510\" data-element_type=\"widget\" data-e-type=\"widget\" data-widget_type=\"image.default\">\n\t\t\t\t<div class=\"elementor-widget-container\">\n\t\t\t\t\t\t\t\t\t\t\t\t\t\t\t\t<a href=\"tel:3475202558\">\n\t\t\t\t\t\t\t<img decoding=\"async\" width=\"128\" height=\"128\" src=\"https:\/\/appartamentivacanzevda.com\/wp-content\/uploads\/2024\/07\/appartamenti-vacanze-valledaosta.png\" class=\"attachment-large size-large wp-image-8911\" alt=\"appartamenti vacanze valle d&#039;aosta\" \/>\t\t\t\t\t\t\t\t<\/a>\n\t\t\t\t\t\t\t\t\t\t\t\t\t\t\t<\/div>\n\t\t\t\t<\/div>\n\t\t\t\t<div class=\"elementor-element elementor-element-d44cc6a elementor-widget elementor-widget-heading\" data-id=\"d44cc6a\" data-element_type=\"widget\" data-e-type=\"widget\" data-widget_type=\"heading.default\">\n\t\t\t\t<div class=\"elementor-widget-container\">\n\t\t\t\t\t<h2 class=\"elementor-heading-title elementor-size-default\">Appelez-nous<\/h2>\t\t\t\t<\/div>\n\t\t\t\t<\/div>\n\t\t\t\t\t<\/div>\n\t\t<\/div>\n\t\t\t\t<div class=\"elementor-column elementor-col-33 elementor-inner-column elementor-element elementor-element-a949a67\" data-id=\"a949a67\" data-element_type=\"column\" data-e-type=\"column\">\n\t\t\t<div class=\"elementor-widget-wrap elementor-element-populated\">\n\t\t\t\t\t\t<div class=\"elementor-element elementor-element-7661ea1 elementor-widget elementor-widget-image\" data-id=\"7661ea1\" data-element_type=\"widget\" data-e-type=\"widget\" data-widget_type=\"image.default\">\n\t\t\t\t<div class=\"elementor-widget-container\">\n\t\t\t\t\t\t\t\t\t\t\t\t\t\t\t\t<a href=\"https:\/\/dacien.beddy.io\/?lang=fr\">\n\t\t\t\t\t\t\t<img decoding=\"async\" width=\"128\" height=\"128\" src=\"https:\/\/appartamentivacanzevda.com\/wp-content\/uploads\/2024\/07\/appartamenti-vacanze-valle-daosta-1.png\" class=\"attachment-large size-large wp-image-8914\" alt=\"appartamenti vacanze valle d&#039;aosta\" \/>\t\t\t\t\t\t\t\t<\/a>\n\t\t\t\t\t\t\t\t\t\t\t\t\t\t\t<\/div>\n\t\t\t\t<\/div>\n\t\t\t\t<div class=\"elementor-element elementor-element-f79e685 elementor-widget elementor-widget-heading\" data-id=\"f79e685\" data-element_type=\"widget\" data-e-type=\"widget\" data-widget_type=\"heading.default\">\n\t\t\t\t<div class=\"elementor-widget-container\">\n\t\t\t\t\t<h2 class=\"elementor-heading-title elementor-size-default\">V\u00e9rifiez la disponibilit\u00e9<\/h2>\t\t\t\t<\/div>\n\t\t\t\t<\/div>\n\t\t\t\t\t<\/div>\n\t\t<\/div>\n\t\t\t\t<div class=\"elementor-column elementor-col-33 elementor-inner-column elementor-element elementor-element-1831513\" data-id=\"1831513\" data-element_type=\"column\" data-e-type=\"column\">\n\t\t\t<div class=\"elementor-widget-wrap elementor-element-populated\">\n\t\t\t\t\t\t<div class=\"elementor-element elementor-element-ce30104 elementor-widget elementor-widget-image\" data-id=\"ce30104\" data-element_type=\"widget\" data-e-type=\"widget\" data-widget_type=\"image.default\">\n\t\t\t\t<div class=\"elementor-widget-container\">\n\t\t\t\t\t\t\t\t\t\t\t\t\t\t\t\t<a href=\"mailto:welcome@appartamentivacanzevda.com\">\n\t\t\t\t\t\t\t<img decoding=\"async\" width=\"128\" height=\"128\" src=\"https:\/\/appartamentivacanzevda.com\/wp-content\/uploads\/2024\/07\/appartamenti-vacanze-valle-d-aosta.png\" class=\"attachment-large size-large wp-image-8917\" alt=\"appartamenti vacanze valle d&#039;aosta\" \/>\t\t\t\t\t\t\t\t<\/a>\n\t\t\t\t\t\t\t\t\t\t\t\t\t\t\t<\/div>\n\t\t\t\t<\/div>\n\t\t\t\t<div class=\"elementor-element elementor-element-279575e elementor-widget elementor-widget-heading\" data-id=\"279575e\" data-element_type=\"widget\" data-e-type=\"widget\" data-widget_type=\"heading.default\">\n\t\t\t\t<div class=\"elementor-widget-container\">\n\t\t\t\t\t<h2 class=\"elementor-heading-title elementor-size-default\">\u00c9crivez-nous<\/h2>\t\t\t\t<\/div>\n\t\t\t\t<\/div>\n\t\t\t\t\t<\/div>\n\t\t<\/div>\n\t\t\t\t\t<\/div>\n\t\t<\/section>\n\t\t\t\t\t<\/div>\n\t\t<\/div>\n\t\t\t\t\t<\/div>\n\t\t<\/section>\n\t\t\t\t<\/div>\n\t\t","protected":false},"excerpt":{"rendered":"<p>STUDIOS Deluxe DESCRIPTION Chaleureux et confortables, nos studios deluxe sont id\u00e9aux pour les couples ou les petites familles. \u00c9quip\u00e9s d&rsquo;une salle de bain priv\u00e9e, d&rsquo;une cuisine enti\u00e8rement \u00e9quip\u00e9e et d&rsquo;un acc\u00e8s ind\u00e9pendant, ils offrent tout le confort n\u00e9cessaire pour un agr\u00e9able s\u00e9jour. De plus, la chemin\u00e9e d\u00e9corative ajoute une touche de chaleur et de charme [&hellip;]<\/p>\n","protected":false},"author":1,"featured_media":0,"parent":9968,"menu_order":0,"comment_status":"closed","ping_status":"closed","template":"","meta":{"footnotes":""},"class_list":["post-9972","page","type-page","status-publish","hentry"],"yoast_head":"<!-- This site is optimized with the Yoast SEO plugin v27.5 - https:\/\/yoast.com\/product\/yoast-seo-wordpress\/ -->\n<title>Studios deluxe - Appartamenti vacanza Valle d&#039;Aosta - Da Cien Appartamenti Vacanza Valle d&#039;Aosta<\/title>\n<meta name=\"robots\" content=\"index, follow, max-snippet:-1, max-image-preview:large, max-video-preview:-1\" \/>\n<link rel=\"canonical\" href=\"https:\/\/appartamentivacanzevda.com\/appartamenti-vacanza\/monolocali-deluxe-vacanze-valledaosta\/\" \/>\n<meta property=\"og:locale\" content=\"fr_FR\" \/>\n<meta property=\"og:type\" content=\"article\" \/>\n<meta property=\"og:title\" content=\"Studios deluxe - Appartamenti vacanza Valle d&#039;Aosta - Da Cien Appartamenti Vacanza Valle d&#039;Aosta\" \/>\n<meta property=\"og:description\" content=\"STUDIOS Deluxe DESCRIPTION Chaleureux et confortables, nos studios deluxe sont id\u00e9aux pour les couples ou les petites familles. \u00c9quip\u00e9s d&rsquo;une salle de bain priv\u00e9e, d&rsquo;une cuisine enti\u00e8rement \u00e9quip\u00e9e et d&rsquo;un acc\u00e8s ind\u00e9pendant, ils offrent tout le confort n\u00e9cessaire pour un agr\u00e9able s\u00e9jour. De plus, la chemin\u00e9e d\u00e9corative ajoute une touche de chaleur et de charme [&hellip;]\" \/>\n<meta property=\"og:url\" content=\"https:\/\/appartamentivacanzevda.com\/appartamenti-vacanza\/monolocali-deluxe-vacanze-valledaosta\/\" \/>\n<meta property=\"og:site_name\" content=\"Appartamenti vacanza Valle d&#039;Aosta - Da Cien Appartamenti Vacanza Valle d&#039;Aosta\" \/>\n<meta property=\"article:modified_time\" content=\"2024-12-11T11:21:10+00:00\" \/>\n<meta property=\"og:image\" content=\"https:\/\/appartamentivacanzevda.com\/wp-content\/uploads\/2024\/12\/appartamenti-vacanza-valle-daosta-2-2-1024x683.jpg\" \/>\n<meta name=\"twitter:card\" content=\"summary_large_image\" \/>\n<meta name=\"twitter:label1\" content=\"Dur\u00e9e de lecture estim\u00e9e\" \/>\n\t<meta name=\"twitter:data1\" content=\"6 minutes\" \/>\n<script type=\"application\/ld+json\" class=\"yoast-schema-graph\">{\"@context\":\"https:\\\/\\\/schema.org\",\"@graph\":[{\"@type\":\"WebPage\",\"@id\":\"https:\\\/\\\/appartamentivacanzevda.com\\\/appartamenti-vacanza\\\/monolocali-deluxe-vacanze-valledaosta\\\/\",\"url\":\"https:\\\/\\\/appartamentivacanzevda.com\\\/appartamenti-vacanza\\\/monolocali-deluxe-vacanze-valledaosta\\\/\",\"name\":\"Studios deluxe - Appartamenti vacanza Valle d&#039;Aosta - Da Cien Appartamenti Vacanza Valle d&#039;Aosta\",\"isPartOf\":{\"@id\":\"https:\\\/\\\/appartamentivacanzevda.com\\\/#website\"},\"primaryImageOfPage\":{\"@id\":\"https:\\\/\\\/appartamentivacanzevda.com\\\/appartamenti-vacanza\\\/monolocali-deluxe-vacanze-valledaosta\\\/#primaryimage\"},\"image\":{\"@id\":\"https:\\\/\\\/appartamentivacanzevda.com\\\/appartamenti-vacanza\\\/monolocali-deluxe-vacanze-valledaosta\\\/#primaryimage\"},\"thumbnailUrl\":\"https:\\\/\\\/appartamentivacanzevda.com\\\/wp-content\\\/uploads\\\/2024\\\/12\\\/appartamenti-vacanza-valle-daosta-2-2-1024x683.jpg\",\"datePublished\":\"2024-08-01T09:46:59+00:00\",\"dateModified\":\"2024-12-11T11:21:10+00:00\",\"breadcrumb\":{\"@id\":\"https:\\\/\\\/appartamentivacanzevda.com\\\/appartamenti-vacanza\\\/monolocali-deluxe-vacanze-valledaosta\\\/#breadcrumb\"},\"inLanguage\":\"fr-FR\",\"potentialAction\":[{\"@type\":\"ReadAction\",\"target\":[\"https:\\\/\\\/appartamentivacanzevda.com\\\/appartamenti-vacanza\\\/monolocali-deluxe-vacanze-valledaosta\\\/\"]}]},{\"@type\":\"ImageObject\",\"inLanguage\":\"fr-FR\",\"@id\":\"https:\\\/\\\/appartamentivacanzevda.com\\\/appartamenti-vacanza\\\/monolocali-deluxe-vacanze-valledaosta\\\/#primaryimage\",\"url\":\"https:\\\/\\\/appartamentivacanzevda.com\\\/wp-content\\\/uploads\\\/2024\\\/12\\\/appartamenti-vacanza-valle-daosta-2-2-1024x683.jpg\",\"contentUrl\":\"https:\\\/\\\/appartamentivacanzevda.com\\\/wp-content\\\/uploads\\\/2024\\\/12\\\/appartamenti-vacanza-valle-daosta-2-2-1024x683.jpg\"},{\"@type\":\"BreadcrumbList\",\"@id\":\"https:\\\/\\\/appartamentivacanzevda.com\\\/appartamenti-vacanza\\\/monolocali-deluxe-vacanze-valledaosta\\\/#breadcrumb\",\"itemListElement\":[{\"@type\":\"ListItem\",\"position\":1,\"name\":\"Accueil\",\"item\":\"https:\\\/\\\/appartamentivacanzevda.com\\\/\"},{\"@type\":\"ListItem\",\"position\":2,\"name\":\"Appartements de vacances\",\"item\":\"https:\\\/\\\/appartamentivacanzevda.com\\\/appartamenti-vacanza\\\/\"},{\"@type\":\"ListItem\",\"position\":3,\"name\":\"Studios deluxe\"}]},{\"@type\":\"WebSite\",\"@id\":\"https:\\\/\\\/appartamentivacanzevda.com\\\/#website\",\"url\":\"https:\\\/\\\/appartamentivacanzevda.com\\\/\",\"name\":\"Appartamenti vacanza Valle d&#039;Aosta - Da Cien Appartamenti Vacanza Valle d&#039;Aosta\",\"description\":\"Appartamenti vacanza Valle d&#039;Aosta - Da Cien Appartamenti Vacanza Valle d&#039;Aosta\",\"potentialAction\":[{\"@type\":\"SearchAction\",\"target\":{\"@type\":\"EntryPoint\",\"urlTemplate\":\"https:\\\/\\\/appartamentivacanzevda.com\\\/?s={search_term_string}\"},\"query-input\":{\"@type\":\"PropertyValueSpecification\",\"valueRequired\":true,\"valueName\":\"search_term_string\"}}],\"inLanguage\":\"fr-FR\"}]}<\/script>\n<!-- \/ Yoast SEO plugin. -->","yoast_head_json":{"title":"Studios deluxe - Appartamenti vacanza Valle d&#039;Aosta - Da Cien Appartamenti Vacanza Valle d&#039;Aosta","robots":{"index":"index","follow":"follow","max-snippet":"max-snippet:-1","max-image-preview":"max-image-preview:large","max-video-preview":"max-video-preview:-1"},"canonical":"https:\/\/appartamentivacanzevda.com\/appartamenti-vacanza\/monolocali-deluxe-vacanze-valledaosta\/","og_locale":"fr_FR","og_type":"article","og_title":"Studios deluxe - Appartamenti vacanza Valle d&#039;Aosta - Da Cien Appartamenti Vacanza Valle d&#039;Aosta","og_description":"STUDIOS Deluxe DESCRIPTION Chaleureux et confortables, nos studios deluxe sont id\u00e9aux pour les couples ou les petites familles. \u00c9quip\u00e9s d&rsquo;une salle de bain priv\u00e9e, d&rsquo;une cuisine enti\u00e8rement \u00e9quip\u00e9e et d&rsquo;un acc\u00e8s ind\u00e9pendant, ils offrent tout le confort n\u00e9cessaire pour un agr\u00e9able s\u00e9jour. De plus, la chemin\u00e9e d\u00e9corative ajoute une touche de chaleur et de charme [&hellip;]","og_url":"https:\/\/appartamentivacanzevda.com\/appartamenti-vacanza\/monolocali-deluxe-vacanze-valledaosta\/","og_site_name":"Appartamenti vacanza Valle d&#039;Aosta - Da Cien Appartamenti Vacanza Valle d&#039;Aosta","article_modified_time":"2024-12-11T11:21:10+00:00","og_image":[{"url":"https:\/\/appartamentivacanzevda.com\/wp-content\/uploads\/2024\/12\/appartamenti-vacanza-valle-daosta-2-2-1024x683.jpg","type":"","width":"","height":""}],"twitter_card":"summary_large_image","twitter_misc":{"Dur\u00e9e de lecture estim\u00e9e":"6 minutes"},"schema":{"@context":"https:\/\/schema.org","@graph":[{"@type":"WebPage","@id":"https:\/\/appartamentivacanzevda.com\/appartamenti-vacanza\/monolocali-deluxe-vacanze-valledaosta\/","url":"https:\/\/appartamentivacanzevda.com\/appartamenti-vacanza\/monolocali-deluxe-vacanze-valledaosta\/","name":"Studios deluxe - Appartamenti vacanza Valle d&#039;Aosta - Da Cien Appartamenti Vacanza Valle d&#039;Aosta","isPartOf":{"@id":"https:\/\/appartamentivacanzevda.com\/#website"},"primaryImageOfPage":{"@id":"https:\/\/appartamentivacanzevda.com\/appartamenti-vacanza\/monolocali-deluxe-vacanze-valledaosta\/#primaryimage"},"image":{"@id":"https:\/\/appartamentivacanzevda.com\/appartamenti-vacanza\/monolocali-deluxe-vacanze-valledaosta\/#primaryimage"},"thumbnailUrl":"https:\/\/appartamentivacanzevda.com\/wp-content\/uploads\/2024\/12\/appartamenti-vacanza-valle-daosta-2-2-1024x683.jpg","datePublished":"2024-08-01T09:46:59+00:00","dateModified":"2024-12-11T11:21:10+00:00","breadcrumb":{"@id":"https:\/\/appartamentivacanzevda.com\/appartamenti-vacanza\/monolocali-deluxe-vacanze-valledaosta\/#breadcrumb"},"inLanguage":"fr-FR","potentialAction":[{"@type":"ReadAction","target":["https:\/\/appartamentivacanzevda.com\/appartamenti-vacanza\/monolocali-deluxe-vacanze-valledaosta\/"]}]},{"@type":"ImageObject","inLanguage":"fr-FR","@id":"https:\/\/appartamentivacanzevda.com\/appartamenti-vacanza\/monolocali-deluxe-vacanze-valledaosta\/#primaryimage","url":"https:\/\/appartamentivacanzevda.com\/wp-content\/uploads\/2024\/12\/appartamenti-vacanza-valle-daosta-2-2-1024x683.jpg","contentUrl":"https:\/\/appartamentivacanzevda.com\/wp-content\/uploads\/2024\/12\/appartamenti-vacanza-valle-daosta-2-2-1024x683.jpg"},{"@type":"BreadcrumbList","@id":"https:\/\/appartamentivacanzevda.com\/appartamenti-vacanza\/monolocali-deluxe-vacanze-valledaosta\/#breadcrumb","itemListElement":[{"@type":"ListItem","position":1,"name":"Accueil","item":"https:\/\/appartamentivacanzevda.com\/"},{"@type":"ListItem","position":2,"name":"Appartements de vacances","item":"https:\/\/appartamentivacanzevda.com\/appartamenti-vacanza\/"},{"@type":"ListItem","position":3,"name":"Studios deluxe"}]},{"@type":"WebSite","@id":"https:\/\/appartamentivacanzevda.com\/#website","url":"https:\/\/appartamentivacanzevda.com\/","name":"Appartamenti vacanza Valle d&#039;Aosta - Da Cien Appartamenti Vacanza Valle d&#039;Aosta","description":"Appartamenti vacanza Valle d&#039;Aosta - Da Cien Appartamenti Vacanza Valle d&#039;Aosta","potentialAction":[{"@type":"SearchAction","target":{"@type":"EntryPoint","urlTemplate":"https:\/\/appartamentivacanzevda.com\/?s={search_term_string}"},"query-input":{"@type":"PropertyValueSpecification","valueRequired":true,"valueName":"search_term_string"}}],"inLanguage":"fr-FR"}]}},"_links":{"self":[{"href":"https:\/\/appartamentivacanzevda.com\/fr\/wp-json\/wp\/v2\/pages\/9972","targetHints":{"allow":["GET"]}}],"collection":[{"href":"https:\/\/appartamentivacanzevda.com\/fr\/wp-json\/wp\/v2\/pages"}],"about":[{"href":"https:\/\/appartamentivacanzevda.com\/fr\/wp-json\/wp\/v2\/types\/page"}],"author":[{"embeddable":true,"href":"https:\/\/appartamentivacanzevda.com\/fr\/wp-json\/wp\/v2\/users\/1"}],"replies":[{"embeddable":true,"href":"https:\/\/appartamentivacanzevda.com\/fr\/wp-json\/wp\/v2\/comments?post=9972"}],"version-history":[{"count":12,"href":"https:\/\/appartamentivacanzevda.com\/fr\/wp-json\/wp\/v2\/pages\/9972\/revisions"}],"predecessor-version":[{"id":10647,"href":"https:\/\/appartamentivacanzevda.com\/fr\/wp-json\/wp\/v2\/pages\/9972\/revisions\/10647"}],"up":[{"embeddable":true,"href":"https:\/\/appartamentivacanzevda.com\/fr\/wp-json\/wp\/v2\/pages\/9968"}],"wp:attachment":[{"href":"https:\/\/appartamentivacanzevda.com\/fr\/wp-json\/wp\/v2\/media?parent=9972"}],"curies":[{"name":"wp","href":"https:\/\/api.w.org\/{rel}","templated":true}]}}