{"id":9974,"date":"2024-08-01T12:22:50","date_gmt":"2024-08-01T10:22:50","guid":{"rendered":"https:\/\/appartamentivacanzevda.com\/appartements-de-vacances\/studios-plus\/"},"modified":"2024-10-28T16:57:05","modified_gmt":"2024-10-28T15:57:05","slug":"studios-plus","status":"publish","type":"page","link":"https:\/\/appartamentivacanzevda.com\/fr\/appartements-de-vacances\/studios-plus\/","title":{"rendered":"Studios plus"},"content":{"rendered":"\t\t<div data-elementor-type=\"wp-page\" data-elementor-id=\"9974\" class=\"elementor elementor-9974 elementor-9072\">\n\t\t\t\t\t\t<section class=\"elementor-section elementor-top-section elementor-element elementor-element-43d18aee elementor-section-stretched elementor-section-content-middle elementor-section-boxed elementor-section-height-default elementor-section-height-default\" data-id=\"43d18aee\" data-element_type=\"section\" data-e-type=\"section\" data-settings=\"{&quot;stretch_section&quot;:&quot;section-stretched&quot;,&quot;background_background&quot;:&quot;classic&quot;}\">\n\t\t\t\t\t\t\t<div class=\"elementor-background-overlay\"><\/div>\n\t\t\t\t\t\t\t<div class=\"elementor-container elementor-column-gap-default\">\n\t\t\t\t\t<div class=\"elementor-column elementor-col-100 elementor-top-column elementor-element elementor-element-3f44fe9\" data-id=\"3f44fe9\" data-element_type=\"column\" data-e-type=\"column\">\n\t\t\t<div class=\"elementor-widget-wrap elementor-element-populated\">\n\t\t\t\t\t\t<div class=\"elementor-element elementor-element-cc6ab48 elementor-widget elementor-widget-heading\" data-id=\"cc6ab48\" data-element_type=\"widget\" data-e-type=\"widget\" data-widget_type=\"heading.default\">\n\t\t\t\t<div class=\"elementor-widget-container\">\n\t\t\t\t\t<h1 class=\"elementor-heading-title elementor-size-default\">STUDIOS<\/h1>\t\t\t\t<\/div>\n\t\t\t\t<\/div>\n\t\t\t\t<div class=\"elementor-element elementor-element-716f0b0 elementor-widget elementor-widget-heading\" data-id=\"716f0b0\" data-element_type=\"widget\" data-e-type=\"widget\" data-widget_type=\"heading.default\">\n\t\t\t\t<div class=\"elementor-widget-container\">\n\t\t\t\t\t<h1 class=\"elementor-heading-title elementor-size-default\">Plus<\/h1>\t\t\t\t<\/div>\n\t\t\t\t<\/div>\n\t\t\t\t\t<\/div>\n\t\t<\/div>\n\t\t\t\t\t<\/div>\n\t\t<\/section>\n\t\t\t\t<section class=\"elementor-section elementor-top-section elementor-element elementor-element-7a4ceb0 elementor-section-content-middle elementor-section-stretched elementor-section-full_width elementor-section-height-default elementor-section-height-default\" data-id=\"7a4ceb0\" data-element_type=\"section\" data-e-type=\"section\" data-settings=\"{&quot;stretch_section&quot;:&quot;section-stretched&quot;,&quot;background_background&quot;:&quot;classic&quot;}\">\n\t\t\t\t\t\t\t<div class=\"elementor-background-overlay\"><\/div>\n\t\t\t\t\t\t\t<div class=\"elementor-container elementor-column-gap-default\">\n\t\t\t\t\t<div class=\"elementor-column elementor-col-50 elementor-top-column elementor-element elementor-element-92a42f5 elementor-invisible\" data-id=\"92a42f5\" data-element_type=\"column\" data-e-type=\"column\" data-settings=\"{&quot;animation&quot;:&quot;fadeInLeft&quot;,&quot;background_background&quot;:&quot;classic&quot;}\">\n\t\t\t<div class=\"elementor-widget-wrap elementor-element-populated\">\n\t\t\t\t\t\t<div class=\"elementor-element elementor-element-aeec058 elementor-widget elementor-widget-heading\" data-id=\"aeec058\" data-element_type=\"widget\" data-e-type=\"widget\" data-widget_type=\"heading.default\">\n\t\t\t\t<div class=\"elementor-widget-container\">\n\t\t\t\t\t<h1 class=\"elementor-heading-title elementor-size-default\">DESCRIPTION<\/h1>\t\t\t\t<\/div>\n\t\t\t\t<\/div>\n\t\t\t\t<div class=\"elementor-element elementor-element-04e31a7 elementor-widget elementor-widget-heading\" data-id=\"04e31a7\" data-element_type=\"widget\" data-e-type=\"widget\" data-widget_type=\"heading.default\">\n\t\t\t\t<div class=\"elementor-widget-container\">\n\t\t\t\t\t<p class=\"elementor-heading-title elementor-size-default\">Nos <b>studios plus<\/b>, construits <b>sur deux niveaux<\/b>, sont id\u00e9aux pour les couples ou les petites familles \u00e0 la recherche d'un s\u00e9jour unique. Avec un design qui maximise l'espace gr\u00e2ce \u00e0 la <b>mezzanine<\/b>, ces appartements offrent une atmosph\u00e8re raffin\u00e9e et accueillante. <br><br>Chaque appartement poss\u00e8de une salle de bain priv\u00e9e et une cuisine enti\u00e8rement \u00e9quip\u00e9e, garantissant <b>tous les conforts<\/b> n\u00e9cessaires pour un s\u00e9jour relaxant en Vall\u00e9e d'Aoste.<br><br>Les int\u00e9rieurs, embellis par des <b>meubles en bois inspir\u00e9s de l'artisanat local<\/b>, refl\u00e8tent l'\u00e2me de la r\u00e9gion, cr\u00e9ant une ambiance chaleureuse et authentique, parfaite pour vivre une exp\u00e9rience inoubliable.<\/p>\t\t\t\t<\/div>\n\t\t\t\t<\/div>\n\t\t\t\t<div class=\"elementor-element elementor-element-a020f21 elementor-widget elementor-widget-heading\" data-id=\"a020f21\" data-element_type=\"widget\" data-e-type=\"widget\" data-widget_type=\"heading.default\">\n\t\t\t\t<div class=\"elementor-widget-container\">\n\t\t\t\t\t<h3 class=\"elementor-heading-title elementor-size-default\">Highlights<\/h3>\t\t\t\t<\/div>\n\t\t\t\t<\/div>\n\t\t\t\t<div class=\"elementor-element elementor-element-2facf91 elementor-align-center elementor-icon-list--layout-traditional elementor-list-item-link-full_width elementor-widget elementor-widget-icon-list\" data-id=\"2facf91\" data-element_type=\"widget\" data-e-type=\"widget\" data-widget_type=\"icon-list.default\">\n\t\t\t\t<div class=\"elementor-widget-container\">\n\t\t\t\t\t\t\t<ul class=\"elementor-icon-list-items\">\n\t\t\t\t\t\t\t<li class=\"elementor-icon-list-item\">\n\t\t\t\t\t\t\t\t\t\t\t<span class=\"elementor-icon-list-icon\">\n\t\t\t\t\t\t\t<svg aria-hidden=\"true\" class=\"e-font-icon-svg e-fas-bed\" viewBox=\"0 0 640 512\" xmlns=\"http:\/\/www.w3.org\/2000\/svg\"><path d=\"M176 256c44.11 0 80-35.89 80-80s-35.89-80-80-80-80 35.89-80 80 35.89 80 80 80zm352-128H304c-8.84 0-16 7.16-16 16v144H64V80c0-8.84-7.16-16-16-16H16C7.16 64 0 71.16 0 80v352c0 8.84 7.16 16 16 16h32c8.84 0 16-7.16 16-16v-48h512v48c0 8.84 7.16 16 16 16h32c8.84 0 16-7.16 16-16V240c0-61.86-50.14-112-112-112z\"><\/path><\/svg>\t\t\t\t\t\t<\/span>\n\t\t\t\t\t\t\t\t\t\t<span class=\"elementor-icon-list-text\">Jusqu'\u00e0 4 personnes : un lit double, un lit d'une personne et un canap\u00e9-lit dans le salon<\/span>\n\t\t\t\t\t\t\t\t\t<\/li>\n\t\t\t\t\t\t\t\t<li class=\"elementor-icon-list-item\">\n\t\t\t\t\t\t\t\t\t\t<span class=\"elementor-icon-list-text\"><\/span>\n\t\t\t\t\t\t\t\t\t<\/li>\n\t\t\t\t\t\t<\/ul>\n\t\t\t\t\t\t<\/div>\n\t\t\t\t<\/div>\n\t\t\t\t\t<\/div>\n\t\t<\/div>\n\t\t\t\t<div class=\"elementor-column elementor-col-50 elementor-top-column elementor-element elementor-element-d6ede8e elementor-invisible\" data-id=\"d6ede8e\" data-element_type=\"column\" data-e-type=\"column\" data-settings=\"{&quot;animation&quot;:&quot;fadeInRight&quot;}\">\n\t\t\t<div class=\"elementor-widget-wrap elementor-element-populated\">\n\t\t\t\t\t\t<div class=\"elementor-element elementor-element-e038e35 elementor-arrows-position-inside elementor-widget elementor-widget-image-carousel\" data-id=\"e038e35\" data-element_type=\"widget\" data-e-type=\"widget\" data-settings=\"{&quot;slides_to_show&quot;:&quot;1&quot;,&quot;navigation&quot;:&quot;arrows&quot;,&quot;autoplay&quot;:&quot;yes&quot;,&quot;pause_on_hover&quot;:&quot;yes&quot;,&quot;pause_on_interaction&quot;:&quot;yes&quot;,&quot;autoplay_speed&quot;:5000,&quot;infinite&quot;:&quot;yes&quot;,&quot;effect&quot;:&quot;slide&quot;,&quot;speed&quot;:500}\" data-widget_type=\"image-carousel.default\">\n\t\t\t\t<div class=\"elementor-widget-container\">\n\t\t\t\t\t\t\t<div class=\"elementor-image-carousel-wrapper swiper\" role=\"region\" aria-roledescription=\"carousel\" aria-label=\"Carrousel d\u2019images\" dir=\"ltr\">\n\t\t\t<div class=\"elementor-image-carousel swiper-wrapper\" aria-live=\"off\">\n\t\t\t\t\t\t\t\t<div class=\"swiper-slide\" role=\"group\" aria-roledescription=\"slide\" aria-label=\"1 sur 5\"><a data-elementor-open-lightbox=\"yes\" data-elementor-lightbox-slideshow=\"e038e35\" data-elementor-lightbox-title=\"appartamenti vacanza valle d&#039;aosta 9\" data-elementor-lightbox-description=\"appartamenti vacanza nella valle d&#039;aosta\" data-e-action-hash=\"#elementor-action%3Aaction%3Dlightbox%26settings%3DeyJpZCI6OTIzOSwidXJsIjoiaHR0cHM6XC9cL2FwcGFydGFtZW50aXZhY2FuemV2ZGEuY29tXC93cC1jb250ZW50XC91cGxvYWRzXC8yMDI0XC8wOFwvYXBwYXJ0YW1lbnRpLXZhY2FuemEtdmFsbGUtZGFvc3RhLTkuanBnIiwic2xpZGVzaG93IjoiZTAzOGUzNSJ9\" href=\"https:\/\/appartamentivacanzevda.com\/wp-content\/uploads\/2024\/08\/appartamenti-vacanza-valle-daosta-9.jpg\"><figure class=\"swiper-slide-inner\"><img decoding=\"async\" class=\"swiper-slide-image\" src=\"https:\/\/appartamentivacanzevda.com\/wp-content\/uploads\/2024\/08\/appartamenti-vacanza-valle-daosta-9-1024x683.jpg\" alt=\"appartamenti vacanza nella valle d&#039;aosta\" \/><\/figure><\/a><\/div><div class=\"swiper-slide\" role=\"group\" aria-roledescription=\"slide\" aria-label=\"2 sur 5\"><a data-elementor-open-lightbox=\"yes\" data-elementor-lightbox-slideshow=\"e038e35\" data-elementor-lightbox-title=\"appartamenti vacanza valle d&#039;aosta 10\" data-elementor-lightbox-description=\"appartamenti vacanza nella valle d&#039;aosta\" data-e-action-hash=\"#elementor-action%3Aaction%3Dlightbox%26settings%3DeyJpZCI6OTI0MiwidXJsIjoiaHR0cHM6XC9cL2FwcGFydGFtZW50aXZhY2FuemV2ZGEuY29tXC93cC1jb250ZW50XC91cGxvYWRzXC8yMDI0XC8wOFwvYXBwYXJ0YW1lbnRpLXZhY2FuemEtdmFsbGUtZGFvc3RhLTEwLmpwZyIsInNsaWRlc2hvdyI6ImUwMzhlMzUifQ%3D%3D\" href=\"https:\/\/appartamentivacanzevda.com\/wp-content\/uploads\/2024\/08\/appartamenti-vacanza-valle-daosta-10.jpg\"><figure class=\"swiper-slide-inner\"><img decoding=\"async\" class=\"swiper-slide-image\" src=\"https:\/\/appartamentivacanzevda.com\/wp-content\/uploads\/2024\/08\/appartamenti-vacanza-valle-daosta-10-1024x683.jpg\" alt=\"appartamenti vacanza nella valle d&#039;aosta\" \/><\/figure><\/a><\/div><div class=\"swiper-slide\" role=\"group\" aria-roledescription=\"slide\" aria-label=\"3 sur 5\"><a data-elementor-open-lightbox=\"yes\" data-elementor-lightbox-slideshow=\"e038e35\" data-elementor-lightbox-title=\"appartamenti vacanza nella valle d&#039;aosta 11\" data-elementor-lightbox-description=\"appartamenti vacanza nella valle d&#039;aosta\" data-e-action-hash=\"#elementor-action%3Aaction%3Dlightbox%26settings%3DeyJpZCI6OTI0NSwidXJsIjoiaHR0cHM6XC9cL2FwcGFydGFtZW50aXZhY2FuemV2ZGEuY29tXC93cC1jb250ZW50XC91cGxvYWRzXC8yMDI0XC8wOFwvYXBwYXJ0YW1lbnRpLXZhY2FuemEtbmVsbGEtdmFsbGUtZGFvc3RhLTExLmpwZyIsInNsaWRlc2hvdyI6ImUwMzhlMzUifQ%3D%3D\" href=\"https:\/\/appartamentivacanzevda.com\/wp-content\/uploads\/2024\/08\/appartamenti-vacanza-nella-valle-daosta-11.jpg\"><figure class=\"swiper-slide-inner\"><img decoding=\"async\" class=\"swiper-slide-image\" src=\"https:\/\/appartamentivacanzevda.com\/wp-content\/uploads\/2024\/08\/appartamenti-vacanza-nella-valle-daosta-11-1024x683.jpg\" alt=\"appartamenti vacanza nella valle d&#039;aosta\" \/><\/figure><\/a><\/div><div class=\"swiper-slide\" role=\"group\" aria-roledescription=\"slide\" aria-label=\"4 sur 5\"><a data-elementor-open-lightbox=\"yes\" data-elementor-lightbox-slideshow=\"e038e35\" data-elementor-lightbox-title=\"appartamenti vacanza nella valle d&#039;aosta 12\" data-elementor-lightbox-description=\"appartamenti vacanza nella valle d&#039;aosta\" data-e-action-hash=\"#elementor-action%3Aaction%3Dlightbox%26settings%3DeyJpZCI6OTI0OSwidXJsIjoiaHR0cHM6XC9cL2FwcGFydGFtZW50aXZhY2FuemV2ZGEuY29tXC93cC1jb250ZW50XC91cGxvYWRzXC8yMDI0XC8wOFwvYXBwYXJ0YW1lbnRpLXZhY2FuemEtbmVsbGEtdmFsbGUtZGFvc3RhLTEyLmpwZyIsInNsaWRlc2hvdyI6ImUwMzhlMzUifQ%3D%3D\" href=\"https:\/\/appartamentivacanzevda.com\/wp-content\/uploads\/2024\/08\/appartamenti-vacanza-nella-valle-daosta-12.jpg\"><figure class=\"swiper-slide-inner\"><img decoding=\"async\" class=\"swiper-slide-image\" src=\"https:\/\/appartamentivacanzevda.com\/wp-content\/uploads\/2024\/08\/appartamenti-vacanza-nella-valle-daosta-12-1024x683.jpg\" alt=\"appartamenti vacanza nella valle d&#039;aosta\" \/><\/figure><\/a><\/div><div class=\"swiper-slide\" role=\"group\" aria-roledescription=\"slide\" aria-label=\"5 sur 5\"><a data-elementor-open-lightbox=\"yes\" data-elementor-lightbox-slideshow=\"e038e35\" data-elementor-lightbox-title=\"appartamenti vacanza nella valle d&#039;aosta 13\" data-elementor-lightbox-description=\"appartamenti vacanza nella valle d&#039;aosta\" data-e-action-hash=\"#elementor-action%3Aaction%3Dlightbox%26settings%3DeyJpZCI6OTI1MiwidXJsIjoiaHR0cHM6XC9cL2FwcGFydGFtZW50aXZhY2FuemV2ZGEuY29tXC93cC1jb250ZW50XC91cGxvYWRzXC8yMDI0XC8wOFwvYXBwYXJ0YW1lbnRpLXZhY2FuemEtbmVsbGEtdmFsbGUtZGFvc3RhLTEzLmpwZyIsInNsaWRlc2hvdyI6ImUwMzhlMzUifQ%3D%3D\" href=\"https:\/\/appartamentivacanzevda.com\/wp-content\/uploads\/2024\/08\/appartamenti-vacanza-nella-valle-daosta-13.jpg\"><figure class=\"swiper-slide-inner\"><img decoding=\"async\" class=\"swiper-slide-image\" src=\"https:\/\/appartamentivacanzevda.com\/wp-content\/uploads\/2024\/08\/appartamenti-vacanza-nella-valle-daosta-13-1024x683.jpg\" alt=\"appartamenti vacanza nella valle d&#039;aosta\" \/><\/figure><\/a><\/div>\t\t\t<\/div>\n\t\t\t\t\t\t\t\t\t\t\t\t<div class=\"elementor-swiper-button elementor-swiper-button-prev\" role=\"button\" tabindex=\"0\">\n\t\t\t\t\t\t<svg aria-hidden=\"true\" class=\"e-font-icon-svg e-eicon-chevron-left\" viewBox=\"0 0 1000 1000\" xmlns=\"http:\/\/www.w3.org\/2000\/svg\"><path d=\"M646 125C629 125 613 133 604 142L308 442C296 454 292 471 292 487 292 504 296 521 308 533L604 854C617 867 629 875 646 875 663 875 679 871 692 858 704 846 713 829 713 812 713 796 708 779 692 767L438 487 692 225C700 217 708 204 708 187 708 171 704 154 692 142 675 129 663 125 646 125Z\"><\/path><\/svg>\t\t\t\t\t<\/div>\n\t\t\t\t\t<div class=\"elementor-swiper-button elementor-swiper-button-next\" role=\"button\" tabindex=\"0\">\n\t\t\t\t\t\t<svg aria-hidden=\"true\" class=\"e-font-icon-svg e-eicon-chevron-right\" viewBox=\"0 0 1000 1000\" xmlns=\"http:\/\/www.w3.org\/2000\/svg\"><path d=\"M696 533C708 521 713 504 713 487 713 471 708 454 696 446L400 146C388 133 375 125 354 125 338 125 325 129 313 142 300 154 292 171 292 187 292 204 296 221 308 233L563 492 304 771C292 783 288 800 288 817 288 833 296 850 308 863 321 871 338 875 354 875 371 875 388 867 400 854L696 533Z\"><\/path><\/svg>\t\t\t\t\t<\/div>\n\t\t\t\t\n\t\t\t\t\t\t\t\t\t<\/div>\n\t\t\t\t\t\t<\/div>\n\t\t\t\t<\/div>\n\t\t\t\t\t<\/div>\n\t\t<\/div>\n\t\t\t\t\t<\/div>\n\t\t<\/section>\n\t\t\t\t<section class=\"elementor-section elementor-top-section elementor-element elementor-element-e03493f elementor-section-stretched elementor-section-content-middle elementor-section-full_width elementor-reverse-tablet elementor-reverse-mobile elementor-section-height-default elementor-section-height-default\" data-id=\"e03493f\" data-element_type=\"section\" data-e-type=\"section\" data-settings=\"{&quot;stretch_section&quot;:&quot;section-stretched&quot;,&quot;background_background&quot;:&quot;classic&quot;}\">\n\t\t\t\t\t\t\t<div class=\"elementor-background-overlay\"><\/div>\n\t\t\t\t\t\t\t<div class=\"elementor-container elementor-column-gap-default\">\n\t\t\t\t\t<div class=\"elementor-column elementor-col-50 elementor-top-column elementor-element elementor-element-3f76106 elementor-invisible\" data-id=\"3f76106\" data-element_type=\"column\" data-e-type=\"column\" data-settings=\"{&quot;animation&quot;:&quot;fadeInLeft&quot;}\">\n\t\t\t<div class=\"elementor-widget-wrap elementor-element-populated\">\n\t\t\t\t\t\t<div class=\"elementor-element elementor-element-fae6c56 elementor-widget elementor-widget-image\" data-id=\"fae6c56\" data-element_type=\"widget\" data-e-type=\"widget\" data-widget_type=\"image.default\">\n\t\t\t\t<div class=\"elementor-widget-container\">\n\t\t\t\t\t\t\t\t\t\t\t\t\t\t\t<img decoding=\"async\" src=\"https:\/\/appartamentivacanzevda.com\/wp-content\/uploads\/elementor\/thumbs\/appartamenti-vacanza-nella-valle-daosta-12-qrz0edaa8rzfi3j3to3rgi3fgpl15suq881ukj13k0.jpg\" title=\"appartamenti vacanza nella valle d&rsquo;aosta 12\" alt=\"appartamenti vacanza nella valle d&#039;aosta\" loading=\"lazy\" \/>\t\t\t\t\t\t\t\t\t\t\t\t\t\t\t<\/div>\n\t\t\t\t<\/div>\n\t\t\t\t\t<\/div>\n\t\t<\/div>\n\t\t\t\t<div class=\"elementor-column elementor-col-50 elementor-top-column elementor-element elementor-element-3ffa028 elementor-invisible\" data-id=\"3ffa028\" data-element_type=\"column\" data-e-type=\"column\" data-settings=\"{&quot;animation&quot;:&quot;fadeInRight&quot;}\">\n\t\t\t<div class=\"elementor-widget-wrap elementor-element-populated\">\n\t\t\t\t\t\t<div class=\"elementor-element elementor-element-b675de8 elementor-widget elementor-widget-heading\" data-id=\"b675de8\" data-element_type=\"widget\" data-e-type=\"widget\" data-widget_type=\"heading.default\">\n\t\t\t\t<div class=\"elementor-widget-container\">\n\t\t\t\t\t<h1 class=\"elementor-heading-title elementor-size-default\">3 RAISONS<\/h1>\t\t\t\t<\/div>\n\t\t\t\t<\/div>\n\t\t\t\t<div class=\"elementor-element elementor-element-0464091 elementor-widget elementor-widget-heading\" data-id=\"0464091\" data-element_type=\"widget\" data-e-type=\"widget\" data-widget_type=\"heading.default\">\n\t\t\t\t<div class=\"elementor-widget-container\">\n\t\t\t\t\t<h1 class=\"elementor-heading-title elementor-size-default\">De r\u00e9server<\/h1>\t\t\t\t<\/div>\n\t\t\t\t<\/div>\n\t\t\t\t<div class=\"elementor-element elementor-element-4dd5b9f elementor-widget elementor-widget-heading\" data-id=\"4dd5b9f\" data-element_type=\"widget\" data-e-type=\"widget\" data-widget_type=\"heading.default\">\n\t\t\t\t<div class=\"elementor-widget-container\">\n\t\t\t\t\t<p class=\"elementor-heading-title elementor-size-default\">R\u00e9servez sur notre site internet et d\u00e9couvrez 3 raisons de le faire maintenant...<\/p>\t\t\t\t<\/div>\n\t\t\t\t<\/div>\n\t\t\t\t<div class=\"elementor-element elementor-element-0ad3f40 e-n-tabs-mobile elementor-widget elementor-widget-n-tabs\" data-id=\"0ad3f40\" data-element_type=\"widget\" data-e-type=\"widget\" data-settings=\"{&quot;horizontal_scroll&quot;:&quot;disable&quot;}\" data-widget_type=\"nested-tabs.default\">\n\t\t\t\t<div class=\"elementor-widget-container\">\n\t\t\t\t\t\t\t<div class=\"e-n-tabs\" data-widget-number=\"11353920\" aria-label=\"Onglets. Ouvrez des \u00e9l\u00e9ments avec Entrer ou Espace, fermez-les avec Echape et naviguez \u00e0 l&#039;aide des touches fl\u00e9ch\u00e9es.\">\n\t\t\t<div class=\"e-n-tabs-heading\" role=\"tablist\">\n\t\t\t\t\t<button id=\"e-n-tab-title-113539201\" data-tab-title-id=\"e-n-tab-title-113539201\" class=\"e-n-tab-title\" aria-selected=\"true\" data-tab-index=\"1\" role=\"tab\" tabindex=\"0\" aria-controls=\"e-n-tab-content-113539201\" style=\"--n-tabs-title-order: 1;\">\n\t\t\t\t\t\t<span class=\"e-n-tab-title-text\">\n\t\t\t\tMeilleur tarif\t\t\t<\/span>\n\t\t<\/button>\n\t\t\t\t<button id=\"e-n-tab-title-113539202\" data-tab-title-id=\"e-n-tab-title-113539202\" class=\"e-n-tab-title\" aria-selected=\"false\" data-tab-index=\"2\" role=\"tab\" tabindex=\"-1\" aria-controls=\"e-n-tab-content-113539202\" style=\"--n-tabs-title-order: 2;\">\n\t\t\t\t\t\t<span class=\"e-n-tab-title-text\">\n\t\t\t\tContact direct\t\t\t<\/span>\n\t\t<\/button>\n\t\t\t\t<button id=\"e-n-tab-title-113539203\" data-tab-title-id=\"e-n-tab-title-113539203\" class=\"e-n-tab-title\" aria-selected=\"false\" data-tab-index=\"3\" role=\"tab\" tabindex=\"-1\" aria-controls=\"e-n-tab-content-113539203\" style=\"--n-tabs-title-order: 3;\">\n\t\t\t\t\t\t<span class=\"e-n-tab-title-text\">\n\t\t\t\tOffres sp\u00e9ciales\t\t\t<\/span>\n\t\t<\/button>\n\t\t\t\t\t<\/div>\n\t\t\t<div class=\"e-n-tabs-content\">\n\t\t\t\t<div id=\"e-n-tab-content-113539201\" role=\"tabpanel\" aria-labelledby=\"e-n-tab-title-113539201\" data-tab-index=\"1\" style=\"--n-tabs-title-order: 1;\" class=\"e-active elementor-element elementor-element-f315439 e-con-full e-flex e-con e-child\" data-id=\"f315439\" data-element_type=\"container\" data-e-type=\"container\">\n\t\t\t\t<div class=\"elementor-element elementor-element-1c0c09c elementor-widget elementor-widget-heading\" data-id=\"1c0c09c\" data-element_type=\"widget\" data-e-type=\"widget\" data-widget_type=\"heading.default\">\n\t\t\t\t<div class=\"elementor-widget-container\">\n\t\t\t\t\t<p class=\"elementor-heading-title elementor-size-default\">En r\u00e9servant sur notre site internet, vous b\u00e9n\u00e9ficierez des meilleurs tarifs et conditions de vente<\/p>\t\t\t\t<\/div>\n\t\t\t\t<\/div>\n\t\t\t\t<\/div>\n\t\t<div id=\"e-n-tab-content-113539202\" role=\"tabpanel\" aria-labelledby=\"e-n-tab-title-113539202\" data-tab-index=\"2\" style=\"--n-tabs-title-order: 2;\" class=\" elementor-element elementor-element-a50cfe9 e-con-full e-flex e-con e-child\" data-id=\"a50cfe9\" data-element_type=\"container\" data-e-type=\"container\">\n\t\t\t\t<div class=\"elementor-element elementor-element-9db4484 elementor-widget elementor-widget-heading\" data-id=\"9db4484\" data-element_type=\"widget\" data-e-type=\"widget\" data-widget_type=\"heading.default\">\n\t\t\t\t<div class=\"elementor-widget-container\">\n\t\t\t\t\t<p class=\"elementor-heading-title elementor-size-default\">En nous contactant directement votre r\u00e9servation sera g\u00e9r\u00e9e par nous, sans aucun interm\u00e9diaire<\/p>\t\t\t\t<\/div>\n\t\t\t\t<\/div>\n\t\t\t\t<\/div>\n\t\t<div id=\"e-n-tab-content-113539203\" role=\"tabpanel\" aria-labelledby=\"e-n-tab-title-113539203\" data-tab-index=\"3\" style=\"--n-tabs-title-order: 3;\" class=\" elementor-element elementor-element-5cec6ac e-con-full e-flex e-con e-child\" data-id=\"5cec6ac\" data-element_type=\"container\" data-e-type=\"container\">\n\t\t\t\t<div class=\"elementor-element elementor-element-c37ea20 elementor-widget elementor-widget-heading\" data-id=\"c37ea20\" data-element_type=\"widget\" data-e-type=\"widget\" data-widget_type=\"heading.default\">\n\t\t\t\t<div class=\"elementor-widget-container\">\n\t\t\t\t\t<p class=\"elementor-heading-title elementor-size-default\">Seulement sur notre site internet, vous trouverez des offres sp\u00e9ciales et des forfaits de s\u00e9jour d\u00e9di\u00e9s<\/p>\t\t\t\t<\/div>\n\t\t\t\t<\/div>\n\t\t\t\t<\/div>\n\t\t\t\t\t<\/div>\n\t\t<\/div>\n\t\t\t\t\t\t<\/div>\n\t\t\t\t<\/div>\n\t\t\t\t\t<\/div>\n\t\t<\/div>\n\t\t\t\t\t<\/div>\n\t\t<\/section>\n\t\t\t\t<section class=\"elementor-section elementor-top-section elementor-element elementor-element-c54bfb7 elementor-section-stretched elementor-section-boxed elementor-section-height-default elementor-section-height-default\" data-id=\"c54bfb7\" data-element_type=\"section\" data-e-type=\"section\" data-settings=\"{&quot;stretch_section&quot;:&quot;section-stretched&quot;,&quot;background_background&quot;:&quot;classic&quot;}\">\n\t\t\t\t\t\t\t<div class=\"elementor-background-overlay\"><\/div>\n\t\t\t\t\t\t\t<div class=\"elementor-container elementor-column-gap-default\">\n\t\t\t\t\t<div class=\"elementor-column elementor-col-100 elementor-top-column elementor-element elementor-element-4ec3947\" data-id=\"4ec3947\" data-element_type=\"column\" data-e-type=\"column\">\n\t\t\t<div class=\"elementor-widget-wrap elementor-element-populated\">\n\t\t\t\t\t\t<section class=\"elementor-section elementor-inner-section elementor-element elementor-element-92520a3 elementor-section-boxed elementor-section-height-default elementor-section-height-default\" data-id=\"92520a3\" data-element_type=\"section\" data-e-type=\"section\">\n\t\t\t\t\t\t<div class=\"elementor-container elementor-column-gap-default\">\n\t\t\t\t\t<div class=\"elementor-column elementor-col-100 elementor-inner-column elementor-element elementor-element-2affbfe\" data-id=\"2affbfe\" data-element_type=\"column\" data-e-type=\"column\">\n\t\t\t<div class=\"elementor-widget-wrap elementor-element-populated\">\n\t\t\t\t\t\t<div class=\"elementor-element elementor-element-7053519 elementor-widget elementor-widget-heading\" data-id=\"7053519\" data-element_type=\"widget\" data-e-type=\"widget\" data-widget_type=\"heading.default\">\n\t\t\t\t<div class=\"elementor-widget-container\">\n\t\t\t\t\t<h1 class=\"elementor-heading-title elementor-size-default\">QU'ATTENDEZ-VOUS ?<\/h1>\t\t\t\t<\/div>\n\t\t\t\t<\/div>\n\t\t\t\t<div class=\"elementor-element elementor-element-daf1d30 elementor-widget elementor-widget-heading\" data-id=\"daf1d30\" data-element_type=\"widget\" data-e-type=\"widget\" data-widget_type=\"heading.default\">\n\t\t\t\t<div class=\"elementor-widget-container\">\n\t\t\t\t\t<h1 class=\"elementor-heading-title elementor-size-default\">R\u00e9servez maintenant !<\/h1>\t\t\t\t<\/div>\n\t\t\t\t<\/div>\n\t\t\t\t\t<\/div>\n\t\t<\/div>\n\t\t\t\t\t<\/div>\n\t\t<\/section>\n\t\t\t\t<section class=\"elementor-section elementor-inner-section elementor-element elementor-element-a162f81 elementor-section-full_width elementor-section-height-default elementor-section-height-default\" data-id=\"a162f81\" data-element_type=\"section\" data-e-type=\"section\">\n\t\t\t\t\t\t<div class=\"elementor-container elementor-column-gap-default\">\n\t\t\t\t\t<div class=\"elementor-column elementor-col-33 elementor-inner-column elementor-element elementor-element-b7d78b9\" data-id=\"b7d78b9\" data-element_type=\"column\" data-e-type=\"column\">\n\t\t\t<div class=\"elementor-widget-wrap elementor-element-populated\">\n\t\t\t\t\t\t<div class=\"elementor-element elementor-element-9cbac51 elementor-widget elementor-widget-image\" data-id=\"9cbac51\" data-element_type=\"widget\" data-e-type=\"widget\" data-widget_type=\"image.default\">\n\t\t\t\t<div class=\"elementor-widget-container\">\n\t\t\t\t\t\t\t\t\t\t\t\t\t\t\t\t<a href=\"tel:3475202558\">\n\t\t\t\t\t\t\t<img decoding=\"async\" width=\"128\" height=\"128\" src=\"https:\/\/appartamentivacanzevda.com\/wp-content\/uploads\/2024\/07\/appartamenti-vacanze-valledaosta.png\" class=\"attachment-large size-large wp-image-8911\" alt=\"appartamenti vacanze valle d&#039;aosta\" \/>\t\t\t\t\t\t\t\t<\/a>\n\t\t\t\t\t\t\t\t\t\t\t\t\t\t\t<\/div>\n\t\t\t\t<\/div>\n\t\t\t\t<div class=\"elementor-element elementor-element-1716647 elementor-widget elementor-widget-heading\" data-id=\"1716647\" data-element_type=\"widget\" data-e-type=\"widget\" data-widget_type=\"heading.default\">\n\t\t\t\t<div class=\"elementor-widget-container\">\n\t\t\t\t\t<h2 class=\"elementor-heading-title elementor-size-default\">Appelez-nous<\/h2>\t\t\t\t<\/div>\n\t\t\t\t<\/div>\n\t\t\t\t\t<\/div>\n\t\t<\/div>\n\t\t\t\t<div class=\"elementor-column elementor-col-33 elementor-inner-column elementor-element elementor-element-3c8ac56\" data-id=\"3c8ac56\" data-element_type=\"column\" data-e-type=\"column\">\n\t\t\t<div class=\"elementor-widget-wrap elementor-element-populated\">\n\t\t\t\t\t\t<div class=\"elementor-element elementor-element-b4bd073 elementor-widget elementor-widget-image\" data-id=\"b4bd073\" data-element_type=\"widget\" data-e-type=\"widget\" data-widget_type=\"image.default\">\n\t\t\t\t<div class=\"elementor-widget-container\">\n\t\t\t\t\t\t\t\t\t\t\t\t\t\t\t\t<a href=\"https:\/\/dacien.beddy.io\/?lang=fr\">\n\t\t\t\t\t\t\t<img decoding=\"async\" width=\"128\" height=\"128\" src=\"https:\/\/appartamentivacanzevda.com\/wp-content\/uploads\/2024\/07\/appartamenti-vacanze-valle-daosta-1.png\" class=\"attachment-large size-large wp-image-8914\" alt=\"appartamenti vacanze valle d&#039;aosta\" \/>\t\t\t\t\t\t\t\t<\/a>\n\t\t\t\t\t\t\t\t\t\t\t\t\t\t\t<\/div>\n\t\t\t\t<\/div>\n\t\t\t\t<div class=\"elementor-element elementor-element-08816d0 elementor-widget elementor-widget-heading\" data-id=\"08816d0\" data-element_type=\"widget\" data-e-type=\"widget\" data-widget_type=\"heading.default\">\n\t\t\t\t<div class=\"elementor-widget-container\">\n\t\t\t\t\t<h2 class=\"elementor-heading-title elementor-size-default\">V\u00e9rifiez la disponibilit\u00e9<\/h2>\t\t\t\t<\/div>\n\t\t\t\t<\/div>\n\t\t\t\t\t<\/div>\n\t\t<\/div>\n\t\t\t\t<div class=\"elementor-column elementor-col-33 elementor-inner-column elementor-element elementor-element-583849c\" data-id=\"583849c\" data-element_type=\"column\" data-e-type=\"column\">\n\t\t\t<div class=\"elementor-widget-wrap elementor-element-populated\">\n\t\t\t\t\t\t<div class=\"elementor-element elementor-element-b629b3c elementor-widget elementor-widget-image\" data-id=\"b629b3c\" data-element_type=\"widget\" data-e-type=\"widget\" data-widget_type=\"image.default\">\n\t\t\t\t<div class=\"elementor-widget-container\">\n\t\t\t\t\t\t\t\t\t\t\t\t\t\t\t\t<a href=\"mailto:welcome@appartamentivacanzevda.com\">\n\t\t\t\t\t\t\t<img decoding=\"async\" width=\"128\" height=\"128\" src=\"https:\/\/appartamentivacanzevda.com\/wp-content\/uploads\/2024\/07\/appartamenti-vacanze-valle-d-aosta.png\" class=\"attachment-large size-large wp-image-8917\" alt=\"appartamenti vacanze valle d&#039;aosta\" \/>\t\t\t\t\t\t\t\t<\/a>\n\t\t\t\t\t\t\t\t\t\t\t\t\t\t\t<\/div>\n\t\t\t\t<\/div>\n\t\t\t\t<div class=\"elementor-element elementor-element-1cb631e elementor-widget elementor-widget-heading\" data-id=\"1cb631e\" data-element_type=\"widget\" data-e-type=\"widget\" data-widget_type=\"heading.default\">\n\t\t\t\t<div class=\"elementor-widget-container\">\n\t\t\t\t\t<h2 class=\"elementor-heading-title elementor-size-default\">\u00c9crivez-nous<\/h2>\t\t\t\t<\/div>\n\t\t\t\t<\/div>\n\t\t\t\t\t<\/div>\n\t\t<\/div>\n\t\t\t\t\t<\/div>\n\t\t<\/section>\n\t\t\t\t\t<\/div>\n\t\t<\/div>\n\t\t\t\t\t<\/div>\n\t\t<\/section>\n\t\t\t\t<\/div>\n\t\t","protected":false},"excerpt":{"rendered":"<p>STUDIOS Plus DESCRIPTION Nos studios plus, construits sur deux niveaux, sont id\u00e9aux pour les couples ou les petites familles \u00e0 la recherche d&rsquo;un s\u00e9jour unique. Avec un design qui maximise l&rsquo;espace gr\u00e2ce \u00e0 la mezzanine, ces appartements offrent une atmosph\u00e8re raffin\u00e9e et accueillante. Chaque appartement poss\u00e8de une salle de bain priv\u00e9e et une cuisine enti\u00e8rement [&hellip;]<\/p>\n","protected":false},"author":1,"featured_media":0,"parent":9968,"menu_order":0,"comment_status":"closed","ping_status":"closed","template":"","meta":{"footnotes":""},"class_list":["post-9974","page","type-page","status-publish","hentry"],"yoast_head":"<!-- This site is optimized with the Yoast SEO plugin v27.5 - https:\/\/yoast.com\/product\/yoast-seo-wordpress\/ -->\n<title>Studios plus - Appartamenti vacanza Valle d&#039;Aosta - Da Cien Appartamenti Vacanza Valle d&#039;Aosta<\/title>\n<meta name=\"robots\" content=\"index, follow, max-snippet:-1, max-image-preview:large, max-video-preview:-1\" \/>\n<link rel=\"canonical\" href=\"https:\/\/appartamentivacanzevda.com\/appartamenti-vacanza\/monolocali-plus-vacanze-valledaosta\/\" \/>\n<meta property=\"og:locale\" content=\"fr_FR\" \/>\n<meta property=\"og:type\" content=\"article\" \/>\n<meta property=\"og:title\" content=\"Studios plus - Appartamenti vacanza Valle d&#039;Aosta - Da Cien Appartamenti Vacanza Valle d&#039;Aosta\" \/>\n<meta property=\"og:description\" content=\"STUDIOS Plus DESCRIPTION Nos studios plus, construits sur deux niveaux, sont id\u00e9aux pour les couples ou les petites familles \u00e0 la recherche d&rsquo;un s\u00e9jour unique. Avec un design qui maximise l&rsquo;espace gr\u00e2ce \u00e0 la mezzanine, ces appartements offrent une atmosph\u00e8re raffin\u00e9e et accueillante. Chaque appartement poss\u00e8de une salle de bain priv\u00e9e et une cuisine enti\u00e8rement [&hellip;]\" \/>\n<meta property=\"og:url\" content=\"https:\/\/appartamentivacanzevda.com\/appartamenti-vacanza\/monolocali-plus-vacanze-valledaosta\/\" \/>\n<meta property=\"og:site_name\" content=\"Appartamenti vacanza Valle d&#039;Aosta - Da Cien Appartamenti Vacanza Valle d&#039;Aosta\" \/>\n<meta property=\"article:modified_time\" content=\"2024-10-28T15:57:05+00:00\" \/>\n<meta property=\"og:image\" content=\"https:\/\/appartamentivacanzevda.com\/wp-content\/uploads\/2024\/08\/appartamenti-vacanza-valle-daosta-9-1024x683.jpg\" \/>\n<meta name=\"twitter:card\" content=\"summary_large_image\" \/>\n<meta name=\"twitter:label1\" content=\"Dur\u00e9e de lecture estim\u00e9e\" \/>\n\t<meta name=\"twitter:data1\" content=\"4 minutes\" \/>\n<script type=\"application\/ld+json\" class=\"yoast-schema-graph\">{\"@context\":\"https:\\\/\\\/schema.org\",\"@graph\":[{\"@type\":\"WebPage\",\"@id\":\"https:\\\/\\\/appartamentivacanzevda.com\\\/appartamenti-vacanza\\\/monolocali-plus-vacanze-valledaosta\\\/\",\"url\":\"https:\\\/\\\/appartamentivacanzevda.com\\\/appartamenti-vacanza\\\/monolocali-plus-vacanze-valledaosta\\\/\",\"name\":\"Studios plus - Appartamenti vacanza Valle d&#039;Aosta - Da Cien Appartamenti Vacanza Valle d&#039;Aosta\",\"isPartOf\":{\"@id\":\"https:\\\/\\\/appartamentivacanzevda.com\\\/#website\"},\"primaryImageOfPage\":{\"@id\":\"https:\\\/\\\/appartamentivacanzevda.com\\\/appartamenti-vacanza\\\/monolocali-plus-vacanze-valledaosta\\\/#primaryimage\"},\"image\":{\"@id\":\"https:\\\/\\\/appartamentivacanzevda.com\\\/appartamenti-vacanza\\\/monolocali-plus-vacanze-valledaosta\\\/#primaryimage\"},\"thumbnailUrl\":\"https:\\\/\\\/appartamentivacanzevda.com\\\/wp-content\\\/uploads\\\/2024\\\/08\\\/appartamenti-vacanza-valle-daosta-9-1024x683.jpg\",\"datePublished\":\"2024-08-01T10:22:50+00:00\",\"dateModified\":\"2024-10-28T15:57:05+00:00\",\"breadcrumb\":{\"@id\":\"https:\\\/\\\/appartamentivacanzevda.com\\\/appartamenti-vacanza\\\/monolocali-plus-vacanze-valledaosta\\\/#breadcrumb\"},\"inLanguage\":\"fr-FR\",\"potentialAction\":[{\"@type\":\"ReadAction\",\"target\":[\"https:\\\/\\\/appartamentivacanzevda.com\\\/appartamenti-vacanza\\\/monolocali-plus-vacanze-valledaosta\\\/\"]}]},{\"@type\":\"ImageObject\",\"inLanguage\":\"fr-FR\",\"@id\":\"https:\\\/\\\/appartamentivacanzevda.com\\\/appartamenti-vacanza\\\/monolocali-plus-vacanze-valledaosta\\\/#primaryimage\",\"url\":\"https:\\\/\\\/appartamentivacanzevda.com\\\/wp-content\\\/uploads\\\/2024\\\/08\\\/appartamenti-vacanza-valle-daosta-9-1024x683.jpg\",\"contentUrl\":\"https:\\\/\\\/appartamentivacanzevda.com\\\/wp-content\\\/uploads\\\/2024\\\/08\\\/appartamenti-vacanza-valle-daosta-9-1024x683.jpg\"},{\"@type\":\"BreadcrumbList\",\"@id\":\"https:\\\/\\\/appartamentivacanzevda.com\\\/appartamenti-vacanza\\\/monolocali-plus-vacanze-valledaosta\\\/#breadcrumb\",\"itemListElement\":[{\"@type\":\"ListItem\",\"position\":1,\"name\":\"Accueil\",\"item\":\"https:\\\/\\\/appartamentivacanzevda.com\\\/\"},{\"@type\":\"ListItem\",\"position\":2,\"name\":\"Appartements de vacances\",\"item\":\"https:\\\/\\\/appartamentivacanzevda.com\\\/appartamenti-vacanza\\\/\"},{\"@type\":\"ListItem\",\"position\":3,\"name\":\"Studios plus\"}]},{\"@type\":\"WebSite\",\"@id\":\"https:\\\/\\\/appartamentivacanzevda.com\\\/#website\",\"url\":\"https:\\\/\\\/appartamentivacanzevda.com\\\/\",\"name\":\"Appartamenti vacanza Valle d&#039;Aosta - Da Cien Appartamenti Vacanza Valle d&#039;Aosta\",\"description\":\"Appartamenti vacanza Valle d&#039;Aosta - Da Cien Appartamenti Vacanza Valle d&#039;Aosta\",\"potentialAction\":[{\"@type\":\"SearchAction\",\"target\":{\"@type\":\"EntryPoint\",\"urlTemplate\":\"https:\\\/\\\/appartamentivacanzevda.com\\\/?s={search_term_string}\"},\"query-input\":{\"@type\":\"PropertyValueSpecification\",\"valueRequired\":true,\"valueName\":\"search_term_string\"}}],\"inLanguage\":\"fr-FR\"}]}<\/script>\n<!-- \/ Yoast SEO plugin. -->","yoast_head_json":{"title":"Studios plus - Appartamenti vacanza Valle d&#039;Aosta - Da Cien Appartamenti Vacanza Valle d&#039;Aosta","robots":{"index":"index","follow":"follow","max-snippet":"max-snippet:-1","max-image-preview":"max-image-preview:large","max-video-preview":"max-video-preview:-1"},"canonical":"https:\/\/appartamentivacanzevda.com\/appartamenti-vacanza\/monolocali-plus-vacanze-valledaosta\/","og_locale":"fr_FR","og_type":"article","og_title":"Studios plus - Appartamenti vacanza Valle d&#039;Aosta - Da Cien Appartamenti Vacanza Valle d&#039;Aosta","og_description":"STUDIOS Plus DESCRIPTION Nos studios plus, construits sur deux niveaux, sont id\u00e9aux pour les couples ou les petites familles \u00e0 la recherche d&rsquo;un s\u00e9jour unique. Avec un design qui maximise l&rsquo;espace gr\u00e2ce \u00e0 la mezzanine, ces appartements offrent une atmosph\u00e8re raffin\u00e9e et accueillante. Chaque appartement poss\u00e8de une salle de bain priv\u00e9e et une cuisine enti\u00e8rement [&hellip;]","og_url":"https:\/\/appartamentivacanzevda.com\/appartamenti-vacanza\/monolocali-plus-vacanze-valledaosta\/","og_site_name":"Appartamenti vacanza Valle d&#039;Aosta - Da Cien Appartamenti Vacanza Valle d&#039;Aosta","article_modified_time":"2024-10-28T15:57:05+00:00","og_image":[{"url":"https:\/\/appartamentivacanzevda.com\/wp-content\/uploads\/2024\/08\/appartamenti-vacanza-valle-daosta-9-1024x683.jpg","type":"","width":"","height":""}],"twitter_card":"summary_large_image","twitter_misc":{"Dur\u00e9e de lecture estim\u00e9e":"4 minutes"},"schema":{"@context":"https:\/\/schema.org","@graph":[{"@type":"WebPage","@id":"https:\/\/appartamentivacanzevda.com\/appartamenti-vacanza\/monolocali-plus-vacanze-valledaosta\/","url":"https:\/\/appartamentivacanzevda.com\/appartamenti-vacanza\/monolocali-plus-vacanze-valledaosta\/","name":"Studios plus - Appartamenti vacanza Valle d&#039;Aosta - Da Cien Appartamenti Vacanza Valle d&#039;Aosta","isPartOf":{"@id":"https:\/\/appartamentivacanzevda.com\/#website"},"primaryImageOfPage":{"@id":"https:\/\/appartamentivacanzevda.com\/appartamenti-vacanza\/monolocali-plus-vacanze-valledaosta\/#primaryimage"},"image":{"@id":"https:\/\/appartamentivacanzevda.com\/appartamenti-vacanza\/monolocali-plus-vacanze-valledaosta\/#primaryimage"},"thumbnailUrl":"https:\/\/appartamentivacanzevda.com\/wp-content\/uploads\/2024\/08\/appartamenti-vacanza-valle-daosta-9-1024x683.jpg","datePublished":"2024-08-01T10:22:50+00:00","dateModified":"2024-10-28T15:57:05+00:00","breadcrumb":{"@id":"https:\/\/appartamentivacanzevda.com\/appartamenti-vacanza\/monolocali-plus-vacanze-valledaosta\/#breadcrumb"},"inLanguage":"fr-FR","potentialAction":[{"@type":"ReadAction","target":["https:\/\/appartamentivacanzevda.com\/appartamenti-vacanza\/monolocali-plus-vacanze-valledaosta\/"]}]},{"@type":"ImageObject","inLanguage":"fr-FR","@id":"https:\/\/appartamentivacanzevda.com\/appartamenti-vacanza\/monolocali-plus-vacanze-valledaosta\/#primaryimage","url":"https:\/\/appartamentivacanzevda.com\/wp-content\/uploads\/2024\/08\/appartamenti-vacanza-valle-daosta-9-1024x683.jpg","contentUrl":"https:\/\/appartamentivacanzevda.com\/wp-content\/uploads\/2024\/08\/appartamenti-vacanza-valle-daosta-9-1024x683.jpg"},{"@type":"BreadcrumbList","@id":"https:\/\/appartamentivacanzevda.com\/appartamenti-vacanza\/monolocali-plus-vacanze-valledaosta\/#breadcrumb","itemListElement":[{"@type":"ListItem","position":1,"name":"Accueil","item":"https:\/\/appartamentivacanzevda.com\/"},{"@type":"ListItem","position":2,"name":"Appartements de vacances","item":"https:\/\/appartamentivacanzevda.com\/appartamenti-vacanza\/"},{"@type":"ListItem","position":3,"name":"Studios plus"}]},{"@type":"WebSite","@id":"https:\/\/appartamentivacanzevda.com\/#website","url":"https:\/\/appartamentivacanzevda.com\/","name":"Appartamenti vacanza Valle d&#039;Aosta - Da Cien Appartamenti Vacanza Valle d&#039;Aosta","description":"Appartamenti vacanza Valle d&#039;Aosta - Da Cien Appartamenti Vacanza Valle d&#039;Aosta","potentialAction":[{"@type":"SearchAction","target":{"@type":"EntryPoint","urlTemplate":"https:\/\/appartamentivacanzevda.com\/?s={search_term_string}"},"query-input":{"@type":"PropertyValueSpecification","valueRequired":true,"valueName":"search_term_string"}}],"inLanguage":"fr-FR"}]}},"_links":{"self":[{"href":"https:\/\/appartamentivacanzevda.com\/fr\/wp-json\/wp\/v2\/pages\/9974","targetHints":{"allow":["GET"]}}],"collection":[{"href":"https:\/\/appartamentivacanzevda.com\/fr\/wp-json\/wp\/v2\/pages"}],"about":[{"href":"https:\/\/appartamentivacanzevda.com\/fr\/wp-json\/wp\/v2\/types\/page"}],"author":[{"embeddable":true,"href":"https:\/\/appartamentivacanzevda.com\/fr\/wp-json\/wp\/v2\/users\/1"}],"replies":[{"embeddable":true,"href":"https:\/\/appartamentivacanzevda.com\/fr\/wp-json\/wp\/v2\/comments?post=9974"}],"version-history":[{"count":7,"href":"https:\/\/appartamentivacanzevda.com\/fr\/wp-json\/wp\/v2\/pages\/9974\/revisions"}],"predecessor-version":[{"id":10157,"href":"https:\/\/appartamentivacanzevda.com\/fr\/wp-json\/wp\/v2\/pages\/9974\/revisions\/10157"}],"up":[{"embeddable":true,"href":"https:\/\/appartamentivacanzevda.com\/fr\/wp-json\/wp\/v2\/pages\/9968"}],"wp:attachment":[{"href":"https:\/\/appartamentivacanzevda.com\/fr\/wp-json\/wp\/v2\/media?parent=9974"}],"curies":[{"name":"wp","href":"https:\/\/api.w.org\/{rel}","templated":true}]}}